{"id":642196,"date":"2026-04-20T12:02:22","date_gmt":"2026-04-20T10:02:22","guid":{"rendered":"https:\/\/behr.sk\/citroen\/dunajska-streda\/produkt\/citroen-c5-aircross-plus-hybrid-145k-e-dct6-2\/"},"modified":"2026-04-20T12:02:23","modified_gmt":"2026-04-20T10:02:23","slug":"citroen-c5-aircross-plus-hybrid-145k-e-dct6-2","status":"publish","type":"product","link":"https:\/\/behr.sk\/citroen\/dunajska-streda\/produkt\/citroen-c5-aircross-plus-hybrid-145k-e-dct6-2\/","title":{"rendered":"Citro\u00ebn C5 Aircross PLUS Hybrid 145k \u00eb-DCT6"},"content":{"rendered":"<p>Bluetooth handsfree, Centr\u00e1lne zamykanie, Deaktiv\u00e1cia airbagov, Elektrick\u00e9 okn\u00e1, Parkovacie senzory, Hmlovky, Naviga\u010dn\u00fd syst\u00e9m, Palubn\u00fd po\u010d\u00edta\u010d, Parkovacia kamera, Posil\u0148ova\u010d riadenia, Da\u017e\u010fov\u00fd senzor, Stop&amp;start syst\u00e9m, Tempomat, Vyhrievan\u00fd volant, Isofix, Bezdr\u00f4tov\u00e9 nab\u00edjanie pre smartphony, Asistent jazdn\u00fdch pruhov, Asistent rozjazdu do kopca, Android Auto, 360\u00b0 kamera, Apple CarPlay, Ambientn\u00e9 osvetlenie, Virtu\u00e1lny kokpit, Autor\u00e1dio, Klimatiz\u00e1cia, Vyhrievan\u00e9 seda\u010dky, Airbagy, Airbagy &#8211; po\u010det<\/p>\n","protected":false},"excerpt":{"rendered":"<p>Bluetooth handsfree, Centr\u00e1lne zamykanie, Deaktiv\u00e1cia airbagov, Elektrick\u00e9 okn\u00e1, Parkovacie senzory, Hmlovky, Naviga\u010dn\u00fd syst\u00e9m, Palubn\u00fd po\u010d\u00edta\u010d, Parkovacia kamera, Posil\u0148ova\u010d riadenia, Da\u017e\u010fov\u00fd senzor, Stop&amp;start syst\u00e9m, Tempomat, Vyhrievan\u00fd volant, Isofix, Bezdr\u00f4tov\u00e9 nab\u00edjanie pre smartphony, Asistent jazdn\u00fdch pruhov, Asistent rozjazdu do kopca, Android Auto, 360\u00b0 kamera, Apple CarPlay, Ambientn\u00e9 osvetlenie, Virtu\u00e1lny kokpit, Autor\u00e1dio, Klimatiz\u00e1cia, Vyhrievan\u00e9 seda\u010dky, Airbagy, Airbagy &#8211;&#8230;<\/p>\n","protected":false},"featured_media":642197,"template":"","meta":{"_acf_changed":false},"product_cat":[24],"product_tag":[27],"class_list":{"0":"post-642196","1":"product","2":"type-product","3":"status-publish","4":"has-post-thumbnail","6":"product_cat-citroen","7":"product_tag-c5-aircross","8":"pa_akost-nove-vozidlo","9":"pa_stav-nove","11":"first","12":"instock","13":"purchasable","14":"product-type-simple"},"acf":[],"yoast_head":"<!-- This site is optimized with the Yoast SEO plugin v26.8 - https:\/\/yoast.com\/product\/yoast-seo-wordpress\/ -->\n<title>Citro\u00ebn C5 Aircross PLUS Hybrid 145k \u00eb-DCT6 - Citroen BEHR Dunajsk\u00e1 Streda<\/title>\n<meta name=\"robots\" content=\"index, follow, max-snippet:-1, max-image-preview:large, max-video-preview:-1\" \/>\n<link rel=\"canonical\" href=\"https:\/\/behr.sk\/citroen\/dunajska-streda\/produkt\/citroen-c5-aircross-plus-hybrid-145k-e-dct6-2\/\" \/>\n<meta property=\"og:locale\" content=\"sk_SK\" \/>\n<meta property=\"og:type\" content=\"article\" \/>\n<meta property=\"og:title\" content=\"Citro\u00ebn C5 Aircross PLUS Hybrid 145k \u00eb-DCT6 - Citroen BEHR Dunajsk\u00e1 Streda\" \/>\n<meta property=\"og:description\" content=\"Bluetooth handsfree, Centr\u00e1lne zamykanie, Deaktiv\u00e1cia airbagov, Elektrick\u00e9 okn\u00e1, Parkovacie senzory, Hmlovky, Naviga\u010dn\u00fd syst\u00e9m, Palubn\u00fd po\u010d\u00edta\u010d, Parkovacia kamera, Posil\u0148ova\u010d riadenia, Da\u017e\u010fov\u00fd senzor, Stop&amp;start syst\u00e9m, Tempomat, Vyhrievan\u00fd volant, Isofix, Bezdr\u00f4tov\u00e9 nab\u00edjanie pre smartphony, Asistent jazdn\u00fdch pruhov, Asistent rozjazdu do kopca, Android Auto, 360\u00b0 kamera, Apple CarPlay, Ambientn\u00e9 osvetlenie, Virtu\u00e1lny kokpit, Autor\u00e1dio, Klimatiz\u00e1cia, Vyhrievan\u00e9 seda\u010dky, Airbagy, Airbagy &#8211;...\" \/>\n<meta property=\"og:url\" content=\"https:\/\/behr.sk\/citroen\/dunajska-streda\/produkt\/citroen-c5-aircross-plus-hybrid-145k-e-dct6-2\/\" \/>\n<meta property=\"og:site_name\" content=\"Citroen BEHR Dunajsk\u00e1 Streda\" \/>\n<meta property=\"article:modified_time\" content=\"2026-04-20T10:02:23+00:00\" \/>\n<meta property=\"og:image\" content=\"https:\/\/behr.sk\/citroen\/dunajska-streda\/wp-content\/uploads\/sites\/3\/2026\/02\/iE5eKgom__fss.jpeg\" \/>\n\t<meta property=\"og:image:width\" content=\"771\" \/>\n\t<meta property=\"og:image:height\" content=\"1024\" \/>\n\t<meta property=\"og:image:type\" content=\"image\/jpeg\" \/>\n<meta name=\"twitter:card\" content=\"summary_large_image\" \/>\n<script type=\"application\/ld+json\" class=\"yoast-schema-graph\">{\"@context\":\"https:\/\/schema.org\",\"@graph\":[{\"@type\":\"WebPage\",\"@id\":\"https:\/\/behr.sk\/citroen\/dunajska-streda\/produkt\/citroen-c5-aircross-plus-hybrid-145k-e-dct6-2\/\",\"url\":\"https:\/\/behr.sk\/citroen\/dunajska-streda\/produkt\/citroen-c5-aircross-plus-hybrid-145k-e-dct6-2\/\",\"name\":\"Citro\u00ebn C5 Aircross PLUS Hybrid 145k \u00eb-DCT6 - Citroen BEHR Dunajsk\u00e1 Streda\",\"isPartOf\":{\"@id\":\"https:\/\/behr.sk\/citroen\/dunajska-streda\/#website\"},\"primaryImageOfPage\":{\"@id\":\"https:\/\/behr.sk\/citroen\/dunajska-streda\/produkt\/citroen-c5-aircross-plus-hybrid-145k-e-dct6-2\/#primaryimage\"},\"image\":{\"@id\":\"https:\/\/behr.sk\/citroen\/dunajska-streda\/produkt\/citroen-c5-aircross-plus-hybrid-145k-e-dct6-2\/#primaryimage\"},\"thumbnailUrl\":\"https:\/\/behr.sk\/citroen\/dunajska-streda\/wp-content\/uploads\/sites\/3\/2026\/02\/iE5eKgom__fss.jpeg\",\"datePublished\":\"2026-04-20T10:02:22+00:00\",\"dateModified\":\"2026-04-20T10:02:23+00:00\",\"breadcrumb\":{\"@id\":\"https:\/\/behr.sk\/citroen\/dunajska-streda\/produkt\/citroen-c5-aircross-plus-hybrid-145k-e-dct6-2\/#breadcrumb\"},\"inLanguage\":\"sk-SK\",\"potentialAction\":[{\"@type\":\"ReadAction\",\"target\":[\"https:\/\/behr.sk\/citroen\/dunajska-streda\/produkt\/citroen-c5-aircross-plus-hybrid-145k-e-dct6-2\/\"]}]},{\"@type\":\"ImageObject\",\"inLanguage\":\"sk-SK\",\"@id\":\"https:\/\/behr.sk\/citroen\/dunajska-streda\/produkt\/citroen-c5-aircross-plus-hybrid-145k-e-dct6-2\/#primaryimage\",\"url\":\"https:\/\/behr.sk\/citroen\/dunajska-streda\/wp-content\/uploads\/sites\/3\/2026\/02\/iE5eKgom__fss.jpeg\",\"contentUrl\":\"https:\/\/behr.sk\/citroen\/dunajska-streda\/wp-content\/uploads\/sites\/3\/2026\/02\/iE5eKgom__fss.jpeg\",\"width\":771,\"height\":1024},{\"@type\":\"BreadcrumbList\",\"@id\":\"https:\/\/behr.sk\/citroen\/dunajska-streda\/produkt\/citroen-c5-aircross-plus-hybrid-145k-e-dct6-2\/#breadcrumb\",\"itemListElement\":[{\"@type\":\"ListItem\",\"position\":1,\"name\":\"Domovsk\u00e1 str\u00e1nka\",\"item\":\"https:\/\/behr.sk\/citroen\/dunajska-streda\/\"},{\"@type\":\"ListItem\",\"position\":2,\"name\":\"Obchod\",\"item\":\"https:\/\/behr.sk\/citroen\/dunajska-streda\/obchod\/\"},{\"@type\":\"ListItem\",\"position\":3,\"name\":\"Citro\u00ebn C5 Aircross PLUS Hybrid 145k \u00eb-DCT6\"}]},{\"@type\":\"WebSite\",\"@id\":\"https:\/\/behr.sk\/citroen\/dunajska-streda\/#website\",\"url\":\"https:\/\/behr.sk\/citroen\/dunajska-streda\/\",\"name\":\"Citroen BEHR Dunajsk\u00e1 Streda\",\"description\":\"\",\"potentialAction\":[{\"@type\":\"SearchAction\",\"target\":{\"@type\":\"EntryPoint\",\"urlTemplate\":\"https:\/\/behr.sk\/citroen\/dunajska-streda\/?s={search_term_string}\"},\"query-input\":{\"@type\":\"PropertyValueSpecification\",\"valueRequired\":true,\"valueName\":\"search_term_string\"}}],\"inLanguage\":\"sk-SK\"}]}<\/script>\n<!-- \/ Yoast SEO plugin. -->","yoast_head_json":{"title":"Citro\u00ebn C5 Aircross PLUS Hybrid 145k \u00eb-DCT6 - Citroen BEHR Dunajsk\u00e1 Streda","robots":{"index":"index","follow":"follow","max-snippet":"max-snippet:-1","max-image-preview":"max-image-preview:large","max-video-preview":"max-video-preview:-1"},"canonical":"https:\/\/behr.sk\/citroen\/dunajska-streda\/produkt\/citroen-c5-aircross-plus-hybrid-145k-e-dct6-2\/","og_locale":"sk_SK","og_type":"article","og_title":"Citro\u00ebn C5 Aircross PLUS Hybrid 145k \u00eb-DCT6 - Citroen BEHR Dunajsk\u00e1 Streda","og_description":"Bluetooth handsfree, Centr\u00e1lne zamykanie, Deaktiv\u00e1cia airbagov, Elektrick\u00e9 okn\u00e1, Parkovacie senzory, Hmlovky, Naviga\u010dn\u00fd syst\u00e9m, Palubn\u00fd po\u010d\u00edta\u010d, Parkovacia kamera, Posil\u0148ova\u010d riadenia, Da\u017e\u010fov\u00fd senzor, Stop&amp;start syst\u00e9m, Tempomat, Vyhrievan\u00fd volant, Isofix, Bezdr\u00f4tov\u00e9 nab\u00edjanie pre smartphony, Asistent jazdn\u00fdch pruhov, Asistent rozjazdu do kopca, Android Auto, 360\u00b0 kamera, Apple CarPlay, Ambientn\u00e9 osvetlenie, Virtu\u00e1lny kokpit, Autor\u00e1dio, Klimatiz\u00e1cia, Vyhrievan\u00e9 seda\u010dky, Airbagy, Airbagy &#8211;...","og_url":"https:\/\/behr.sk\/citroen\/dunajska-streda\/produkt\/citroen-c5-aircross-plus-hybrid-145k-e-dct6-2\/","og_site_name":"Citroen BEHR Dunajsk\u00e1 Streda","article_modified_time":"2026-04-20T10:02:23+00:00","og_image":[{"width":771,"height":1024,"url":"https:\/\/behr.sk\/citroen\/dunajska-streda\/wp-content\/uploads\/sites\/3\/2026\/02\/iE5eKgom__fss.jpeg","type":"image\/jpeg"}],"twitter_card":"summary_large_image","schema":{"@context":"https:\/\/schema.org","@graph":[{"@type":"WebPage","@id":"https:\/\/behr.sk\/citroen\/dunajska-streda\/produkt\/citroen-c5-aircross-plus-hybrid-145k-e-dct6-2\/","url":"https:\/\/behr.sk\/citroen\/dunajska-streda\/produkt\/citroen-c5-aircross-plus-hybrid-145k-e-dct6-2\/","name":"Citro\u00ebn C5 Aircross PLUS Hybrid 145k \u00eb-DCT6 - Citroen BEHR Dunajsk\u00e1 Streda","isPartOf":{"@id":"https:\/\/behr.sk\/citroen\/dunajska-streda\/#website"},"primaryImageOfPage":{"@id":"https:\/\/behr.sk\/citroen\/dunajska-streda\/produkt\/citroen-c5-aircross-plus-hybrid-145k-e-dct6-2\/#primaryimage"},"image":{"@id":"https:\/\/behr.sk\/citroen\/dunajska-streda\/produkt\/citroen-c5-aircross-plus-hybrid-145k-e-dct6-2\/#primaryimage"},"thumbnailUrl":"https:\/\/behr.sk\/citroen\/dunajska-streda\/wp-content\/uploads\/sites\/3\/2026\/02\/iE5eKgom__fss.jpeg","datePublished":"2026-04-20T10:02:22+00:00","dateModified":"2026-04-20T10:02:23+00:00","breadcrumb":{"@id":"https:\/\/behr.sk\/citroen\/dunajska-streda\/produkt\/citroen-c5-aircross-plus-hybrid-145k-e-dct6-2\/#breadcrumb"},"inLanguage":"sk-SK","potentialAction":[{"@type":"ReadAction","target":["https:\/\/behr.sk\/citroen\/dunajska-streda\/produkt\/citroen-c5-aircross-plus-hybrid-145k-e-dct6-2\/"]}]},{"@type":"ImageObject","inLanguage":"sk-SK","@id":"https:\/\/behr.sk\/citroen\/dunajska-streda\/produkt\/citroen-c5-aircross-plus-hybrid-145k-e-dct6-2\/#primaryimage","url":"https:\/\/behr.sk\/citroen\/dunajska-streda\/wp-content\/uploads\/sites\/3\/2026\/02\/iE5eKgom__fss.jpeg","contentUrl":"https:\/\/behr.sk\/citroen\/dunajska-streda\/wp-content\/uploads\/sites\/3\/2026\/02\/iE5eKgom__fss.jpeg","width":771,"height":1024},{"@type":"BreadcrumbList","@id":"https:\/\/behr.sk\/citroen\/dunajska-streda\/produkt\/citroen-c5-aircross-plus-hybrid-145k-e-dct6-2\/#breadcrumb","itemListElement":[{"@type":"ListItem","position":1,"name":"Domovsk\u00e1 str\u00e1nka","item":"https:\/\/behr.sk\/citroen\/dunajska-streda\/"},{"@type":"ListItem","position":2,"name":"Obchod","item":"https:\/\/behr.sk\/citroen\/dunajska-streda\/obchod\/"},{"@type":"ListItem","position":3,"name":"Citro\u00ebn C5 Aircross PLUS Hybrid 145k \u00eb-DCT6"}]},{"@type":"WebSite","@id":"https:\/\/behr.sk\/citroen\/dunajska-streda\/#website","url":"https:\/\/behr.sk\/citroen\/dunajska-streda\/","name":"Citroen BEHR Dunajsk\u00e1 Streda","description":"","potentialAction":[{"@type":"SearchAction","target":{"@type":"EntryPoint","urlTemplate":"https:\/\/behr.sk\/citroen\/dunajska-streda\/?s={search_term_string}"},"query-input":{"@type":"PropertyValueSpecification","valueRequired":true,"valueName":"search_term_string"}}],"inLanguage":"sk-SK"}]}},"_links":{"self":[{"href":"https:\/\/behr.sk\/citroen\/dunajska-streda\/wp-json\/wp\/v2\/product\/642196","targetHints":{"allow":["GET"]}}],"collection":[{"href":"https:\/\/behr.sk\/citroen\/dunajska-streda\/wp-json\/wp\/v2\/product"}],"about":[{"href":"https:\/\/behr.sk\/citroen\/dunajska-streda\/wp-json\/wp\/v2\/types\/product"}],"wp:featuredmedia":[{"embeddable":true,"href":"https:\/\/behr.sk\/citroen\/dunajska-streda\/wp-json\/wp\/v2\/media\/642197"}],"wp:attachment":[{"href":"https:\/\/behr.sk\/citroen\/dunajska-streda\/wp-json\/wp\/v2\/media?parent=642196"}],"wp:term":[{"taxonomy":"product_cat","embeddable":true,"href":"https:\/\/behr.sk\/citroen\/dunajska-streda\/wp-json\/wp\/v2\/product_cat?post=642196"},{"taxonomy":"product_tag","embeddable":true,"href":"https:\/\/behr.sk\/citroen\/dunajska-streda\/wp-json\/wp\/v2\/product_tag?post=642196"}],"curies":[{"name":"wp","href":"https:\/\/api.w.org\/{rel}","templated":true}]}}