{"id":33,"date":"2023-05-22T11:03:22","date_gmt":"2023-05-22T09:03:22","guid":{"rendered":"https:\/\/behr.sk\/citroen\/trnava\/?page_id=33"},"modified":"2026-07-21T16:05:26","modified_gmt":"2026-07-21T14:05:26","slug":"vozidla-ihned-k-odberu","status":"publish","type":"page","link":"https:\/\/behr.sk\/citroen\/trnava\/vozidla-ihned-k-odberu\/","title":{"rendered":"Vozidl\u00e1 ihne\u010f k odberu"},"content":{"rendered":"<section class=\"l-section wpb_row us_custom_ef049d84 height_medium\"><div class=\"l-section-h i-cf\"><div class=\"g-cols vc_row via_grid cols_1 laptops-cols_inherit tablets-cols_inherit mobiles-cols_1 valign_top type_default stacking_default\"><div class=\"wpb_column vc_column_container\"><div class=\"vc_column-inner\"><h1 class=\"w-text us_custom_eb849559\"><span class=\"w-text-h\"><span class=\"w-text-value\">SKLADOV\u00c9 VOZIDL\u00c1<\/span><\/span><\/h1><div class=\"w-separator size_small\"><\/div><div class=\"w-grid us_product_list type_grid layout_294 cols_4 preload_style_spinner\" id=\"us_product_list_waee\" style=\"--columns:4;--gap:1rem;\"><style>@media (max-width:1024px){#us_product_list_waee{--columns:2!important}}@media (max-width:600px){#us_product_list_waee{--columns:1!important}}.layout_294 .w-grid-item-h{border-radius:0rem}.layout_294 .usg_vwrapper_1{text-align:justify!important;border-radius:0 0 20px 20px!important;position:static!important;background:#F5F5F5!important;padding:20px 30px 20px 30px!important}.layout_294 .usg_post_image_1{border-radius:20px 20px 0 0!important}.layout_294 .usg_product_field_1{text-align:right!important;font-size:22px!important;font-family:var(--h1-font-family)!important;font-weight:500!important}.layout_294 .usg_text_1{text-align:left!important}.layout_294 .usg_post_custom_field_1{color:var(--color-content-primary)!important;font-size:max( 1.5rem,1.5vw )!important;font-family:var(--h1-font-family)!important;font-weight:500!important}.layout_294 .usg_text_2{text-align:center!important;font-size:22px!important}.layout_294 .usg_post_custom_field_2{text-align:center!important;font-size:14px!important}.layout_294 .usg_text_3{text-align:center!important;font-size:22px!important}.layout_294 .usg_post_custom_field_3{text-align:center!important;font-size:14px!important}.layout_294 .usg_text_4{text-align:center!important;font-size:22px!important}.layout_294 .usg_post_custom_field_4{text-align:center!important;font-size:14px!important}.layout_294 .usg_post_custom_field_5{text-align:left!important}.layout_294 .usg_post_custom_field_6{text-align:right!important;font-size:22px!important;font-family:var(--h1-font-family)!important;font-weight:500!important}.layout_294 .usg_post_custom_field_7{color:#ffffff!important;font-weight:500!important;border-radius:0 50px 50px 0!important;position:absolute!important;left:0!important;top:10px!important;z-index:3!important;background:var(--color-content-primary)!important;padding:5px 25px 5px 20px!important}<\/style><div class=\"w-grid-list\">\t<article class=\"w-grid-item size_1x1 post-643111 product type-product status-publish has-post-thumbnail product_cat-citroen product_tag-c5-aircross pa_akost-nove-vozidlo pa_stav-nove first instock purchasable product-type-simple\" data-id=\"643111\">\r\n\t\t<div class=\"w-grid-item-h\">\r\n\t\t\t\t\t\t<div class=\"w-post-elm post_image usg_post_image_1 has_ratio\"><a href=\"https:\/\/behr.sk\/citroen\/trnava\/produkt\/citroen-c5-aircross-plus-hybrid-145k-e-dct6-2\/\" aria-label=\"Citro\u00ebn C5 Aircross PLUS Hybrid 145k \u00eb-DCT6\"><img loading=\"lazy\" decoding=\"async\" width=\"771\" height=\"1024\" src=\"https:\/\/behr.sk\/citroen\/trnava\/wp-content\/uploads\/sites\/2\/2026\/02\/iE5eKgom__fss.jpeg\" class=\"attachment-large size-large wp-post-image\" alt=\"\" \/><\/a><div style=\"padding-bottom:75%\"><\/div><\/div><div class=\"w-vwrapper usg_vwrapper_1 align_none valign_bottom\" style=\"--vwrapper-gap: 1.20rem;\"><div class=\"w-post-elm post_custom_field usg_post_custom_field_1 has_text_color type_text simple_nazov_do_gridu color_link_inherit\"><span class=\"w-post-elm-value\">Citro\u00ebn C5 Aircross<\/span><\/div><div class=\"w-hwrapper usg_hwrapper_3 align_justify valign_bottom\" style=\"--hwrapper-gap: 1.20rem;\"><\/div><div class=\"w-hwrapper usg_hwrapper_1 align_justify valign_bottom\" style=\"--hwrapper-gap: 1.20rem;\"><div class=\"w-text usg_text_1\"><span class=\"w-text-h\"><span class=\"w-text-value\">Predajn\u00e1 cena:<\/span><\/span><\/div><p class=\"w-post-elm product_field price usg_product_field_1\"><span class=\"woocommerce-Price-amount amount\"><bdi>31 960&nbsp;<span class=\"woocommerce-Price-currencySymbol\">&euro;<\/span><\/bdi><\/span><\/p><\/div><div class=\"w-hwrapper usg_hwrapper_2 gridVozidlaImportIkonky align_justify valign_middle\" style=\"--hwrapper-gap: 1.20rem;\"><div class=\"w-vwrapper usg_vwrapper_3 align_center valign_middle\" style=\"--vwrapper-gap: 0.2rem; --vwrapper-parent-gap: 1.20rem;\"><div class=\"w-text usg_text_3 no_text icon_atleft\"><span class=\"w-text-h\"><i class=\"fas fa-car\"><\/i><span class=\"w-text-value\"><\/span><\/span><\/div><div class=\"w-post-elm post_custom_field usg_post_custom_field_3 type_text prevodovka_grid color_link_inherit\"><span class=\"w-post-elm-value\">SUV<\/span><\/div><\/div><div class=\"w-vwrapper usg_vwrapper_5 align_center valign_middle\" style=\"--vwrapper-gap: 0.2rem;\"><div class=\"w-text usg_text_4 no_text icon_atleft\"><span class=\"w-text-h\"><i class=\"fas fa-calendar-alt\"><\/i><span class=\"w-text-value\"><\/span><\/span><\/div><div class=\"w-post-elm post_custom_field usg_post_custom_field_2 type_text rok_vyroby color_link_inherit\"><span class=\"w-post-elm-value\">2026<\/span><\/div><\/div><div class=\"w-vwrapper usg_vwrapper_4 align_center valign_middle\" style=\"--vwrapper-gap: 0.2rem;\"><div class=\"w-text usg_text_2 no_text icon_atleft\"><span class=\"w-text-h\"><i class=\"fas fa-gas-pump\"><\/i><span class=\"w-text-value\"><\/span><\/span><\/div><div class=\"w-post-elm post_custom_field usg_post_custom_field_4 type_text palivo_grid color_link_inherit\"><span class=\"w-post-elm-value\">Hybrid<\/span><\/div><\/div><\/div><div class=\"w-vwrapper usg_vwrapper_2 align_center valign_top\" style=\"--vwrapper-gap: 0.7rem;\"><a class=\"w-btn us-btn-style_1 usg_btn_1\" href=\"https:\/\/behr.sk\/citroen\/trnava\/produkt\/citroen-c5-aircross-plus-hybrid-145k-e-dct6-2\/\"><span class=\"w-btn-label\">Zobrazi\u0165 vozidlo<\/span><\/a><\/div><\/div>\t\t<\/div>\r\n\t\t\t<\/article>\r\n\t<article class=\"w-grid-item size_1x1 post-643040 product type-product status-publish has-post-thumbnail product_cat-citroen product_tag-jumpy pa_akost-nove-vozidlo pa_stav-nove  instock purchasable product-type-simple\" data-id=\"643040\">\r\n\t\t<div class=\"w-grid-item-h\">\r\n\t\t\t\t\t\t<div class=\"w-post-elm post_image usg_post_image_1 has_ratio\"><a href=\"https:\/\/behr.sk\/citroen\/trnava\/produkt\/citroen-jumpy-van-l3h1-bluehdi-145-k-bvm6\/\" aria-label=\"Citro\u00ebn Jumpy VAN L3H1 BlueHDi 145 k BVM6\"><img loading=\"lazy\" decoding=\"async\" width=\"771\" height=\"1024\" src=\"https:\/\/behr.sk\/citroen\/trnava\/wp-content\/uploads\/sites\/2\/2026\/02\/C7afmroZA_fss.jpeg\" class=\"attachment-large size-large wp-post-image\" alt=\"\" \/><\/a><div style=\"padding-bottom:75%\"><\/div><\/div><div class=\"w-vwrapper usg_vwrapper_1 align_none valign_bottom\" style=\"--vwrapper-gap: 1.20rem;\"><div class=\"w-post-elm post_custom_field usg_post_custom_field_1 has_text_color type_text simple_nazov_do_gridu color_link_inherit\"><span class=\"w-post-elm-value\">Citro\u00ebn Jumpy<\/span><\/div><div class=\"w-hwrapper usg_hwrapper_3 align_justify valign_bottom\" style=\"--hwrapper-gap: 1.20rem;\"><\/div><div class=\"w-hwrapper usg_hwrapper_1 align_justify valign_bottom\" style=\"--hwrapper-gap: 1.20rem;\"><div class=\"w-text usg_text_1\"><span class=\"w-text-h\"><span class=\"w-text-value\">Predajn\u00e1 cena:<\/span><\/span><\/div><p class=\"w-post-elm product_field price usg_product_field_1\"><span class=\"woocommerce-Price-amount amount\"><bdi>29 300&nbsp;<span class=\"woocommerce-Price-currencySymbol\">&euro;<\/span><\/bdi><\/span><\/p><\/div><div class=\"w-hwrapper usg_hwrapper_2 gridVozidlaImportIkonky align_justify valign_middle\" style=\"--hwrapper-gap: 1.20rem;\"><div class=\"w-vwrapper usg_vwrapper_3 align_center valign_middle\" style=\"--vwrapper-gap: 0.2rem; --vwrapper-parent-gap: 1.20rem;\"><div class=\"w-text usg_text_3 no_text icon_atleft\"><span class=\"w-text-h\"><i class=\"fas fa-car\"><\/i><span class=\"w-text-value\"><\/span><\/span><\/div><div class=\"w-post-elm post_custom_field usg_post_custom_field_3 type_text prevodovka_grid color_link_inherit\"><span class=\"w-post-elm-value\">Van<\/span><\/div><\/div><div class=\"w-vwrapper usg_vwrapper_5 align_center valign_middle\" style=\"--vwrapper-gap: 0.2rem;\"><div class=\"w-text usg_text_4 no_text icon_atleft\"><span class=\"w-text-h\"><i class=\"fas fa-calendar-alt\"><\/i><span class=\"w-text-value\"><\/span><\/span><\/div><div class=\"w-post-elm post_custom_field usg_post_custom_field_2 type_text rok_vyroby color_link_inherit\"><span class=\"w-post-elm-value\">2025<\/span><\/div><\/div><div class=\"w-vwrapper usg_vwrapper_4 align_center valign_middle\" style=\"--vwrapper-gap: 0.2rem;\"><div class=\"w-text usg_text_2 no_text icon_atleft\"><span class=\"w-text-h\"><i class=\"fas fa-gas-pump\"><\/i><span class=\"w-text-value\"><\/span><\/span><\/div><div class=\"w-post-elm post_custom_field usg_post_custom_field_4 type_text palivo_grid color_link_inherit\"><span class=\"w-post-elm-value\">Diesel<\/span><\/div><\/div><\/div><div class=\"w-vwrapper usg_vwrapper_2 align_center valign_top\" style=\"--vwrapper-gap: 0.7rem;\"><a class=\"w-btn us-btn-style_1 usg_btn_1\" href=\"https:\/\/behr.sk\/citroen\/trnava\/produkt\/citroen-jumpy-van-l3h1-bluehdi-145-k-bvm6\/\"><span class=\"w-btn-label\">Zobrazi\u0165 vozidlo<\/span><\/a><\/div><\/div>\t\t<\/div>\r\n\t\t\t<\/article>\r\n\t<article class=\"w-grid-item size_1x1 post-642556 product type-product status-publish has-post-thumbnail product_cat-citroen product_tag-c3 pa_akost-nove-vozidlo pa_stav-nove last instock purchasable product-type-simple\" data-id=\"642556\">\r\n\t\t<div class=\"w-grid-item-h\">\r\n\t\t\t\t\t\t<div class=\"w-post-elm post_image usg_post_image_1 has_ratio\"><a href=\"https:\/\/behr.sk\/citroen\/trnava\/produkt\/citroen-c3-plus-electric-113k\/\" aria-label=\"Citro\u00ebn C3 PLUS Electric 113k\"><img loading=\"lazy\" decoding=\"async\" width=\"1024\" height=\"768\" src=\"https:\/\/behr.sk\/citroen\/trnava\/wp-content\/uploads\/sites\/2\/2026\/06\/UGCBDnJr-_fss-1024x768.jpeg\" class=\"attachment-large size-large wp-post-image\" alt=\"\" \/><\/a><div style=\"padding-bottom:75%\"><\/div><\/div><div class=\"w-vwrapper usg_vwrapper_1 align_none valign_bottom\" style=\"--vwrapper-gap: 1.20rem;\"><div class=\"w-post-elm post_custom_field usg_post_custom_field_1 has_text_color type_text simple_nazov_do_gridu color_link_inherit\"><span class=\"w-post-elm-value\">Citro\u00ebn C3<\/span><\/div><div class=\"w-hwrapper usg_hwrapper_3 align_justify valign_bottom\" style=\"--hwrapper-gap: 1.20rem;\"><\/div><div class=\"w-hwrapper usg_hwrapper_1 align_justify valign_bottom\" style=\"--hwrapper-gap: 1.20rem;\"><div class=\"w-text usg_text_1\"><span class=\"w-text-h\"><span class=\"w-text-value\">Predajn\u00e1 cena:<\/span><\/span><\/div><p class=\"w-post-elm product_field price usg_product_field_1\"><span class=\"woocommerce-Price-amount amount\"><bdi>24 140&nbsp;<span class=\"woocommerce-Price-currencySymbol\">&euro;<\/span><\/bdi><\/span><\/p><\/div><div class=\"w-hwrapper usg_hwrapper_2 gridVozidlaImportIkonky align_justify valign_middle\" style=\"--hwrapper-gap: 1.20rem;\"><div class=\"w-vwrapper usg_vwrapper_3 align_center valign_middle\" style=\"--vwrapper-gap: 0.2rem; --vwrapper-parent-gap: 1.20rem;\"><div class=\"w-text usg_text_3 no_text icon_atleft\"><span class=\"w-text-h\"><i class=\"fas fa-car\"><\/i><span class=\"w-text-value\"><\/span><\/span><\/div><div class=\"w-post-elm post_custom_field usg_post_custom_field_3 type_text prevodovka_grid color_link_inherit\"><span class=\"w-post-elm-value\">Hatchback<\/span><\/div><\/div><div class=\"w-vwrapper usg_vwrapper_5 align_center valign_middle\" style=\"--vwrapper-gap: 0.2rem;\"><div class=\"w-text usg_text_4 no_text icon_atleft\"><span class=\"w-text-h\"><i class=\"fas fa-calendar-alt\"><\/i><span class=\"w-text-value\"><\/span><\/span><\/div><div class=\"w-post-elm post_custom_field usg_post_custom_field_2 type_text rok_vyroby color_link_inherit\"><span class=\"w-post-elm-value\">2026<\/span><\/div><\/div><div class=\"w-vwrapper usg_vwrapper_4 align_center valign_middle\" style=\"--vwrapper-gap: 0.2rem;\"><div class=\"w-text usg_text_2 no_text icon_atleft\"><span class=\"w-text-h\"><i class=\"fas fa-gas-pump\"><\/i><span class=\"w-text-value\"><\/span><\/span><\/div><div class=\"w-post-elm post_custom_field usg_post_custom_field_4 type_text palivo_grid color_link_inherit\"><span class=\"w-post-elm-value\">Elektromotor<\/span><\/div><\/div><\/div><div class=\"w-vwrapper usg_vwrapper_2 align_center valign_top\" style=\"--vwrapper-gap: 0.7rem;\"><a class=\"w-btn us-btn-style_1 usg_btn_1\" href=\"https:\/\/behr.sk\/citroen\/trnava\/produkt\/citroen-c3-plus-electric-113k\/\"><span class=\"w-btn-label\">Zobrazi\u0165 vozidlo<\/span><\/a><\/div><\/div>\t\t<\/div>\r\n\t\t\t<\/article>\r\n\t<article class=\"w-grid-item size_1x1 post-643668 product type-product status-publish has-post-thumbnail product_cat-citroen product_tag-c5-aircross pa_akost-nove-vozidlo pa_stav-nove first instock purchasable product-type-simple\" data-id=\"643668\">\r\n\t\t<div class=\"w-grid-item-h\">\r\n\t\t\t\t\t\t<div class=\"w-post-elm post_image usg_post_image_1 has_ratio\"><a href=\"https:\/\/behr.sk\/citroen\/trnava\/produkt\/citroen-c5-aircross-max-hybrid-145k-e-dct6\/\" aria-label=\"Citro\u00ebn C5 Aircross MAX Hybrid 145k \u00eb-DCT6\"><img loading=\"lazy\" decoding=\"async\" width=\"1024\" height=\"768\" src=\"https:\/\/behr.sk\/citroen\/trnava\/wp-content\/uploads\/sites\/2\/2026\/06\/fyG-tyPu4_fss-1024x768.jpeg\" class=\"attachment-large size-large wp-post-image\" alt=\"\" \/><\/a><div style=\"padding-bottom:75%\"><\/div><\/div><div class=\"w-vwrapper usg_vwrapper_1 align_none valign_bottom\" style=\"--vwrapper-gap: 1.20rem;\"><div class=\"w-post-elm post_custom_field usg_post_custom_field_1 has_text_color type_text simple_nazov_do_gridu color_link_inherit\"><span class=\"w-post-elm-value\">Citro\u00ebn C5 Aircross<\/span><\/div><div class=\"w-hwrapper usg_hwrapper_3 align_justify valign_bottom\" style=\"--hwrapper-gap: 1.20rem;\"><\/div><div class=\"w-hwrapper usg_hwrapper_1 align_justify valign_bottom\" style=\"--hwrapper-gap: 1.20rem;\"><div class=\"w-text usg_text_1\"><span class=\"w-text-h\"><span class=\"w-text-value\">Predajn\u00e1 cena:<\/span><\/span><\/div><p class=\"w-post-elm product_field price usg_product_field_1\"><span class=\"woocommerce-Price-amount amount\"><bdi>35 140&nbsp;<span class=\"woocommerce-Price-currencySymbol\">&euro;<\/span><\/bdi><\/span><\/p><\/div><div class=\"w-hwrapper usg_hwrapper_2 gridVozidlaImportIkonky align_justify valign_middle\" style=\"--hwrapper-gap: 1.20rem;\"><div class=\"w-vwrapper usg_vwrapper_3 align_center valign_middle\" style=\"--vwrapper-gap: 0.2rem; --vwrapper-parent-gap: 1.20rem;\"><div class=\"w-text usg_text_3 no_text icon_atleft\"><span class=\"w-text-h\"><i class=\"fas fa-car\"><\/i><span class=\"w-text-value\"><\/span><\/span><\/div><div class=\"w-post-elm post_custom_field usg_post_custom_field_3 type_text prevodovka_grid color_link_inherit\"><span class=\"w-post-elm-value\">SUV<\/span><\/div><\/div><div class=\"w-vwrapper usg_vwrapper_5 align_center valign_middle\" style=\"--vwrapper-gap: 0.2rem;\"><div class=\"w-text usg_text_4 no_text icon_atleft\"><span class=\"w-text-h\"><i class=\"fas fa-calendar-alt\"><\/i><span class=\"w-text-value\"><\/span><\/span><\/div><div class=\"w-post-elm post_custom_field usg_post_custom_field_2 type_text rok_vyroby color_link_inherit\"><span class=\"w-post-elm-value\">2025<\/span><\/div><\/div><div class=\"w-vwrapper usg_vwrapper_4 align_center valign_middle\" style=\"--vwrapper-gap: 0.2rem;\"><div class=\"w-text usg_text_2 no_text icon_atleft\"><span class=\"w-text-h\"><i class=\"fas fa-gas-pump\"><\/i><span class=\"w-text-value\"><\/span><\/span><\/div><div class=\"w-post-elm post_custom_field usg_post_custom_field_4 type_text palivo_grid color_link_inherit\"><span class=\"w-post-elm-value\">Hybrid<\/span><\/div><\/div><\/div><div class=\"w-vwrapper usg_vwrapper_2 align_center valign_top\" style=\"--vwrapper-gap: 0.7rem;\"><a class=\"w-btn us-btn-style_1 usg_btn_1\" href=\"https:\/\/behr.sk\/citroen\/trnava\/produkt\/citroen-c5-aircross-max-hybrid-145k-e-dct6\/\"><span class=\"w-btn-label\">Zobrazi\u0165 vozidlo<\/span><\/a><\/div><\/div>\t\t<\/div>\r\n\t\t\t<\/article>\r\n\t<article class=\"w-grid-item size_1x1 post-643831 product type-product status-publish has-post-thumbnail product_cat-citroen product_tag-spacetourer pa_akost-nove-vozidlo pa_stav-nove  instock purchasable product-type-simple\" data-id=\"643831\">\r\n\t\t<div class=\"w-grid-item-h\">\r\n\t\t\t\t\t\t<div class=\"w-post-elm post_image usg_post_image_1 has_ratio\"><a href=\"https:\/\/behr.sk\/citroen\/trnava\/produkt\/citroen-spacetourer-l3-business-bluehdi-180-ss-eat8\/\" aria-label=\"Citro\u00ebn Spacetourer L3 Business BlueHDi 180 S&amp;S EAT8\"><img loading=\"lazy\" decoding=\"async\" width=\"1024\" height=\"768\" src=\"https:\/\/behr.sk\/citroen\/trnava\/wp-content\/uploads\/sites\/2\/2026\/06\/wkEBjDfp_fss-1024x768.jpeg\" class=\"attachment-large size-large wp-post-image\" alt=\"\" \/><\/a><div style=\"padding-bottom:75%\"><\/div><\/div><div class=\"w-vwrapper usg_vwrapper_1 align_none valign_bottom\" style=\"--vwrapper-gap: 1.20rem;\"><div class=\"w-post-elm post_custom_field usg_post_custom_field_1 has_text_color type_text simple_nazov_do_gridu color_link_inherit\"><span class=\"w-post-elm-value\">Citro\u00ebn Spacetourer<\/span><\/div><div class=\"w-hwrapper usg_hwrapper_3 align_justify valign_bottom\" style=\"--hwrapper-gap: 1.20rem;\"><\/div><div class=\"w-hwrapper usg_hwrapper_1 align_justify valign_bottom\" style=\"--hwrapper-gap: 1.20rem;\"><div class=\"w-text usg_text_1\"><span class=\"w-text-h\"><span class=\"w-text-value\">Predajn\u00e1 cena:<\/span><\/span><\/div><p class=\"w-post-elm product_field price usg_product_field_1\"><span class=\"woocommerce-Price-amount amount\"><bdi>43 600&nbsp;<span class=\"woocommerce-Price-currencySymbol\">&euro;<\/span><\/bdi><\/span><\/p><\/div><div class=\"w-hwrapper usg_hwrapper_2 gridVozidlaImportIkonky align_justify valign_middle\" style=\"--hwrapper-gap: 1.20rem;\"><div class=\"w-vwrapper usg_vwrapper_3 align_center valign_middle\" style=\"--vwrapper-gap: 0.2rem; --vwrapper-parent-gap: 1.20rem;\"><div class=\"w-text usg_text_3 no_text icon_atleft\"><span class=\"w-text-h\"><i class=\"fas fa-car\"><\/i><span class=\"w-text-value\"><\/span><\/span><\/div><div class=\"w-post-elm post_custom_field usg_post_custom_field_3 type_text prevodovka_grid color_link_inherit\"><span class=\"w-post-elm-value\">Minibus<\/span><\/div><\/div><div class=\"w-vwrapper usg_vwrapper_5 align_center valign_middle\" style=\"--vwrapper-gap: 0.2rem;\"><div class=\"w-text usg_text_4 no_text icon_atleft\"><span class=\"w-text-h\"><i class=\"fas fa-calendar-alt\"><\/i><span class=\"w-text-value\"><\/span><\/span><\/div><div class=\"w-post-elm post_custom_field usg_post_custom_field_2 type_text rok_vyroby color_link_inherit\"><span class=\"w-post-elm-value\">2026<\/span><\/div><\/div><div class=\"w-vwrapper usg_vwrapper_4 align_center valign_middle\" style=\"--vwrapper-gap: 0.2rem;\"><div class=\"w-text usg_text_2 no_text icon_atleft\"><span class=\"w-text-h\"><i class=\"fas fa-gas-pump\"><\/i><span class=\"w-text-value\"><\/span><\/span><\/div><div class=\"w-post-elm post_custom_field usg_post_custom_field_4 type_text palivo_grid color_link_inherit\"><span class=\"w-post-elm-value\">Diesel<\/span><\/div><\/div><\/div><div class=\"w-vwrapper usg_vwrapper_2 align_center valign_top\" style=\"--vwrapper-gap: 0.7rem;\"><a class=\"w-btn us-btn-style_1 usg_btn_1\" href=\"https:\/\/behr.sk\/citroen\/trnava\/produkt\/citroen-spacetourer-l3-business-bluehdi-180-ss-eat8\/\"><span class=\"w-btn-label\">Zobrazi\u0165 vozidlo<\/span><\/a><\/div><\/div>\t\t<\/div>\r\n\t\t\t<\/article>\r\n\t<article class=\"w-grid-item size_1x1 post-642227 product type-product status-publish has-post-thumbnail product_cat-citroen product_tag-jumper pa_akost-nove-vozidlo pa_stav-nove last instock purchasable product-type-simple\" data-id=\"642227\">\r\n\t\t<div class=\"w-grid-item-h\">\r\n\t\t\t\t\t\t<div class=\"w-post-elm post_image usg_post_image_1 has_ratio\"><a href=\"https:\/\/behr.sk\/citroen\/trnava\/produkt\/citroen-jumper-furgon-35-l4h2-2-2-bluehdi-180\/\" aria-label=\"Citro\u00ebn Jumper Furgon 35+ L4H2 2.2 BlueHDi 180\"><img loading=\"lazy\" decoding=\"async\" width=\"1024\" height=\"576\" src=\"https:\/\/behr.sk\/citroen\/trnava\/wp-content\/uploads\/sites\/2\/2025\/09\/wwfALT5iN_fss-1024x576.jpeg\" class=\"attachment-large size-large wp-post-image\" alt=\"\" \/><\/a><div style=\"padding-bottom:75%\"><\/div><\/div><div class=\"w-vwrapper usg_vwrapper_1 align_none valign_bottom\" style=\"--vwrapper-gap: 1.20rem;\"><div class=\"w-post-elm post_custom_field usg_post_custom_field_1 has_text_color type_text simple_nazov_do_gridu color_link_inherit\"><span class=\"w-post-elm-value\">Citro\u00ebn Jumper<\/span><\/div><div class=\"w-hwrapper usg_hwrapper_3 align_justify valign_bottom\" style=\"--hwrapper-gap: 1.20rem;\"><\/div><div class=\"w-hwrapper usg_hwrapper_1 align_justify valign_bottom\" style=\"--hwrapper-gap: 1.20rem;\"><div class=\"w-text usg_text_1\"><span class=\"w-text-h\"><span class=\"w-text-value\">Predajn\u00e1 cena:<\/span><\/span><\/div><p class=\"w-post-elm product_field price usg_product_field_1\"><span class=\"woocommerce-Price-amount amount\"><bdi>34 430&nbsp;<span class=\"woocommerce-Price-currencySymbol\">&euro;<\/span><\/bdi><\/span><\/p><\/div><div class=\"w-hwrapper usg_hwrapper_2 gridVozidlaImportIkonky align_justify valign_middle\" style=\"--hwrapper-gap: 1.20rem;\"><div class=\"w-vwrapper usg_vwrapper_3 align_center valign_middle\" style=\"--vwrapper-gap: 0.2rem; --vwrapper-parent-gap: 1.20rem;\"><div class=\"w-text usg_text_3 no_text icon_atleft\"><span class=\"w-text-h\"><i class=\"fas fa-car\"><\/i><span class=\"w-text-value\"><\/span><\/span><\/div><div class=\"w-post-elm post_custom_field usg_post_custom_field_3 type_text prevodovka_grid color_link_inherit\"><span class=\"w-post-elm-value\">Dod\u00e1vka<\/span><\/div><\/div><div class=\"w-vwrapper usg_vwrapper_5 align_center valign_middle\" style=\"--vwrapper-gap: 0.2rem;\"><div class=\"w-text usg_text_4 no_text icon_atleft\"><span class=\"w-text-h\"><i class=\"fas fa-calendar-alt\"><\/i><span class=\"w-text-value\"><\/span><\/span><\/div><div class=\"w-post-elm post_custom_field usg_post_custom_field_2 type_text rok_vyroby color_link_inherit\"><span class=\"w-post-elm-value\">2025<\/span><\/div><\/div><div class=\"w-vwrapper usg_vwrapper_4 align_center valign_middle\" style=\"--vwrapper-gap: 0.2rem;\"><div class=\"w-text usg_text_2 no_text icon_atleft\"><span class=\"w-text-h\"><i class=\"fas fa-gas-pump\"><\/i><span class=\"w-text-value\"><\/span><\/span><\/div><div class=\"w-post-elm post_custom_field usg_post_custom_field_4 type_text palivo_grid color_link_inherit\"><span class=\"w-post-elm-value\">Diesel<\/span><\/div><\/div><\/div><div class=\"w-vwrapper usg_vwrapper_2 align_center valign_top\" style=\"--vwrapper-gap: 0.7rem;\"><a class=\"w-btn us-btn-style_1 usg_btn_1\" href=\"https:\/\/behr.sk\/citroen\/trnava\/produkt\/citroen-jumper-furgon-35-l4h2-2-2-bluehdi-180\/\"><span class=\"w-btn-label\">Zobrazi\u0165 vozidlo<\/span><\/a><\/div><\/div>\t\t<\/div>\r\n\t\t\t<\/article>\r\n\t<article class=\"w-grid-item size_1x1 post-643568 product type-product status-publish has-post-thumbnail product_cat-citroen product_tag-c3 pa_akost-nove-vozidlo pa_stav-nove first instock purchasable product-type-simple\" data-id=\"643568\">\r\n\t\t<div class=\"w-grid-item-h\">\r\n\t\t\t\t\t\t<div class=\"w-post-elm post_image usg_post_image_1 has_ratio\"><a href=\"https:\/\/behr.sk\/citroen\/trnava\/produkt\/citroen-c3-plus-turbo-100-ss-2\/\" aria-label=\"Citro\u00ebn C3 PLUS Turbo 100 S&amp;S\"><img loading=\"lazy\" decoding=\"async\" width=\"1024\" height=\"768\" src=\"https:\/\/behr.sk\/citroen\/trnava\/wp-content\/uploads\/sites\/2\/2026\/05\/Sw48rI4KA_fss-1024x768.jpeg\" class=\"attachment-large size-large wp-post-image\" alt=\"\" \/><\/a><div style=\"padding-bottom:75%\"><\/div><\/div><div class=\"w-vwrapper usg_vwrapper_1 align_none valign_bottom\" style=\"--vwrapper-gap: 1.20rem;\"><div class=\"w-post-elm post_custom_field usg_post_custom_field_1 has_text_color type_text simple_nazov_do_gridu color_link_inherit\"><span class=\"w-post-elm-value\">Citro\u00ebn C3<\/span><\/div><div class=\"w-hwrapper usg_hwrapper_3 align_justify valign_bottom\" style=\"--hwrapper-gap: 1.20rem;\"><\/div><div class=\"w-hwrapper usg_hwrapper_1 align_justify valign_bottom\" style=\"--hwrapper-gap: 1.20rem;\"><div class=\"w-text usg_text_1\"><span class=\"w-text-h\"><span class=\"w-text-value\">Predajn\u00e1 cena:<\/span><\/span><\/div><p class=\"w-post-elm product_field price usg_product_field_1\"><span class=\"woocommerce-Price-amount amount\"><bdi>17 190&nbsp;<span class=\"woocommerce-Price-currencySymbol\">&euro;<\/span><\/bdi><\/span><\/p><\/div><div class=\"w-hwrapper usg_hwrapper_2 gridVozidlaImportIkonky align_justify valign_middle\" style=\"--hwrapper-gap: 1.20rem;\"><div class=\"w-vwrapper usg_vwrapper_3 align_center valign_middle\" style=\"--vwrapper-gap: 0.2rem; --vwrapper-parent-gap: 1.20rem;\"><div class=\"w-text usg_text_3 no_text icon_atleft\"><span class=\"w-text-h\"><i class=\"fas fa-car\"><\/i><span class=\"w-text-value\"><\/span><\/span><\/div><div class=\"w-post-elm post_custom_field usg_post_custom_field_3 type_text prevodovka_grid color_link_inherit\"><span class=\"w-post-elm-value\">Hatchback<\/span><\/div><\/div><div class=\"w-vwrapper usg_vwrapper_5 align_center valign_middle\" style=\"--vwrapper-gap: 0.2rem;\"><div class=\"w-text usg_text_4 no_text icon_atleft\"><span class=\"w-text-h\"><i class=\"fas fa-calendar-alt\"><\/i><span class=\"w-text-value\"><\/span><\/span><\/div><div class=\"w-post-elm post_custom_field usg_post_custom_field_2 type_text rok_vyroby color_link_inherit\"><span class=\"w-post-elm-value\">2026<\/span><\/div><\/div><div class=\"w-vwrapper usg_vwrapper_4 align_center valign_middle\" style=\"--vwrapper-gap: 0.2rem;\"><div class=\"w-text usg_text_2 no_text icon_atleft\"><span class=\"w-text-h\"><i class=\"fas fa-gas-pump\"><\/i><span class=\"w-text-value\"><\/span><\/span><\/div><div class=\"w-post-elm post_custom_field usg_post_custom_field_4 type_text palivo_grid color_link_inherit\"><span class=\"w-post-elm-value\">Benz\u00edn<\/span><\/div><\/div><\/div><div class=\"w-vwrapper usg_vwrapper_2 align_center valign_top\" style=\"--vwrapper-gap: 0.7rem;\"><a class=\"w-btn us-btn-style_1 usg_btn_1\" href=\"https:\/\/behr.sk\/citroen\/trnava\/produkt\/citroen-c3-plus-turbo-100-ss-2\/\"><span class=\"w-btn-label\">Zobrazi\u0165 vozidlo<\/span><\/a><\/div><\/div>\t\t<\/div>\r\n\t\t\t<\/article>\r\n\t<article class=\"w-grid-item size_1x1 post-642152 product type-product status-publish has-post-thumbnail product_cat-citroen product_tag-jumpy pa_akost-nove-vozidlo pa_stav-nove  instock purchasable product-type-simple\" data-id=\"642152\">\r\n\t\t<div class=\"w-grid-item-h\">\r\n\t\t\t\t\t\t<div class=\"w-post-elm post_image usg_post_image_1 has_ratio\"><a href=\"https:\/\/behr.sk\/citroen\/trnava\/produkt\/citroen-jumpy-van-l3h1-bluehdi-145-k-bvm6-my-j0\/\" aria-label=\"Citro\u00ebn Jumpy VAN L3H1 BlueHDi 145 k BVM6 (MY J0)\"><img loading=\"lazy\" decoding=\"async\" width=\"1024\" height=\"576\" src=\"https:\/\/behr.sk\/citroen\/trnava\/wp-content\/uploads\/sites\/2\/2025\/09\/MdIhePCKs_fss-1024x576.jpeg\" class=\"attachment-large size-large wp-post-image\" alt=\"\" \/><\/a><div style=\"padding-bottom:75%\"><\/div><\/div><div class=\"w-vwrapper usg_vwrapper_1 align_none valign_bottom\" style=\"--vwrapper-gap: 1.20rem;\"><div class=\"w-post-elm post_custom_field usg_post_custom_field_1 has_text_color type_text simple_nazov_do_gridu color_link_inherit\"><span class=\"w-post-elm-value\">Citro\u00ebn Jumpy<\/span><\/div><div class=\"w-hwrapper usg_hwrapper_3 align_justify valign_bottom\" style=\"--hwrapper-gap: 1.20rem;\"><\/div><div class=\"w-hwrapper usg_hwrapper_1 align_justify valign_bottom\" style=\"--hwrapper-gap: 1.20rem;\"><div class=\"w-text usg_text_1\"><span class=\"w-text-h\"><span class=\"w-text-value\">Predajn\u00e1 cena:<\/span><\/span><\/div><p class=\"w-post-elm product_field price usg_product_field_1\"><span class=\"woocommerce-Price-amount amount\"><bdi>29 300&nbsp;<span class=\"woocommerce-Price-currencySymbol\">&euro;<\/span><\/bdi><\/span><\/p><\/div><div class=\"w-hwrapper usg_hwrapper_2 gridVozidlaImportIkonky align_justify valign_middle\" style=\"--hwrapper-gap: 1.20rem;\"><div class=\"w-vwrapper usg_vwrapper_3 align_center valign_middle\" style=\"--vwrapper-gap: 0.2rem; --vwrapper-parent-gap: 1.20rem;\"><div class=\"w-text usg_text_3 no_text icon_atleft\"><span class=\"w-text-h\"><i class=\"fas fa-car\"><\/i><span class=\"w-text-value\"><\/span><\/span><\/div><div class=\"w-post-elm post_custom_field usg_post_custom_field_3 type_text prevodovka_grid color_link_inherit\"><span class=\"w-post-elm-value\">Dod\u00e1vka<\/span><\/div><\/div><div class=\"w-vwrapper usg_vwrapper_5 align_center valign_middle\" style=\"--vwrapper-gap: 0.2rem;\"><div class=\"w-text usg_text_4 no_text icon_atleft\"><span class=\"w-text-h\"><i class=\"fas fa-calendar-alt\"><\/i><span class=\"w-text-value\"><\/span><\/span><\/div><div class=\"w-post-elm post_custom_field usg_post_custom_field_2 type_text rok_vyroby color_link_inherit\"><span class=\"w-post-elm-value\">2025<\/span><\/div><\/div><div class=\"w-vwrapper usg_vwrapper_4 align_center valign_middle\" style=\"--vwrapper-gap: 0.2rem;\"><div class=\"w-text usg_text_2 no_text icon_atleft\"><span class=\"w-text-h\"><i class=\"fas fa-gas-pump\"><\/i><span class=\"w-text-value\"><\/span><\/span><\/div><div class=\"w-post-elm post_custom_field usg_post_custom_field_4 type_text palivo_grid color_link_inherit\"><span class=\"w-post-elm-value\">Diesel<\/span><\/div><\/div><\/div><div class=\"w-vwrapper usg_vwrapper_2 align_center valign_top\" style=\"--vwrapper-gap: 0.7rem;\"><a class=\"w-btn us-btn-style_1 usg_btn_1\" href=\"https:\/\/behr.sk\/citroen\/trnava\/produkt\/citroen-jumpy-van-l3h1-bluehdi-145-k-bvm6-my-j0\/\"><span class=\"w-btn-label\">Zobrazi\u0165 vozidlo<\/span><\/a><\/div><\/div>\t\t<\/div>\r\n\t\t\t<\/article>\r\n\t<article class=\"w-grid-item size_1x1 post-642845 product type-product status-publish has-post-thumbnail product_cat-citroen product_tag-c4-x pa_akost-nove-vozidlo pa_stav-nove last instock purchasable product-type-simple\" data-id=\"642845\">\r\n\t\t<div class=\"w-grid-item-h\">\r\n\t\t\t\t\t\t<div class=\"w-post-elm post_image usg_post_image_1 has_ratio\"><a href=\"https:\/\/behr.sk\/citroen\/trnava\/produkt\/citroen-c4-x-plus-puretech-130-ss-eat8\/\" aria-label=\"Citro\u00ebn C4 X PLUS PureTech 130 S&amp;S EAT8\"><img loading=\"lazy\" decoding=\"async\" width=\"1024\" height=\"768\" src=\"https:\/\/behr.sk\/citroen\/trnava\/wp-content\/uploads\/sites\/2\/2026\/06\/3e0fysefV_fss-1024x768.jpeg\" class=\"attachment-large size-large wp-post-image\" alt=\"\" \/><\/a><div style=\"padding-bottom:75%\"><\/div><\/div><div class=\"w-vwrapper usg_vwrapper_1 align_none valign_bottom\" style=\"--vwrapper-gap: 1.20rem;\"><div class=\"w-post-elm post_custom_field usg_post_custom_field_1 has_text_color type_text simple_nazov_do_gridu color_link_inherit\"><span class=\"w-post-elm-value\">Citro\u00ebn C4 X<\/span><\/div><div class=\"w-hwrapper usg_hwrapper_3 align_justify valign_bottom\" style=\"--hwrapper-gap: 1.20rem;\"><\/div><div class=\"w-hwrapper usg_hwrapper_1 align_justify valign_bottom\" style=\"--hwrapper-gap: 1.20rem;\"><div class=\"w-text usg_text_1\"><span class=\"w-text-h\"><span class=\"w-text-value\">Predajn\u00e1 cena:<\/span><\/span><\/div><p class=\"w-post-elm product_field price usg_product_field_1\"><span class=\"woocommerce-Price-amount amount\"><bdi>22 640&nbsp;<span class=\"woocommerce-Price-currencySymbol\">&euro;<\/span><\/bdi><\/span><\/p><\/div><div class=\"w-hwrapper usg_hwrapper_2 gridVozidlaImportIkonky align_justify valign_middle\" style=\"--hwrapper-gap: 1.20rem;\"><div class=\"w-vwrapper usg_vwrapper_3 align_center valign_middle\" style=\"--vwrapper-gap: 0.2rem; --vwrapper-parent-gap: 1.20rem;\"><div class=\"w-text usg_text_3 no_text icon_atleft\"><span class=\"w-text-h\"><i class=\"fas fa-car\"><\/i><span class=\"w-text-value\"><\/span><\/span><\/div><div class=\"w-post-elm post_custom_field usg_post_custom_field_3 type_text prevodovka_grid color_link_inherit\"><span class=\"w-post-elm-value\">Sedan<\/span><\/div><\/div><div class=\"w-vwrapper usg_vwrapper_5 align_center valign_middle\" style=\"--vwrapper-gap: 0.2rem;\"><div class=\"w-text usg_text_4 no_text icon_atleft\"><span class=\"w-text-h\"><i class=\"fas fa-calendar-alt\"><\/i><span class=\"w-text-value\"><\/span><\/span><\/div><div class=\"w-post-elm post_custom_field usg_post_custom_field_2 type_text rok_vyroby color_link_inherit\"><span class=\"w-post-elm-value\">2026<\/span><\/div><\/div><div class=\"w-vwrapper usg_vwrapper_4 align_center valign_middle\" style=\"--vwrapper-gap: 0.2rem;\"><div class=\"w-text usg_text_2 no_text icon_atleft\"><span class=\"w-text-h\"><i class=\"fas fa-gas-pump\"><\/i><span class=\"w-text-value\"><\/span><\/span><\/div><div class=\"w-post-elm post_custom_field usg_post_custom_field_4 type_text palivo_grid color_link_inherit\"><span class=\"w-post-elm-value\">Benz\u00edn<\/span><\/div><\/div><\/div><div class=\"w-vwrapper usg_vwrapper_2 align_center valign_top\" style=\"--vwrapper-gap: 0.7rem;\"><a class=\"w-btn us-btn-style_1 usg_btn_1\" href=\"https:\/\/behr.sk\/citroen\/trnava\/produkt\/citroen-c4-x-plus-puretech-130-ss-eat8\/\"><span class=\"w-btn-label\">Zobrazi\u0165 vozidlo<\/span><\/a><\/div><\/div>\t\t<\/div>\r\n\t\t\t<\/article>\r\n\t<article class=\"w-grid-item size_1x1 post-644026 product type-product status-publish has-post-thumbnail product_cat-citroen product_tag-c3-aircross pa_akost-nove-vozidlo pa_stav-nove first instock purchasable product-type-simple\" data-id=\"644026\">\r\n\t\t<div class=\"w-grid-item-h\">\r\n\t\t\t\t\t\t<div class=\"w-post-elm post_image usg_post_image_1 has_ratio\"><a href=\"https:\/\/behr.sk\/citroen\/trnava\/produkt\/citroen-c3-aircross-1-2-turbo-100-plus\/\" aria-label=\"Citro\u00ebn C3 Aircross 1.2 Turbo 100 Plus\"><img loading=\"lazy\" decoding=\"async\" width=\"1024\" height=\"768\" src=\"https:\/\/behr.sk\/citroen\/trnava\/wp-content\/uploads\/sites\/2\/2026\/06\/Psi8ENUOa_fss-1024x768.jpeg\" class=\"attachment-large size-large wp-post-image\" alt=\"\" \/><\/a><div style=\"padding-bottom:75%\"><\/div><\/div><div class=\"w-vwrapper usg_vwrapper_1 align_none valign_bottom\" style=\"--vwrapper-gap: 1.20rem;\"><div class=\"w-post-elm post_custom_field usg_post_custom_field_1 has_text_color type_text simple_nazov_do_gridu color_link_inherit\"><span class=\"w-post-elm-value\">Citro\u00ebn C3 Aircross<\/span><\/div><div class=\"w-hwrapper usg_hwrapper_3 align_justify valign_bottom\" style=\"--hwrapper-gap: 1.20rem;\"><\/div><div class=\"w-hwrapper usg_hwrapper_1 align_justify valign_bottom\" style=\"--hwrapper-gap: 1.20rem;\"><div class=\"w-text usg_text_1\"><span class=\"w-text-h\"><span class=\"w-text-value\">Predajn\u00e1 cena:<\/span><\/span><\/div><p class=\"w-post-elm product_field price usg_product_field_1\"><span class=\"woocommerce-Price-amount amount\"><bdi>19 915&nbsp;<span class=\"woocommerce-Price-currencySymbol\">&euro;<\/span><\/bdi><\/span><\/p><\/div><div class=\"w-hwrapper usg_hwrapper_2 gridVozidlaImportIkonky align_justify valign_middle\" style=\"--hwrapper-gap: 1.20rem;\"><div class=\"w-vwrapper usg_vwrapper_3 align_center valign_middle\" style=\"--vwrapper-gap: 0.2rem; --vwrapper-parent-gap: 1.20rem;\"><div class=\"w-text usg_text_3 no_text icon_atleft\"><span class=\"w-text-h\"><i class=\"fas fa-car\"><\/i><span class=\"w-text-value\"><\/span><\/span><\/div><div class=\"w-post-elm post_custom_field usg_post_custom_field_3 type_text prevodovka_grid color_link_inherit\"><span class=\"w-post-elm-value\">SUV<\/span><\/div><\/div><div class=\"w-vwrapper usg_vwrapper_5 align_center valign_middle\" style=\"--vwrapper-gap: 0.2rem;\"><div class=\"w-text usg_text_4 no_text icon_atleft\"><span class=\"w-text-h\"><i class=\"fas fa-calendar-alt\"><\/i><span class=\"w-text-value\"><\/span><\/span><\/div><div class=\"w-post-elm post_custom_field usg_post_custom_field_2 type_text rok_vyroby color_link_inherit\"><span class=\"w-post-elm-value\">2026<\/span><\/div><\/div><div class=\"w-vwrapper usg_vwrapper_4 align_center valign_middle\" style=\"--vwrapper-gap: 0.2rem;\"><div class=\"w-text usg_text_2 no_text icon_atleft\"><span class=\"w-text-h\"><i class=\"fas fa-gas-pump\"><\/i><span class=\"w-text-value\"><\/span><\/span><\/div><div class=\"w-post-elm post_custom_field usg_post_custom_field_4 type_text palivo_grid color_link_inherit\"><span class=\"w-post-elm-value\">Benz\u00edn<\/span><\/div><\/div><\/div><div class=\"w-vwrapper usg_vwrapper_2 align_center valign_top\" style=\"--vwrapper-gap: 0.7rem;\"><a class=\"w-btn us-btn-style_1 usg_btn_1\" href=\"https:\/\/behr.sk\/citroen\/trnava\/produkt\/citroen-c3-aircross-1-2-turbo-100-plus\/\"><span class=\"w-btn-label\">Zobrazi\u0165 vozidlo<\/span><\/a><\/div><\/div>\t\t<\/div>\r\n\t\t\t<\/article>\r\n\t<article class=\"w-grid-item size_1x1 post-643480 product type-product status-publish has-post-thumbnail product_cat-citroen product_tag-c3 pa_akost-nove-vozidlo pa_stav-nove  instock purchasable product-type-simple\" data-id=\"643480\">\r\n\t\t<div class=\"w-grid-item-h\">\r\n\t\t\t\t\t\t<div class=\"w-post-elm post_image usg_post_image_1 has_ratio\"><a href=\"https:\/\/behr.sk\/citroen\/trnava\/produkt\/citroen-c3-plus-hybrid-mhev-110-e-dct6\/\" aria-label=\"Citro\u00ebn C3 PLUS Hybrid (MHEV) 110 \u00eb-DCT6\"><img loading=\"lazy\" decoding=\"async\" width=\"1024\" height=\"768\" src=\"https:\/\/behr.sk\/citroen\/trnava\/wp-content\/uploads\/sites\/2\/2026\/05\/zYeJn9F68Z_fss-1024x768.jpeg\" class=\"attachment-large size-large wp-post-image\" alt=\"\" \/><\/a><div style=\"padding-bottom:75%\"><\/div><\/div><div class=\"w-vwrapper usg_vwrapper_1 align_none valign_bottom\" style=\"--vwrapper-gap: 1.20rem;\"><div class=\"w-post-elm post_custom_field usg_post_custom_field_1 has_text_color type_text simple_nazov_do_gridu color_link_inherit\"><span class=\"w-post-elm-value\">Citro\u00ebn C3<\/span><\/div><div class=\"w-hwrapper usg_hwrapper_3 align_justify valign_bottom\" style=\"--hwrapper-gap: 1.20rem;\"><\/div><div class=\"w-hwrapper usg_hwrapper_1 align_justify valign_bottom\" style=\"--hwrapper-gap: 1.20rem;\"><div class=\"w-text usg_text_1\"><span class=\"w-text-h\"><span class=\"w-text-value\">Predajn\u00e1 cena:<\/span><\/span><\/div><p class=\"w-post-elm product_field price usg_product_field_1\"><span class=\"woocommerce-Price-amount amount\"><bdi>18 440&nbsp;<span class=\"woocommerce-Price-currencySymbol\">&euro;<\/span><\/bdi><\/span><\/p><\/div><div class=\"w-hwrapper usg_hwrapper_2 gridVozidlaImportIkonky align_justify valign_middle\" style=\"--hwrapper-gap: 1.20rem;\"><div class=\"w-vwrapper usg_vwrapper_3 align_center valign_middle\" style=\"--vwrapper-gap: 0.2rem; --vwrapper-parent-gap: 1.20rem;\"><div class=\"w-text usg_text_3 no_text icon_atleft\"><span class=\"w-text-h\"><i class=\"fas fa-car\"><\/i><span class=\"w-text-value\"><\/span><\/span><\/div><div class=\"w-post-elm post_custom_field usg_post_custom_field_3 type_text prevodovka_grid color_link_inherit\"><span class=\"w-post-elm-value\">Hatchback<\/span><\/div><\/div><div class=\"w-vwrapper usg_vwrapper_5 align_center valign_middle\" style=\"--vwrapper-gap: 0.2rem;\"><div class=\"w-text usg_text_4 no_text icon_atleft\"><span class=\"w-text-h\"><i class=\"fas fa-calendar-alt\"><\/i><span class=\"w-text-value\"><\/span><\/span><\/div><div class=\"w-post-elm post_custom_field usg_post_custom_field_2 type_text rok_vyroby color_link_inherit\"><span class=\"w-post-elm-value\">2026<\/span><\/div><\/div><div class=\"w-vwrapper usg_vwrapper_4 align_center valign_middle\" style=\"--vwrapper-gap: 0.2rem;\"><div class=\"w-text usg_text_2 no_text icon_atleft\"><span class=\"w-text-h\"><i class=\"fas fa-gas-pump\"><\/i><span class=\"w-text-value\"><\/span><\/span><\/div><div class=\"w-post-elm post_custom_field usg_post_custom_field_4 type_text palivo_grid color_link_inherit\"><span class=\"w-post-elm-value\">Benz\u00edn<\/span><\/div><\/div><\/div><div class=\"w-vwrapper usg_vwrapper_2 align_center valign_top\" style=\"--vwrapper-gap: 0.7rem;\"><a class=\"w-btn us-btn-style_1 usg_btn_1\" href=\"https:\/\/behr.sk\/citroen\/trnava\/produkt\/citroen-c3-plus-hybrid-mhev-110-e-dct6\/\"><span class=\"w-btn-label\">Zobrazi\u0165 vozidlo<\/span><\/a><\/div><\/div>\t\t<\/div>\r\n\t\t\t<\/article>\r\n\t<article class=\"w-grid-item size_1x1 post-644089 product type-product status-publish has-post-thumbnail product_cat-citroen product_tag-c3 pa_akost-nove-vozidlo pa_stav-nove last instock purchasable product-type-simple\" data-id=\"644089\">\r\n\t\t<div class=\"w-grid-item-h\">\r\n\t\t\t\t\t\t<div class=\"w-post-elm post_image usg_post_image_1 has_ratio\"><a href=\"https:\/\/behr.sk\/citroen\/trnava\/produkt\/citroen-c3-plus-turbo-100-ss\/\" aria-label=\"Citro\u00ebn C3 PLUS Turbo 100 S&amp;S\"><img loading=\"lazy\" decoding=\"async\" width=\"1024\" height=\"576\" src=\"https:\/\/behr.sk\/citroen\/trnava\/wp-content\/uploads\/sites\/2\/2026\/06\/OAVGUd2RK_fss-1024x576.jpeg\" class=\"attachment-large size-large wp-post-image\" alt=\"\" \/><\/a><div style=\"padding-bottom:75%\"><\/div><\/div><div class=\"w-vwrapper usg_vwrapper_1 align_none valign_bottom\" style=\"--vwrapper-gap: 1.20rem;\"><div class=\"w-post-elm post_custom_field usg_post_custom_field_1 has_text_color type_text simple_nazov_do_gridu color_link_inherit\"><span class=\"w-post-elm-value\">Citro\u00ebn C3<\/span><\/div><div class=\"w-hwrapper usg_hwrapper_3 align_justify valign_bottom\" style=\"--hwrapper-gap: 1.20rem;\"><\/div><div class=\"w-hwrapper usg_hwrapper_1 align_justify valign_bottom\" style=\"--hwrapper-gap: 1.20rem;\"><div class=\"w-text usg_text_1\"><span class=\"w-text-h\"><span class=\"w-text-value\">Predajn\u00e1 cena:<\/span><\/span><\/div><p class=\"w-post-elm product_field price usg_product_field_1\"><span class=\"woocommerce-Price-amount amount\"><bdi>17 090&nbsp;<span class=\"woocommerce-Price-currencySymbol\">&euro;<\/span><\/bdi><\/span><\/p><\/div><div class=\"w-hwrapper usg_hwrapper_2 gridVozidlaImportIkonky align_justify valign_middle\" style=\"--hwrapper-gap: 1.20rem;\"><div class=\"w-vwrapper usg_vwrapper_3 align_center valign_middle\" style=\"--vwrapper-gap: 0.2rem; --vwrapper-parent-gap: 1.20rem;\"><div class=\"w-text usg_text_3 no_text icon_atleft\"><span class=\"w-text-h\"><i class=\"fas fa-car\"><\/i><span class=\"w-text-value\"><\/span><\/span><\/div><div class=\"w-post-elm post_custom_field usg_post_custom_field_3 type_text prevodovka_grid color_link_inherit\"><span class=\"w-post-elm-value\">Hatchback<\/span><\/div><\/div><div class=\"w-vwrapper usg_vwrapper_5 align_center valign_middle\" style=\"--vwrapper-gap: 0.2rem;\"><div class=\"w-text usg_text_4 no_text icon_atleft\"><span class=\"w-text-h\"><i class=\"fas fa-calendar-alt\"><\/i><span class=\"w-text-value\"><\/span><\/span><\/div><div class=\"w-post-elm post_custom_field usg_post_custom_field_2 type_text rok_vyroby color_link_inherit\"><span class=\"w-post-elm-value\">2026<\/span><\/div><\/div><div class=\"w-vwrapper usg_vwrapper_4 align_center valign_middle\" style=\"--vwrapper-gap: 0.2rem;\"><div class=\"w-text usg_text_2 no_text icon_atleft\"><span class=\"w-text-h\"><i class=\"fas fa-gas-pump\"><\/i><span class=\"w-text-value\"><\/span><\/span><\/div><div class=\"w-post-elm post_custom_field usg_post_custom_field_4 type_text palivo_grid color_link_inherit\"><span class=\"w-post-elm-value\">Benz\u00edn<\/span><\/div><\/div><\/div><div class=\"w-vwrapper usg_vwrapper_2 align_center valign_top\" style=\"--vwrapper-gap: 0.7rem;\"><a class=\"w-btn us-btn-style_1 usg_btn_1\" href=\"https:\/\/behr.sk\/citroen\/trnava\/produkt\/citroen-c3-plus-turbo-100-ss\/\"><span class=\"w-btn-label\">Zobrazi\u0165 vozidlo<\/span><\/a><\/div><\/div>\t\t<\/div>\r\n\t\t\t<\/article>\r\n<\/div><div class=\"g-preloader type_1\"><div><\/div><\/div><div class=\"w-grid-list-json hidden\" onclick='return {&quot;max_num_pages&quot;:0,&quot;paginationBase&quot;:&quot;page&quot;,&quot;pagination&quot;:&quot;none&quot;,&quot;paged&quot;:1,&quot;ajaxData&quot;:{&quot;action&quot;:&quot;us_ajax_product_list&quot;,&quot;meta_type&quot;:&quot;post&quot;,&quot;object_id&quot;:0,&quot;template_vars&quot;:{&quot;shortcode_base&quot;:&quot;us_product_list&quot;,&quot;paged&quot;:1,&quot;max_num_pages&quot;:0,&quot;no_results&quot;:false,&quot;is_product_list&quot;:true,&quot;found_posts&quot;:0,&quot;per_page&quot;:999,&quot;items_count&quot;:12,&quot;orderby_random_seed&quot;:null,&quot;source&quot;:&quot;all&quot;,&quot;ids&quot;:&quot;&quot;,&quot;apply_url_params&quot;:0,&quot;onsale_only&quot;:0,&quot;featured_only&quot;:0,&quot;exclude_out_of_stock&quot;:0,&quot;exclude_hidden&quot;:1,&quot;exclude_current_product&quot;:1,&quot;exclude_prev_posts&quot;:0,&quot;enable_items_offset&quot;:0,&quot;items_offset&quot;:&quot;1&quot;,&quot;price_compare&quot;:&quot;none&quot;,&quot;price&quot;:&quot;99.99&quot;,&quot;price_max&quot;:&quot;299.99&quot;,&quot;tax_query_relation&quot;:&quot;AND&quot;,&quot;tax_query&quot;:&quot;%5B%7B%22operator%22%3A%22IN%22%2C%22taxonomy%22%3A%22pa_stav%22%2C%22terms%22%3A%2279%22%2C%22include_children%22%3A%220%22%7D%2C%7B%22operator%22%3A%22IN%22%2C%22taxonomy%22%3A%22product_cat%22%2C%22terms%22%3A%2224%22%2C%22include_children%22%3A%220%22%7D%5D&quot;,&quot;meta_query_relation&quot;:&quot;none&quot;,&quot;meta_query&quot;:[{&quot;key&quot;:&quot;custom_field_name&quot;,&quot;compare&quot;:&quot;=&quot;,&quot;value&quot;:&quot;&quot;}],&quot;orderby&quot;:&quot;date&quot;,&quot;orderby_custom_field&quot;:&quot;&quot;,&quot;orderby_recent_sales_days&quot;:&quot;30&quot;,&quot;orderby_custom_type&quot;:0,&quot;order_invert&quot;:0,&quot;show_all&quot;:&quot;1&quot;,&quot;quantity&quot;:&quot;12&quot;,&quot;posts_per_archive_page&quot;:0,&quot;no_items_action&quot;:&quot;message&quot;,&quot;no_items_message&quot;:&quot;Neboli n\\u00e1jden\\u00e9 \\u017eiadne v\\u00fdsledky.&quot;,&quot;no_items_page_block&quot;:&quot;&quot;,&quot;pagination&quot;:&quot;none&quot;,&quot;pagination_style&quot;:&quot;&quot;,&quot;pagination_btn_text&quot;:&quot;Load More&quot;,&quot;pagination_btn_size&quot;:&quot;&quot;,&quot;pagination_btn_style&quot;:&quot;1&quot;,&quot;pagination_btn_fullwidth&quot;:0,&quot;items_layout&quot;:&quot;294&quot;,&quot;type&quot;:&quot;grid&quot;,&quot;items_valign&quot;:0,&quot;ignore_items_size&quot;:0,&quot;columns&quot;:&quot;4&quot;,&quot;items_gap&quot;:&quot;1rem&quot;,&quot;load_animation&quot;:&quot;none&quot;,&quot;items_preload_style&quot;:&quot;spinner&quot;,&quot;img_size&quot;:&quot;default&quot;,&quot;img_aspect_ratio&quot;:&quot;&quot;,&quot;title_size&quot;:&quot;&quot;,&quot;item_aspect_ratio&quot;:&quot;&quot;,&quot;overriding_link&quot;:&quot;%7B%22url%22%3A%22%22%7D&quot;,&quot;popup_page_template&quot;:&quot;0&quot;,&quot;popup_width&quot;:&quot;&quot;,&quot;popup_arrows&quot;:1,&quot;breakpoint_1_width&quot;:&quot;1381px&quot;,&quot;breakpoint_1_cols&quot;:&quot;default&quot;,&quot;breakpoint_1_quantity&quot;:&quot;&quot;,&quot;breakpoint_1_gap&quot;:&quot;&quot;,&quot;breakpoint_2_width&quot;:&quot;1025px&quot;,&quot;breakpoint_2_cols&quot;:&quot;2&quot;,&quot;breakpoint_2_quantity&quot;:&quot;&quot;,&quot;breakpoint_2_gap&quot;:&quot;&quot;,&quot;breakpoint_3_width&quot;:&quot;601px&quot;,&quot;breakpoint_3_cols&quot;:&quot;1&quot;,&quot;breakpoint_3_quantity&quot;:&quot;&quot;,&quot;breakpoint_3_gap&quot;:&quot;&quot;,&quot;conditions_operator&quot;:&quot;always&quot;,&quot;conditions&quot;:[],&quot;css&quot;:null,&quot;el_class&quot;:&quot;&quot;,&quot;el_id&quot;:&quot;&quot;,&quot;enable_custom_html_atts&quot;:0,&quot;custom_html_atts&quot;:null,&quot;hide_on_states&quot;:&quot;&quot;,&quot;hide_for_sticky&quot;:0,&quot;hide_for_not_sticky&quot;:0,&quot;hide_below&quot;:&quot;0px&quot;,&quot;hide_above&quot;:&quot;0px&quot;,&quot;items_ratio&quot;:&quot;&quot;,&quot;items_ratio_width&quot;:&quot;&quot;,&quot;items_ratio_height&quot;:&quot;&quot;,&quot;classes&quot;:&quot;&quot;},&quot;found_posts&quot;:0,&quot;per_page&quot;:999},&quot;facetedFilter&quot;:[]}'><\/div><\/div><\/div><\/div><\/div><\/div><\/section>\n","protected":false},"excerpt":{"rendered":"ABS, Airbagy - po\u010det, ASR, Centr\u00e1lne zamykanie, ESP, Imobiliz\u00e9r, Isofix, Syst\u00e9m kontroly tlaku v pneumatik\u00e1ch (TPMS), Autor\u00e1dio, Bluetooth handsfree, Dotykov\u00fd displej, Elektrick\u00e9 okn\u00e1, Elektrick\u00e9 zrkadl\u00e1, Klimatiz\u00e1cia, LED svetlomety, LED svietenie, Multifunk\u010dn\u00fd volant, Palubn\u00fd po\u010d\u00edta\u010d, Parkovacie senzory, Posil\u0148ova\u010d riadenia, Tempomat, Vyhrievan\u00e9 zrkadl\u00e1, Vonkaj\u0161\u00ed teplomer, Apple CarPlay, Android Auto, Asistent rozjazdu do kopca, Da\u017e\u010fov\u00fd senzor, Stre\u0161n\u00fd nosi\u010d,...","protected":false},"author":1,"featured_media":0,"parent":0,"menu_order":0,"comment_status":"closed","ping_status":"closed","template":"","meta":{"_acf_changed":false,"footnotes":""},"class_list":["post-33","page","type-page","status-publish","hentry"],"acf":[],"yoast_head":"<!-- This site is optimized with the Yoast SEO plugin v26.8 - https:\/\/yoast.com\/product\/yoast-seo-wordpress\/ -->\n<title>Vozidl\u00e1 Citro\u00ebn ihne\u010f k odberu | Citro\u00ebn B\u00c9HR s. r. o.<\/title>\n<meta name=\"description\" content=\"V Citro\u00ebn B\u00c9HR s. r. o. m\u00e1me vozidl\u00e1 Citro\u00ebn ihne\u010f k odberu. Nav\u0161\u00edvte na\u0161e predajne v Trnave a Dunajskej Strede.\" \/>\n<meta name=\"robots\" content=\"index, follow, max-snippet:-1, max-image-preview:large, max-video-preview:-1\" \/>\n<link rel=\"canonical\" href=\"https:\/\/behr.sk\/citroen\/trnava\/vozidla-ihned-k-odberu\/\" \/>\n<meta property=\"og:locale\" content=\"sk_SK\" \/>\n<meta property=\"og:type\" content=\"article\" \/>\n<meta property=\"og:title\" content=\"Vozidl\u00e1 Citro\u00ebn ihne\u010f k odberu | Citro\u00ebn B\u00c9HR s. r. o.\" \/>\n<meta property=\"og:description\" content=\"V Citro\u00ebn B\u00c9HR s. r. o. m\u00e1me vozidl\u00e1 Citro\u00ebn ihne\u010f k odberu. Nav\u0161\u00edvte na\u0161e predajne v Trnave a Dunajskej Strede.\" \/>\n<meta property=\"og:url\" content=\"https:\/\/behr.sk\/citroen\/trnava\/vozidla-ihned-k-odberu\/\" \/>\n<meta property=\"og:site_name\" content=\"Citroen BEHR Trnava\" \/>\n<meta property=\"article:modified_time\" content=\"2026-07-21T14:05:26+00:00\" \/>\n<meta name=\"twitter:card\" content=\"summary_large_image\" \/>\n<meta name=\"twitter:label1\" content=\"Predpokladan\u00fd \u010das \u010d\u00edtania\" \/>\n\t<meta name=\"twitter:data1\" content=\"1 min\u00fata\" \/>\n<script type=\"application\/ld+json\" class=\"yoast-schema-graph\">{\"@context\":\"https:\/\/schema.org\",\"@graph\":[{\"@type\":\"WebPage\",\"@id\":\"https:\/\/behr.sk\/citroen\/trnava\/vozidla-ihned-k-odberu\/\",\"url\":\"https:\/\/behr.sk\/citroen\/trnava\/vozidla-ihned-k-odberu\/\",\"name\":\"Vozidl\u00e1 Citro\u00ebn ihne\u010f k odberu | Citro\u00ebn B\u00c9HR s. r. o.\",\"isPartOf\":{\"@id\":\"https:\/\/behr.sk\/citroen\/trnava\/#website\"},\"datePublished\":\"2023-05-22T09:03:22+00:00\",\"dateModified\":\"2026-07-21T14:05:26+00:00\",\"description\":\"V Citro\u00ebn B\u00c9HR s. r. o. m\u00e1me vozidl\u00e1 Citro\u00ebn ihne\u010f k odberu. Nav\u0161\u00edvte na\u0161e predajne v Trnave a Dunajskej Strede.\",\"inLanguage\":\"sk-SK\",\"potentialAction\":[{\"@type\":\"ReadAction\",\"target\":[\"https:\/\/behr.sk\/citroen\/trnava\/vozidla-ihned-k-odberu\/\"]}]},{\"@type\":\"WebSite\",\"@id\":\"https:\/\/behr.sk\/citroen\/trnava\/#website\",\"url\":\"https:\/\/behr.sk\/citroen\/trnava\/\",\"name\":\"Citroen BEHR Trnava\",\"description\":\"\",\"potentialAction\":[{\"@type\":\"SearchAction\",\"target\":{\"@type\":\"EntryPoint\",\"urlTemplate\":\"https:\/\/behr.sk\/citroen\/trnava\/?s={search_term_string}\"},\"query-input\":{\"@type\":\"PropertyValueSpecification\",\"valueRequired\":true,\"valueName\":\"search_term_string\"}}],\"inLanguage\":\"sk-SK\"}]}<\/script>\n<!-- \/ Yoast SEO plugin. -->","yoast_head_json":{"title":"Vozidl\u00e1 Citro\u00ebn ihne\u010f k odberu | Citro\u00ebn B\u00c9HR s. r. o.","description":"V Citro\u00ebn B\u00c9HR s. r. o. m\u00e1me vozidl\u00e1 Citro\u00ebn ihne\u010f k odberu. Nav\u0161\u00edvte na\u0161e predajne v Trnave a Dunajskej Strede.","robots":{"index":"index","follow":"follow","max-snippet":"max-snippet:-1","max-image-preview":"max-image-preview:large","max-video-preview":"max-video-preview:-1"},"canonical":"https:\/\/behr.sk\/citroen\/trnava\/vozidla-ihned-k-odberu\/","og_locale":"sk_SK","og_type":"article","og_title":"Vozidl\u00e1 Citro\u00ebn ihne\u010f k odberu | Citro\u00ebn B\u00c9HR s. r. o.","og_description":"V Citro\u00ebn B\u00c9HR s. r. o. m\u00e1me vozidl\u00e1 Citro\u00ebn ihne\u010f k odberu. Nav\u0161\u00edvte na\u0161e predajne v Trnave a Dunajskej Strede.","og_url":"https:\/\/behr.sk\/citroen\/trnava\/vozidla-ihned-k-odberu\/","og_site_name":"Citroen BEHR Trnava","article_modified_time":"2026-07-21T14:05:26+00:00","twitter_card":"summary_large_image","twitter_misc":{"Predpokladan\u00fd \u010das \u010d\u00edtania":"1 min\u00fata"},"schema":{"@context":"https:\/\/schema.org","@graph":[{"@type":"WebPage","@id":"https:\/\/behr.sk\/citroen\/trnava\/vozidla-ihned-k-odberu\/","url":"https:\/\/behr.sk\/citroen\/trnava\/vozidla-ihned-k-odberu\/","name":"Vozidl\u00e1 Citro\u00ebn ihne\u010f k odberu | Citro\u00ebn B\u00c9HR s. r. o.","isPartOf":{"@id":"https:\/\/behr.sk\/citroen\/trnava\/#website"},"datePublished":"2023-05-22T09:03:22+00:00","dateModified":"2026-07-21T14:05:26+00:00","description":"V Citro\u00ebn B\u00c9HR s. r. o. m\u00e1me vozidl\u00e1 Citro\u00ebn ihne\u010f k odberu. Nav\u0161\u00edvte na\u0161e predajne v Trnave a Dunajskej Strede.","inLanguage":"sk-SK","potentialAction":[{"@type":"ReadAction","target":["https:\/\/behr.sk\/citroen\/trnava\/vozidla-ihned-k-odberu\/"]}]},{"@type":"WebSite","@id":"https:\/\/behr.sk\/citroen\/trnava\/#website","url":"https:\/\/behr.sk\/citroen\/trnava\/","name":"Citroen BEHR Trnava","description":"","potentialAction":[{"@type":"SearchAction","target":{"@type":"EntryPoint","urlTemplate":"https:\/\/behr.sk\/citroen\/trnava\/?s={search_term_string}"},"query-input":{"@type":"PropertyValueSpecification","valueRequired":true,"valueName":"search_term_string"}}],"inLanguage":"sk-SK"}]}},"_links":{"self":[{"href":"https:\/\/behr.sk\/citroen\/trnava\/wp-json\/wp\/v2\/pages\/33","targetHints":{"allow":["GET"]}}],"collection":[{"href":"https:\/\/behr.sk\/citroen\/trnava\/wp-json\/wp\/v2\/pages"}],"about":[{"href":"https:\/\/behr.sk\/citroen\/trnava\/wp-json\/wp\/v2\/types\/page"}],"author":[{"embeddable":true,"href":"https:\/\/behr.sk\/citroen\/trnava\/wp-json\/wp\/v2\/users\/1"}],"replies":[{"embeddable":true,"href":"https:\/\/behr.sk\/citroen\/trnava\/wp-json\/wp\/v2\/comments?post=33"}],"version-history":[{"count":18,"href":"https:\/\/behr.sk\/citroen\/trnava\/wp-json\/wp\/v2\/pages\/33\/revisions"}],"predecessor-version":[{"id":644236,"href":"https:\/\/behr.sk\/citroen\/trnava\/wp-json\/wp\/v2\/pages\/33\/revisions\/644236"}],"wp:attachment":[{"href":"https:\/\/behr.sk\/citroen\/trnava\/wp-json\/wp\/v2\/media?parent=33"}],"curies":[{"name":"wp","href":"https:\/\/api.w.org\/{rel}","templated":true}]}}