{"id":35,"date":"2023-05-22T11:03:45","date_gmt":"2023-05-22T09:03:45","guid":{"rendered":"https:\/\/behr.sk\/citroen\/trnava\/?page_id=35"},"modified":"2024-06-20T13:39:03","modified_gmt":"2024-06-20T11:39:03","slug":"jazdene-vozidla","status":"publish","type":"page","link":"https:\/\/behr.sk\/citroen\/trnava\/jazdene-vozidla\/","title":{"rendered":"Jazden\u00e9 vozidl\u00e1"},"content":{"rendered":"<section class=\"l-section wpb_row us_custom_ef049d84 height_medium\"><div class=\"l-section-h i-cf\"><div class=\"g-cols vc_row via_grid cols_1 laptops-cols_inherit tablets-cols_inherit mobiles-cols_1 valign_top type_default stacking_default\"><div class=\"wpb_column vc_column_container\"><div class=\"vc_column-inner\"><h1 class=\"w-text us_custom_eb849559\"><span class=\"w-text-h\"><span class=\"w-text-value\">JAZDEN\u00c9 VOZIDL\u00c1<\/span><\/span><\/h1><div class=\"w-separator size_small\"><\/div><div class=\"w-grid us_grid type_grid layout_294 cols_4 pagination_infinite preload_style_spinner\" id=\"us_grid_1\" style=\"--columns:4;--gap:1rem;\" data-filterable=\"true\"><style>@media (max-width:1380px){#us_grid_1{--columns:3!important}}@media (max-width:1024px){#us_grid_1{--columns:2!important}}@media (max-width:600px){#us_grid_1{--columns:1!important}}.layout_294 .w-grid-item-h{border-radius:0rem}.layout_294 .usg_vwrapper_1{text-align:justify!important;border-radius:0 0 20px 20px!important;position:static!important;background:#F5F5F5!important;padding:20px 30px 20px 30px!important}.layout_294 .usg_post_image_1{border-radius:20px 20px 0 0!important}.layout_294 .usg_product_field_1{text-align:right!important;font-size:22px!important;font-family:var(--h1-font-family)!important;font-weight:500!important}.layout_294 .usg_text_1{text-align:left!important}.layout_294 .usg_post_custom_field_1{color:var(--color-content-primary)!important;font-size:max( 1.5rem,1.5vw )!important;font-family:var(--h1-font-family)!important;font-weight:500!important}.layout_294 .usg_text_2{text-align:center!important;font-size:22px!important}.layout_294 .usg_post_custom_field_2{text-align:center!important;font-size:14px!important}.layout_294 .usg_text_3{text-align:center!important;font-size:22px!important}.layout_294 .usg_post_custom_field_3{text-align:center!important;font-size:14px!important}.layout_294 .usg_text_4{text-align:center!important;font-size:22px!important}.layout_294 .usg_post_custom_field_4{text-align:center!important;font-size:14px!important}.layout_294 .usg_post_custom_field_5{text-align:left!important}.layout_294 .usg_post_custom_field_6{text-align:right!important;font-size:22px!important;font-family:var(--h1-font-family)!important;font-weight:500!important}.layout_294 .usg_post_custom_field_7{color:#ffffff!important;font-weight:500!important;border-radius:0 50px 50px 0!important;position:absolute!important;left:0!important;top:10px!important;z-index:3!important;background:var(--color-content-primary)!important;padding:5px 25px 5px 20px!important}<\/style><div class=\"w-grid-list\">\t<article class=\"w-grid-item size_1x1 post-644041 product type-product status-publish has-post-thumbnail product_cat-peugeot product_tag-101 pa_akost-nove-vozidlo pa_stav-pouzivane first instock purchasable product-type-simple\" data-id=\"644041\">\r\n\t\t<div class=\"w-grid-item-h\">\r\n\t\t\t\t\t\t<div class=\"w-post-elm post_image usg_post_image_1 has_ratio\"><a href=\"https:\/\/behr.sk\/citroen\/trnava\/produkt\/peugeot-2008-1-2-puretech-130-allure-eat8\/\" aria-label=\"Peugeot 2008 1.2 PureTech 130 Allure EAT8\"><img loading=\"lazy\" decoding=\"async\" width=\"1024\" height=\"768\" src=\"https:\/\/behr.sk\/citroen\/trnava\/wp-content\/uploads\/sites\/2\/2026\/06\/SSAZNtrAG_fss-1024x768.jpeg\" class=\"attachment-large size-large wp-post-image\" alt=\"\" \/><\/a><div style=\"padding-bottom:75%\"><\/div><\/div><div class=\"w-vwrapper usg_vwrapper_1 align_none valign_bottom\" style=\"--vwrapper-gap: 1.20rem;\"><div class=\"w-post-elm post_custom_field usg_post_custom_field_1 has_text_color type_text simple_nazov_do_gridu color_link_inherit\"><span class=\"w-post-elm-value\">Peugeot 2008<\/span><\/div><div class=\"w-hwrapper usg_hwrapper_3 align_justify valign_bottom\" style=\"--hwrapper-gap: 1.20rem;\"><\/div><div class=\"w-hwrapper usg_hwrapper_1 align_justify valign_bottom\" style=\"--hwrapper-gap: 1.20rem;\"><div class=\"w-text usg_text_1\"><span class=\"w-text-h\"><span class=\"w-text-value\">Predajn\u00e1 cena:<\/span><\/span><\/div><p class=\"w-post-elm product_field price usg_product_field_1\"><span class=\"woocommerce-Price-amount amount\"><bdi>21 990&nbsp;<span class=\"woocommerce-Price-currencySymbol\">&euro;<\/span><\/bdi><\/span><\/p><\/div><div class=\"w-hwrapper usg_hwrapper_2 gridVozidlaImportIkonky align_justify valign_middle\" style=\"--hwrapper-gap: 1.20rem;\"><div class=\"w-vwrapper usg_vwrapper_3 align_center valign_middle\" style=\"--vwrapper-gap: 0.2rem; --vwrapper-parent-gap: 1.20rem;\"><div class=\"w-text usg_text_3 no_text icon_atleft\"><span class=\"w-text-h\"><i class=\"fas fa-car\"><\/i><span class=\"w-text-value\"><\/span><\/span><\/div><div class=\"w-post-elm post_custom_field usg_post_custom_field_3 type_text prevodovka_grid color_link_inherit\"><span class=\"w-post-elm-value\">SUV<\/span><\/div><\/div><div class=\"w-vwrapper usg_vwrapper_5 align_center valign_middle\" style=\"--vwrapper-gap: 0.2rem;\"><div class=\"w-text usg_text_4 no_text icon_atleft\"><span class=\"w-text-h\"><i class=\"fas fa-calendar-alt\"><\/i><span class=\"w-text-value\"><\/span><\/span><\/div><div class=\"w-post-elm post_custom_field usg_post_custom_field_2 type_text rok_vyroby color_link_inherit\"><span class=\"w-post-elm-value\">2025<\/span><\/div><\/div><div class=\"w-vwrapper usg_vwrapper_4 align_center valign_middle\" style=\"--vwrapper-gap: 0.2rem;\"><div class=\"w-text usg_text_2 no_text icon_atleft\"><span class=\"w-text-h\"><i class=\"fas fa-gas-pump\"><\/i><span class=\"w-text-value\"><\/span><\/span><\/div><div class=\"w-post-elm post_custom_field usg_post_custom_field_4 type_text palivo_grid color_link_inherit\"><span class=\"w-post-elm-value\">Benz\u00edn<\/span><\/div><\/div><\/div><div class=\"w-vwrapper usg_vwrapper_2 align_center valign_top\" style=\"--vwrapper-gap: 0.7rem;\"><a class=\"w-btn us-btn-style_1 usg_btn_1\" href=\"https:\/\/behr.sk\/citroen\/trnava\/produkt\/peugeot-2008-1-2-puretech-130-allure-eat8\/\"><span class=\"w-btn-label\">Zobrazi\u0165 vozidlo<\/span><\/a><\/div><\/div>\t\t<\/div>\r\n\t\t\t<\/article>\r\n\t<article class=\"w-grid-item size_1x1 post-644073 product type-product status-publish has-post-thumbnail product_cat-hyundai product_tag-kona pa_akost-jazdene-vozidlo pa_stav-pouzivane  instock purchasable product-type-simple\" data-id=\"644073\">\r\n\t\t<div class=\"w-grid-item-h\">\r\n\t\t\t\t\t\t<div class=\"w-post-elm post_image usg_post_image_1 has_ratio\"><a href=\"https:\/\/behr.sk\/citroen\/trnava\/produkt\/hyundai-kona-1-0-t-gdi-comfort-a-t\/\" aria-label=\"Hyundai Kona 1.0 T-GDi Comfort A\/T\"><img loading=\"lazy\" decoding=\"async\" width=\"1024\" height=\"768\" src=\"https:\/\/behr.sk\/citroen\/trnava\/wp-content\/uploads\/sites\/2\/2026\/06\/a5myyEv4_fss-1024x768.jpeg\" class=\"attachment-large size-large wp-post-image\" alt=\"\" \/><\/a><div style=\"padding-bottom:75%\"><\/div><\/div><div class=\"w-vwrapper usg_vwrapper_1 align_none valign_bottom\" style=\"--vwrapper-gap: 1.20rem;\"><div class=\"w-post-elm post_custom_field usg_post_custom_field_1 has_text_color type_text simple_nazov_do_gridu color_link_inherit\"><span class=\"w-post-elm-value\">Hyundai Kona<\/span><\/div><div class=\"w-hwrapper usg_hwrapper_3 align_justify valign_bottom\" style=\"--hwrapper-gap: 1.20rem;\"><\/div><div class=\"w-hwrapper usg_hwrapper_1 align_justify valign_bottom\" style=\"--hwrapper-gap: 1.20rem;\"><div class=\"w-text usg_text_1\"><span class=\"w-text-h\"><span class=\"w-text-value\">Predajn\u00e1 cena:<\/span><\/span><\/div><p class=\"w-post-elm product_field price usg_product_field_1\"><span class=\"woocommerce-Price-amount amount\"><bdi>14 990&nbsp;<span class=\"woocommerce-Price-currencySymbol\">&euro;<\/span><\/bdi><\/span><\/p><\/div><div class=\"w-hwrapper usg_hwrapper_2 gridVozidlaImportIkonky align_justify valign_middle\" style=\"--hwrapper-gap: 1.20rem;\"><div class=\"w-vwrapper usg_vwrapper_3 align_center valign_middle\" style=\"--vwrapper-gap: 0.2rem; --vwrapper-parent-gap: 1.20rem;\"><div class=\"w-text usg_text_3 no_text icon_atleft\"><span class=\"w-text-h\"><i class=\"fas fa-car\"><\/i><span class=\"w-text-value\"><\/span><\/span><\/div><div class=\"w-post-elm post_custom_field usg_post_custom_field_3 type_text prevodovka_grid color_link_inherit\"><span class=\"w-post-elm-value\">SUV<\/span><\/div><\/div><div class=\"w-vwrapper usg_vwrapper_5 align_center valign_middle\" style=\"--vwrapper-gap: 0.2rem;\"><div class=\"w-text usg_text_4 no_text icon_atleft\"><span class=\"w-text-h\"><i class=\"fas fa-calendar-alt\"><\/i><span class=\"w-text-value\"><\/span><\/span><\/div><div class=\"w-post-elm post_custom_field usg_post_custom_field_2 type_text rok_vyroby color_link_inherit\"><span class=\"w-post-elm-value\">2021<\/span><\/div><\/div><div class=\"w-vwrapper usg_vwrapper_4 align_center valign_middle\" style=\"--vwrapper-gap: 0.2rem;\"><div class=\"w-text usg_text_2 no_text icon_atleft\"><span class=\"w-text-h\"><i class=\"fas fa-gas-pump\"><\/i><span class=\"w-text-value\"><\/span><\/span><\/div><div class=\"w-post-elm post_custom_field usg_post_custom_field_4 type_text palivo_grid color_link_inherit\"><span class=\"w-post-elm-value\">Benz\u00edn<\/span><\/div><\/div><\/div><div class=\"w-vwrapper usg_vwrapper_2 align_center valign_top\" style=\"--vwrapper-gap: 0.7rem;\"><a class=\"w-btn us-btn-style_1 usg_btn_1\" href=\"https:\/\/behr.sk\/citroen\/trnava\/produkt\/hyundai-kona-1-0-t-gdi-comfort-a-t\/\"><span class=\"w-btn-label\">Zobrazi\u0165 vozidlo<\/span><\/a><\/div><\/div>\t\t<\/div>\r\n\t\t\t<\/article>\r\n\t<article class=\"w-grid-item size_1x1 post-644104 product type-product status-publish has-post-thumbnail product_cat-peugeot product_tag-116 pa_akost-jazdene-vozidlo pa_stav-pouzivane last instock purchasable product-type-simple\" data-id=\"644104\">\r\n\t\t<div class=\"w-grid-item-h\">\r\n\t\t\t\t\t\t<div class=\"w-post-elm post_image usg_post_image_1 has_ratio\"><a href=\"https:\/\/behr.sk\/citroen\/trnava\/produkt\/peugeot-3008-1-2-mhev-136k-gt-e-dcs6\/\" aria-label=\"Peugeot 3008 1.2 mHEV 136k GT e-DCS6\"><img loading=\"lazy\" decoding=\"async\" width=\"1024\" height=\"768\" src=\"https:\/\/behr.sk\/citroen\/trnava\/wp-content\/uploads\/sites\/2\/2026\/06\/O43q-iSNI_fss-1024x768.jpeg\" class=\"attachment-large size-large wp-post-image\" alt=\"\" \/><\/a><div style=\"padding-bottom:75%\"><\/div><\/div><div class=\"w-vwrapper usg_vwrapper_1 align_none valign_bottom\" style=\"--vwrapper-gap: 1.20rem;\"><div class=\"w-post-elm post_custom_field usg_post_custom_field_1 has_text_color type_text simple_nazov_do_gridu color_link_inherit\"><span class=\"w-post-elm-value\">Peugeot 3008<\/span><\/div><div class=\"w-hwrapper usg_hwrapper_3 align_justify valign_bottom\" style=\"--hwrapper-gap: 1.20rem;\"><\/div><div class=\"w-hwrapper usg_hwrapper_1 align_justify valign_bottom\" style=\"--hwrapper-gap: 1.20rem;\"><div class=\"w-text usg_text_1\"><span class=\"w-text-h\"><span class=\"w-text-value\">Predajn\u00e1 cena:<\/span><\/span><\/div><p class=\"w-post-elm product_field price usg_product_field_1\"><span class=\"woocommerce-Price-amount amount\"><bdi>27 490&nbsp;<span class=\"woocommerce-Price-currencySymbol\">&euro;<\/span><\/bdi><\/span><\/p><\/div><div class=\"w-hwrapper usg_hwrapper_2 gridVozidlaImportIkonky align_justify valign_middle\" style=\"--hwrapper-gap: 1.20rem;\"><div class=\"w-vwrapper usg_vwrapper_3 align_center valign_middle\" style=\"--vwrapper-gap: 0.2rem; --vwrapper-parent-gap: 1.20rem;\"><div class=\"w-text usg_text_3 no_text icon_atleft\"><span class=\"w-text-h\"><i class=\"fas fa-car\"><\/i><span class=\"w-text-value\"><\/span><\/span><\/div><div class=\"w-post-elm post_custom_field usg_post_custom_field_3 type_text prevodovka_grid color_link_inherit\"><span class=\"w-post-elm-value\">SUV<\/span><\/div><\/div><div class=\"w-vwrapper usg_vwrapper_5 align_center valign_middle\" style=\"--vwrapper-gap: 0.2rem;\"><div class=\"w-text usg_text_4 no_text icon_atleft\"><span class=\"w-text-h\"><i class=\"fas fa-calendar-alt\"><\/i><span class=\"w-text-value\"><\/span><\/span><\/div><div class=\"w-post-elm post_custom_field usg_post_custom_field_2 type_text rok_vyroby color_link_inherit\"><span class=\"w-post-elm-value\">2025<\/span><\/div><\/div><div class=\"w-vwrapper usg_vwrapper_4 align_center valign_middle\" style=\"--vwrapper-gap: 0.2rem;\"><div class=\"w-text usg_text_2 no_text icon_atleft\"><span class=\"w-text-h\"><i class=\"fas fa-gas-pump\"><\/i><span class=\"w-text-value\"><\/span><\/span><\/div><div class=\"w-post-elm post_custom_field usg_post_custom_field_4 type_text palivo_grid color_link_inherit\"><span class=\"w-post-elm-value\">Hybrid<\/span><\/div><\/div><\/div><div class=\"w-vwrapper usg_vwrapper_2 align_center valign_top\" style=\"--vwrapper-gap: 0.7rem;\"><a class=\"w-btn us-btn-style_1 usg_btn_1\" href=\"https:\/\/behr.sk\/citroen\/trnava\/produkt\/peugeot-3008-1-2-mhev-136k-gt-e-dcs6\/\"><span class=\"w-btn-label\">Zobrazi\u0165 vozidlo<\/span><\/a><\/div><\/div>\t\t<\/div>\r\n\t\t\t<\/article>\r\n\t<article class=\"w-grid-item size_1x1 post-644119 product type-product status-publish has-post-thumbnail product_cat-peugeot product_tag-116 pa_akost-jazdene-vozidlo pa_stav-pouzivane first instock purchasable product-type-simple\" data-id=\"644119\">\r\n\t\t<div class=\"w-grid-item-h\">\r\n\t\t\t\t\t\t<div class=\"w-post-elm post_image usg_post_image_1 has_ratio\"><a href=\"https:\/\/behr.sk\/citroen\/trnava\/produkt\/peugeot-3008-1-2-mhev-136k-gt-e-dcs6-2\/\" aria-label=\"Peugeot 3008 1.2 mHEV 136k GT e-DCS6\"><img loading=\"lazy\" decoding=\"async\" width=\"1024\" height=\"768\" src=\"https:\/\/behr.sk\/citroen\/trnava\/wp-content\/uploads\/sites\/2\/2026\/06\/tbUbyesc8s_fss-1024x768.jpeg\" class=\"attachment-large size-large wp-post-image\" alt=\"\" \/><\/a><div style=\"padding-bottom:75%\"><\/div><\/div><div class=\"w-vwrapper usg_vwrapper_1 align_none valign_bottom\" style=\"--vwrapper-gap: 1.20rem;\"><div class=\"w-post-elm post_custom_field usg_post_custom_field_1 has_text_color type_text simple_nazov_do_gridu color_link_inherit\"><span class=\"w-post-elm-value\">Peugeot 3008<\/span><\/div><div class=\"w-hwrapper usg_hwrapper_3 align_justify valign_bottom\" style=\"--hwrapper-gap: 1.20rem;\"><\/div><div class=\"w-hwrapper usg_hwrapper_1 align_justify valign_bottom\" style=\"--hwrapper-gap: 1.20rem;\"><div class=\"w-text usg_text_1\"><span class=\"w-text-h\"><span class=\"w-text-value\">Predajn\u00e1 cena:<\/span><\/span><\/div><p class=\"w-post-elm product_field price usg_product_field_1\"><span class=\"woocommerce-Price-amount amount\"><bdi>27 490&nbsp;<span class=\"woocommerce-Price-currencySymbol\">&euro;<\/span><\/bdi><\/span><\/p><\/div><div class=\"w-hwrapper usg_hwrapper_2 gridVozidlaImportIkonky align_justify valign_middle\" style=\"--hwrapper-gap: 1.20rem;\"><div class=\"w-vwrapper usg_vwrapper_3 align_center valign_middle\" style=\"--vwrapper-gap: 0.2rem; --vwrapper-parent-gap: 1.20rem;\"><div class=\"w-text usg_text_3 no_text icon_atleft\"><span class=\"w-text-h\"><i class=\"fas fa-car\"><\/i><span class=\"w-text-value\"><\/span><\/span><\/div><div class=\"w-post-elm post_custom_field usg_post_custom_field_3 type_text prevodovka_grid color_link_inherit\"><span class=\"w-post-elm-value\">SUV<\/span><\/div><\/div><div class=\"w-vwrapper usg_vwrapper_5 align_center valign_middle\" style=\"--vwrapper-gap: 0.2rem;\"><div class=\"w-text usg_text_4 no_text icon_atleft\"><span class=\"w-text-h\"><i class=\"fas fa-calendar-alt\"><\/i><span class=\"w-text-value\"><\/span><\/span><\/div><div class=\"w-post-elm post_custom_field usg_post_custom_field_2 type_text rok_vyroby color_link_inherit\"><span class=\"w-post-elm-value\">2024<\/span><\/div><\/div><div class=\"w-vwrapper usg_vwrapper_4 align_center valign_middle\" style=\"--vwrapper-gap: 0.2rem;\"><div class=\"w-text usg_text_2 no_text icon_atleft\"><span class=\"w-text-h\"><i class=\"fas fa-gas-pump\"><\/i><span class=\"w-text-value\"><\/span><\/span><\/div><div class=\"w-post-elm post_custom_field usg_post_custom_field_4 type_text palivo_grid color_link_inherit\"><span class=\"w-post-elm-value\">Benz\u00edn<\/span><\/div><\/div><\/div><div class=\"w-vwrapper usg_vwrapper_2 align_center valign_top\" style=\"--vwrapper-gap: 0.7rem;\"><a class=\"w-btn us-btn-style_1 usg_btn_1\" href=\"https:\/\/behr.sk\/citroen\/trnava\/produkt\/peugeot-3008-1-2-mhev-136k-gt-e-dcs6-2\/\"><span class=\"w-btn-label\">Zobrazi\u0165 vozidlo<\/span><\/a><\/div><\/div>\t\t<\/div>\r\n\t\t\t<\/article>\r\n\t<article class=\"w-grid-item size_1x1 post-643103 product type-product status-publish has-post-thumbnail product_cat-citroen product_tag-c3 pa_akost-jazdene-vozidlo pa_stav-pouzivane  instock purchasable product-type-simple\" data-id=\"643103\">\r\n\t\t<div class=\"w-grid-item-h\">\r\n\t\t\t\t\t\t<div class=\"w-post-elm post_image usg_post_image_1 has_ratio\"><a href=\"https:\/\/behr.sk\/citroen\/trnava\/produkt\/citroen-c3-max-puretech-83\/\" aria-label=\"Citro\u00ebn C3 MAX PureTech 83\"><img loading=\"lazy\" decoding=\"async\" width=\"1024\" height=\"768\" src=\"https:\/\/behr.sk\/citroen\/trnava\/wp-content\/uploads\/sites\/2\/2026\/02\/GgtpNrwx_fss-1024x768.jpeg\" class=\"attachment-large size-large wp-post-image\" alt=\"\" \/><\/a><div style=\"padding-bottom:75%\"><\/div><\/div><div class=\"w-vwrapper usg_vwrapper_1 align_none valign_bottom\" style=\"--vwrapper-gap: 1.20rem;\"><div class=\"w-post-elm post_custom_field usg_post_custom_field_1 has_text_color type_text simple_nazov_do_gridu color_link_inherit\"><span class=\"w-post-elm-value\">Citro\u00ebn C3<\/span><\/div><div class=\"w-hwrapper usg_hwrapper_3 align_justify valign_bottom\" style=\"--hwrapper-gap: 1.20rem;\"><\/div><div class=\"w-hwrapper usg_hwrapper_1 align_justify valign_bottom\" style=\"--hwrapper-gap: 1.20rem;\"><div class=\"w-text usg_text_1\"><span class=\"w-text-h\"><span class=\"w-text-value\">Predajn\u00e1 cena:<\/span><\/span><\/div><p class=\"w-post-elm product_field price usg_product_field_1\"><span class=\"woocommerce-Price-amount amount\"><bdi>13 500&nbsp;<span class=\"woocommerce-Price-currencySymbol\">&euro;<\/span><\/bdi><\/span><\/p><\/div><div class=\"w-hwrapper usg_hwrapper_2 gridVozidlaImportIkonky align_justify valign_middle\" style=\"--hwrapper-gap: 1.20rem;\"><div class=\"w-vwrapper usg_vwrapper_3 align_center valign_middle\" style=\"--vwrapper-gap: 0.2rem; --vwrapper-parent-gap: 1.20rem;\"><div class=\"w-text usg_text_3 no_text icon_atleft\"><span class=\"w-text-h\"><i class=\"fas fa-car\"><\/i><span class=\"w-text-value\"><\/span><\/span><\/div><div class=\"w-post-elm post_custom_field usg_post_custom_field_3 type_text prevodovka_grid color_link_inherit\"><span class=\"w-post-elm-value\">Hatchback<\/span><\/div><\/div><div class=\"w-vwrapper usg_vwrapper_5 align_center valign_middle\" style=\"--vwrapper-gap: 0.2rem;\"><div class=\"w-text usg_text_4 no_text icon_atleft\"><span class=\"w-text-h\"><i class=\"fas fa-calendar-alt\"><\/i><span class=\"w-text-value\"><\/span><\/span><\/div><div class=\"w-post-elm post_custom_field usg_post_custom_field_2 type_text rok_vyroby color_link_inherit\"><span class=\"w-post-elm-value\">2024<\/span><\/div><\/div><div class=\"w-vwrapper usg_vwrapper_4 align_center valign_middle\" style=\"--vwrapper-gap: 0.2rem;\"><div class=\"w-text usg_text_2 no_text icon_atleft\"><span class=\"w-text-h\"><i class=\"fas fa-gas-pump\"><\/i><span class=\"w-text-value\"><\/span><\/span><\/div><div class=\"w-post-elm post_custom_field usg_post_custom_field_4 type_text palivo_grid color_link_inherit\"><span class=\"w-post-elm-value\">Benz\u00edn<\/span><\/div><\/div><\/div><div class=\"w-vwrapper usg_vwrapper_2 align_center valign_top\" style=\"--vwrapper-gap: 0.7rem;\"><a class=\"w-btn us-btn-style_1 usg_btn_1\" href=\"https:\/\/behr.sk\/citroen\/trnava\/produkt\/citroen-c3-max-puretech-83\/\"><span class=\"w-btn-label\">Zobrazi\u0165 vozidlo<\/span><\/a><\/div><\/div>\t\t<\/div>\r\n\t\t\t<\/article>\r\n\t<article class=\"w-grid-item size_1x1 post-643356 product type-product status-publish has-post-thumbnail product_cat-citroen product_tag-c3 pa_akost-jazdene-vozidlo pa_stav-pouzivane last instock purchasable product-type-simple\" data-id=\"643356\">\r\n\t\t<div class=\"w-grid-item-h\">\r\n\t\t\t\t\t\t<div class=\"w-post-elm post_image usg_post_image_1 has_ratio\"><a href=\"https:\/\/behr.sk\/citroen\/trnava\/produkt\/citroen-c3-max-turbo-100-ss\/\" aria-label=\"Citro\u00ebn C3 MAX Turbo 100 S&amp;S\"><img loading=\"lazy\" decoding=\"async\" width=\"1024\" height=\"461\" src=\"https:\/\/behr.sk\/citroen\/trnava\/wp-content\/uploads\/sites\/2\/2026\/03\/25QY7saH1G_fss-1024x461.jpeg\" class=\"attachment-large size-large wp-post-image\" alt=\"\" \/><\/a><div style=\"padding-bottom:75%\"><\/div><\/div><div class=\"w-vwrapper usg_vwrapper_1 align_none valign_bottom\" style=\"--vwrapper-gap: 1.20rem;\"><div class=\"w-post-elm post_custom_field usg_post_custom_field_1 has_text_color type_text simple_nazov_do_gridu color_link_inherit\"><span class=\"w-post-elm-value\">Citro\u00ebn C3<\/span><\/div><div class=\"w-hwrapper usg_hwrapper_3 align_justify valign_bottom\" style=\"--hwrapper-gap: 1.20rem;\"><\/div><div class=\"w-hwrapper usg_hwrapper_1 align_justify valign_bottom\" style=\"--hwrapper-gap: 1.20rem;\"><div class=\"w-text usg_text_1\"><span class=\"w-text-h\"><span class=\"w-text-value\">Predajn\u00e1 cena:<\/span><\/span><\/div><p class=\"w-post-elm product_field price usg_product_field_1\"><span class=\"woocommerce-Price-amount amount\"><bdi>17 500&nbsp;<span class=\"woocommerce-Price-currencySymbol\">&euro;<\/span><\/bdi><\/span><\/p><\/div><div class=\"w-hwrapper usg_hwrapper_2 gridVozidlaImportIkonky align_justify valign_middle\" style=\"--hwrapper-gap: 1.20rem;\"><div class=\"w-vwrapper usg_vwrapper_3 align_center valign_middle\" style=\"--vwrapper-gap: 0.2rem; --vwrapper-parent-gap: 1.20rem;\"><div class=\"w-text usg_text_3 no_text icon_atleft\"><span class=\"w-text-h\"><i class=\"fas fa-car\"><\/i><span class=\"w-text-value\"><\/span><\/span><\/div><div class=\"w-post-elm post_custom_field usg_post_custom_field_3 type_text prevodovka_grid color_link_inherit\"><span class=\"w-post-elm-value\">Hatchback<\/span><\/div><\/div><div class=\"w-vwrapper usg_vwrapper_5 align_center valign_middle\" style=\"--vwrapper-gap: 0.2rem;\"><div class=\"w-text usg_text_4 no_text icon_atleft\"><span class=\"w-text-h\"><i class=\"fas fa-calendar-alt\"><\/i><span class=\"w-text-value\"><\/span><\/span><\/div><div class=\"w-post-elm post_custom_field usg_post_custom_field_2 type_text rok_vyroby color_link_inherit\"><span class=\"w-post-elm-value\">2025<\/span><\/div><\/div><div class=\"w-vwrapper usg_vwrapper_4 align_center valign_middle\" style=\"--vwrapper-gap: 0.2rem;\"><div class=\"w-text usg_text_2 no_text icon_atleft\"><span class=\"w-text-h\"><i class=\"fas fa-gas-pump\"><\/i><span class=\"w-text-value\"><\/span><\/span><\/div><div class=\"w-post-elm post_custom_field usg_post_custom_field_4 type_text palivo_grid color_link_inherit\"><span class=\"w-post-elm-value\">Benz\u00edn<\/span><\/div><\/div><\/div><div class=\"w-vwrapper usg_vwrapper_2 align_center valign_top\" style=\"--vwrapper-gap: 0.7rem;\"><a class=\"w-btn us-btn-style_1 usg_btn_1\" href=\"https:\/\/behr.sk\/citroen\/trnava\/produkt\/citroen-c3-max-turbo-100-ss\/\"><span class=\"w-btn-label\">Zobrazi\u0165 vozidlo<\/span><\/a><\/div><\/div>\t\t<\/div>\r\n\t\t\t<\/article>\r\n\t<article class=\"w-grid-item size_1x1 post-643364 product type-product status-publish has-post-thumbnail product_cat-citroen product_tag-c3 pa_akost-nove-vozidlo pa_stav-pouzivane first instock purchasable product-type-simple\" data-id=\"643364\">\r\n\t\t<div class=\"w-grid-item-h\">\r\n\t\t\t\t\t\t<div class=\"w-post-elm post_image usg_post_image_1 has_ratio\"><a href=\"https:\/\/behr.sk\/citroen\/trnava\/produkt\/citroen-c3-max-turbo-100-ss-3\/\" aria-label=\"Citro\u00ebn C3 MAX Turbo 100 S&amp;S\"><img loading=\"lazy\" decoding=\"async\" width=\"1024\" height=\"461\" src=\"https:\/\/behr.sk\/citroen\/trnava\/wp-content\/uploads\/sites\/2\/2026\/03\/npRc39-TA_fss-1024x461.jpeg\" class=\"attachment-large size-large wp-post-image\" alt=\"\" \/><\/a><div style=\"padding-bottom:75%\"><\/div><\/div><div class=\"w-vwrapper usg_vwrapper_1 align_none valign_bottom\" style=\"--vwrapper-gap: 1.20rem;\"><div class=\"w-post-elm post_custom_field usg_post_custom_field_1 has_text_color type_text simple_nazov_do_gridu color_link_inherit\"><span class=\"w-post-elm-value\">Citro\u00ebn C3<\/span><\/div><div class=\"w-hwrapper usg_hwrapper_3 align_justify valign_bottom\" style=\"--hwrapper-gap: 1.20rem;\"><\/div><div class=\"w-hwrapper usg_hwrapper_1 align_justify valign_bottom\" style=\"--hwrapper-gap: 1.20rem;\"><div class=\"w-text usg_text_1\"><span class=\"w-text-h\"><span class=\"w-text-value\">Predajn\u00e1 cena:<\/span><\/span><\/div><p class=\"w-post-elm product_field price usg_product_field_1\"><span class=\"woocommerce-Price-amount amount\"><bdi>17 500&nbsp;<span class=\"woocommerce-Price-currencySymbol\">&euro;<\/span><\/bdi><\/span><\/p><\/div><div class=\"w-hwrapper usg_hwrapper_2 gridVozidlaImportIkonky align_justify valign_middle\" style=\"--hwrapper-gap: 1.20rem;\"><div class=\"w-vwrapper usg_vwrapper_3 align_center valign_middle\" style=\"--vwrapper-gap: 0.2rem; --vwrapper-parent-gap: 1.20rem;\"><div class=\"w-text usg_text_3 no_text icon_atleft\"><span class=\"w-text-h\"><i class=\"fas fa-car\"><\/i><span class=\"w-text-value\"><\/span><\/span><\/div><div class=\"w-post-elm post_custom_field usg_post_custom_field_3 type_text prevodovka_grid color_link_inherit\"><span class=\"w-post-elm-value\">Hatchback<\/span><\/div><\/div><div class=\"w-vwrapper usg_vwrapper_5 align_center valign_middle\" style=\"--vwrapper-gap: 0.2rem;\"><div class=\"w-text usg_text_4 no_text icon_atleft\"><span class=\"w-text-h\"><i class=\"fas fa-calendar-alt\"><\/i><span class=\"w-text-value\"><\/span><\/span><\/div><div class=\"w-post-elm post_custom_field usg_post_custom_field_2 type_text rok_vyroby color_link_inherit\"><span class=\"w-post-elm-value\">2025<\/span><\/div><\/div><div class=\"w-vwrapper usg_vwrapper_4 align_center valign_middle\" style=\"--vwrapper-gap: 0.2rem;\"><div class=\"w-text usg_text_2 no_text icon_atleft\"><span class=\"w-text-h\"><i class=\"fas fa-gas-pump\"><\/i><span class=\"w-text-value\"><\/span><\/span><\/div><div class=\"w-post-elm post_custom_field usg_post_custom_field_4 type_text palivo_grid color_link_inherit\"><span class=\"w-post-elm-value\">Benz\u00edn<\/span><\/div><\/div><\/div><div class=\"w-vwrapper usg_vwrapper_2 align_center valign_top\" style=\"--vwrapper-gap: 0.7rem;\"><a class=\"w-btn us-btn-style_1 usg_btn_1\" href=\"https:\/\/behr.sk\/citroen\/trnava\/produkt\/citroen-c3-max-turbo-100-ss-3\/\"><span class=\"w-btn-label\">Zobrazi\u0165 vozidlo<\/span><\/a><\/div><\/div>\t\t<\/div>\r\n\t\t\t<\/article>\r\n<\/div>\t<div class=\"w-grid-preloader\">\r\n\t\t<div class=\"g-preloader type_1\">\r\n\t\t\t<div><\/div>\r\n\t\t<\/div>\r\n\t<\/div>\r\n\t\t<div class=\"w-grid-json hidden\" onclick='return {&quot;action&quot;:&quot;us_ajax_grid&quot;,&quot;infinite_scroll&quot;:0,&quot;max_num_pages&quot;:1,&quot;pagination&quot;:&quot;infinite&quot;,&quot;template_vars&quot;:{&quot;columns&quot;:&quot;4&quot;,&quot;exclude_items&quot;:&quot;none&quot;,&quot;img_size&quot;:&quot;default&quot;,&quot;ignore_items_size&quot;:0,&quot;items_layout&quot;:&quot;294&quot;,&quot;items_offset&quot;:&quot;1&quot;,&quot;load_animation&quot;:&quot;none&quot;,&quot;overriding_link&quot;:&quot;%7B%22url%22%3A%22%22%7D&quot;,&quot;post_id&quot;:0,&quot;query_args&quot;:{&quot;post_type&quot;:[&quot;product&quot;],&quot;tax_query&quot;:[{&quot;taxonomy&quot;:&quot;pa_stav&quot;,&quot;field&quot;:&quot;slug&quot;,&quot;terms&quot;:[&quot;pouzivane&quot;,&quot;predvadzacie&quot;]},{&quot;taxonomy&quot;:&quot;product_visibility&quot;,&quot;field&quot;:&quot;slug&quot;,&quot;terms&quot;:[&quot;exclude-from-catalog&quot;],&quot;operator&quot;:&quot;NOT IN&quot;}],&quot;post_status&quot;:[&quot;publish&quot;,&quot;acf-disabled&quot;],&quot;meta_query&quot;:[],&quot;posts_per_page&quot;:&quot;10&quot;},&quot;orderby_query_args&quot;:{&quot;orderby&quot;:{&quot;date&quot;:&quot;DESC&quot;}},&quot;type&quot;:&quot;grid&quot;,&quot;us_grid_post_type&quot;:&quot;product&quot;,&quot;us_grid_ajax_index&quot;:1,&quot;us_grid_filter_query_string&quot;:null,&quot;us_grid_index&quot;:1,&quot;page_args&quot;:[]}}'><\/div>\r\n\t<\/div><div class=\"w-separator size_medium\"><\/div><div class=\"w-actionbox us_custom_93db7e53 infoBoxVykup color_primary controls_right\"><div class=\"w-actionbox-text\"><h2 class=\"w-actionbox-title\">V\u00fdkup jazden\u00fdch vozidiel<\/h2><div class=\"w-actionbox-description\"><p>Rozm\u00fd\u0161\u013eate nad predajom vozidla? Nev\u00e1hajte sa na n\u00e1s obr\u00e1ti\u0165 s Va\u0161ou ponukou predaja ojazden\u00e9ho vozidla.<br \/>\nVykupujeme vozidl\u00e1 v\u0161etk\u00fdch zna\u010diek a modelov.<\/p>\n<\/div><\/div><div class=\"w-actionbox-controls\"><a class=\"w-btn us-btn-style_1 icon_atleft\" title=\"V\u00fdkup jazden\u00fdch vozidiel\" href=\"https:\/\/behr.sk\/citroen\/vykup-jazdenych-vozidiel\/\"><i class=\"fas fa-car\"><\/i><span class=\"w-btn-label\">M\u00e1m z\u00e1ujem<\/span><\/a><\/div><\/div><\/div><\/div><\/div><\/div><\/section>\n","protected":false},"excerpt":{"rendered":"Elektrick\u00e9 okn\u00e1, Parkovacie senzory, Hmlovky, Multifunk\u010dn\u00fd volant, Palubn\u00fd po\u010d\u00edta\u010d, Parkovacia kamera, Posil\u0148ova\u010d riadenia, Da\u017e\u010fov\u00fd senzor, Sveteln\u00fd senzor, Syst\u00e9m kontroly tlaku v pneumatik\u00e1ch (TPMS), Stop&amp;start syst\u00e9m, Tempomat, Vyhrievan\u00e9 predn\u00e9 sklo, Vyhrievan\u00fd volant, Isofix, Dia\u013ekov\u00e9 ovl\u00e1danie zamykania, Android Auto, Apple CarPlay, Klimatiz\u00e1cia, Vyhrievan\u00e9 seda\u010dky","protected":false},"author":1,"featured_media":0,"parent":0,"menu_order":0,"comment_status":"closed","ping_status":"closed","template":"","meta":{"_acf_changed":false,"footnotes":""},"class_list":["post-35","page","type-page","status-publish","hentry"],"acf":[],"yoast_head":"<!-- This site is optimized with the Yoast SEO plugin v26.8 - https:\/\/yoast.com\/product\/yoast-seo-wordpress\/ -->\n<title>Jazden\u00e9 vozidl\u00e1 | Citro\u00ebn B\u00c9HR s. r. o.<\/title>\n<meta name=\"description\" content=\"V Citro\u00ebn B\u00c9HR s. r. o. V\u00e1m pon\u00fakame jazden\u00e9 vozidl\u00e1 zna\u010dky Citro\u00ebn v skvelom stave za v\u00fdhodn\u00e9 ceny. Pr\u00eddte si vybra\u0165 to svoje.\" \/>\n<meta name=\"robots\" content=\"index, follow, max-snippet:-1, max-image-preview:large, max-video-preview:-1\" \/>\n<link rel=\"canonical\" href=\"https:\/\/behr.sk\/citroen\/trnava\/jazdene-vozidla\/\" \/>\n<meta property=\"og:locale\" content=\"sk_SK\" \/>\n<meta property=\"og:type\" content=\"article\" \/>\n<meta property=\"og:title\" content=\"Jazden\u00e9 vozidl\u00e1 | Citro\u00ebn B\u00c9HR s. r. o.\" \/>\n<meta property=\"og:description\" content=\"V Citro\u00ebn B\u00c9HR s. r. o. V\u00e1m pon\u00fakame jazden\u00e9 vozidl\u00e1 zna\u010dky Citro\u00ebn v skvelom stave za v\u00fdhodn\u00e9 ceny. Pr\u00eddte si vybra\u0165 to svoje.\" \/>\n<meta property=\"og:url\" content=\"https:\/\/behr.sk\/citroen\/trnava\/jazdene-vozidla\/\" \/>\n<meta property=\"og:site_name\" content=\"Citroen BEHR Trnava\" \/>\n<meta property=\"article:modified_time\" content=\"2024-06-20T11:39:03+00:00\" \/>\n<meta name=\"twitter:card\" content=\"summary_large_image\" \/>\n<meta name=\"twitter:label1\" content=\"Predpokladan\u00fd \u010das \u010d\u00edtania\" \/>\n\t<meta name=\"twitter:data1\" content=\"1 min\u00fata\" \/>\n<script type=\"application\/ld+json\" class=\"yoast-schema-graph\">{\"@context\":\"https:\/\/schema.org\",\"@graph\":[{\"@type\":\"WebPage\",\"@id\":\"https:\/\/behr.sk\/citroen\/trnava\/jazdene-vozidla\/\",\"url\":\"https:\/\/behr.sk\/citroen\/trnava\/jazdene-vozidla\/\",\"name\":\"Jazden\u00e9 vozidl\u00e1 | Citro\u00ebn B\u00c9HR s. r. o.\",\"isPartOf\":{\"@id\":\"https:\/\/behr.sk\/citroen\/trnava\/#website\"},\"datePublished\":\"2023-05-22T09:03:45+00:00\",\"dateModified\":\"2024-06-20T11:39:03+00:00\",\"description\":\"V Citro\u00ebn B\u00c9HR s. r. o. V\u00e1m pon\u00fakame jazden\u00e9 vozidl\u00e1 zna\u010dky Citro\u00ebn v skvelom stave za v\u00fdhodn\u00e9 ceny. Pr\u00eddte si vybra\u0165 to svoje.\",\"inLanguage\":\"sk-SK\",\"potentialAction\":[{\"@type\":\"ReadAction\",\"target\":[\"https:\/\/behr.sk\/citroen\/trnava\/jazdene-vozidla\/\"]}]},{\"@type\":\"WebSite\",\"@id\":\"https:\/\/behr.sk\/citroen\/trnava\/#website\",\"url\":\"https:\/\/behr.sk\/citroen\/trnava\/\",\"name\":\"Citroen BEHR Trnava\",\"description\":\"\",\"potentialAction\":[{\"@type\":\"SearchAction\",\"target\":{\"@type\":\"EntryPoint\",\"urlTemplate\":\"https:\/\/behr.sk\/citroen\/trnava\/?s={search_term_string}\"},\"query-input\":{\"@type\":\"PropertyValueSpecification\",\"valueRequired\":true,\"valueName\":\"search_term_string\"}}],\"inLanguage\":\"sk-SK\"}]}<\/script>\n<!-- \/ Yoast SEO plugin. -->","yoast_head_json":{"title":"Jazden\u00e9 vozidl\u00e1 | Citro\u00ebn B\u00c9HR s. r. o.","description":"V Citro\u00ebn B\u00c9HR s. r. o. V\u00e1m pon\u00fakame jazden\u00e9 vozidl\u00e1 zna\u010dky Citro\u00ebn v skvelom stave za v\u00fdhodn\u00e9 ceny. Pr\u00eddte si vybra\u0165 to svoje.","robots":{"index":"index","follow":"follow","max-snippet":"max-snippet:-1","max-image-preview":"max-image-preview:large","max-video-preview":"max-video-preview:-1"},"canonical":"https:\/\/behr.sk\/citroen\/trnava\/jazdene-vozidla\/","og_locale":"sk_SK","og_type":"article","og_title":"Jazden\u00e9 vozidl\u00e1 | Citro\u00ebn B\u00c9HR s. r. o.","og_description":"V Citro\u00ebn B\u00c9HR s. r. o. V\u00e1m pon\u00fakame jazden\u00e9 vozidl\u00e1 zna\u010dky Citro\u00ebn v skvelom stave za v\u00fdhodn\u00e9 ceny. Pr\u00eddte si vybra\u0165 to svoje.","og_url":"https:\/\/behr.sk\/citroen\/trnava\/jazdene-vozidla\/","og_site_name":"Citroen BEHR Trnava","article_modified_time":"2024-06-20T11:39:03+00:00","twitter_card":"summary_large_image","twitter_misc":{"Predpokladan\u00fd \u010das \u010d\u00edtania":"1 min\u00fata"},"schema":{"@context":"https:\/\/schema.org","@graph":[{"@type":"WebPage","@id":"https:\/\/behr.sk\/citroen\/trnava\/jazdene-vozidla\/","url":"https:\/\/behr.sk\/citroen\/trnava\/jazdene-vozidla\/","name":"Jazden\u00e9 vozidl\u00e1 | Citro\u00ebn B\u00c9HR s. r. o.","isPartOf":{"@id":"https:\/\/behr.sk\/citroen\/trnava\/#website"},"datePublished":"2023-05-22T09:03:45+00:00","dateModified":"2024-06-20T11:39:03+00:00","description":"V Citro\u00ebn B\u00c9HR s. r. o. V\u00e1m pon\u00fakame jazden\u00e9 vozidl\u00e1 zna\u010dky Citro\u00ebn v skvelom stave za v\u00fdhodn\u00e9 ceny. Pr\u00eddte si vybra\u0165 to svoje.","inLanguage":"sk-SK","potentialAction":[{"@type":"ReadAction","target":["https:\/\/behr.sk\/citroen\/trnava\/jazdene-vozidla\/"]}]},{"@type":"WebSite","@id":"https:\/\/behr.sk\/citroen\/trnava\/#website","url":"https:\/\/behr.sk\/citroen\/trnava\/","name":"Citroen BEHR Trnava","description":"","potentialAction":[{"@type":"SearchAction","target":{"@type":"EntryPoint","urlTemplate":"https:\/\/behr.sk\/citroen\/trnava\/?s={search_term_string}"},"query-input":{"@type":"PropertyValueSpecification","valueRequired":true,"valueName":"search_term_string"}}],"inLanguage":"sk-SK"}]}},"_links":{"self":[{"href":"https:\/\/behr.sk\/citroen\/trnava\/wp-json\/wp\/v2\/pages\/35","targetHints":{"allow":["GET"]}}],"collection":[{"href":"https:\/\/behr.sk\/citroen\/trnava\/wp-json\/wp\/v2\/pages"}],"about":[{"href":"https:\/\/behr.sk\/citroen\/trnava\/wp-json\/wp\/v2\/types\/page"}],"author":[{"embeddable":true,"href":"https:\/\/behr.sk\/citroen\/trnava\/wp-json\/wp\/v2\/users\/1"}],"replies":[{"embeddable":true,"href":"https:\/\/behr.sk\/citroen\/trnava\/wp-json\/wp\/v2\/comments?post=35"}],"version-history":[{"count":18,"href":"https:\/\/behr.sk\/citroen\/trnava\/wp-json\/wp\/v2\/pages\/35\/revisions"}],"predecessor-version":[{"id":639051,"href":"https:\/\/behr.sk\/citroen\/trnava\/wp-json\/wp\/v2\/pages\/35\/revisions\/639051"}],"wp:attachment":[{"href":"https:\/\/behr.sk\/citroen\/trnava\/wp-json\/wp\/v2\/media?parent=35"}],"curies":[{"name":"wp","href":"https:\/\/api.w.org\/{rel}","templated":true}]}}