{"id":43,"date":"2023-05-22T11:05:58","date_gmt":"2023-05-22T09:05:58","guid":{"rendered":"https:\/\/behr.sk\/citroen\/trnava\/?page_id=43"},"modified":"2026-04-02T08:41:53","modified_gmt":"2026-04-02T06:41:53","slug":"domov","status":"publish","type":"page","link":"https:\/\/behr.sk\/citroen\/trnava\/","title":{"rendered":"Domov"},"content":{"rendered":"<section class=\"l-section wpb_row height_auto\"><div class=\"l-section-h i-cf\"><div class=\"g-cols vc_row via_grid cols_1 laptops-cols_inherit tablets-cols_inherit mobiles-cols_1 valign_top type_default stacking_default\"><div class=\"wpb_column vc_column_container\"><div class=\"vc_column-inner\">\n\t\t\t<!-- START Slider | 07\/02\/251 REVOLUTION SLIDER 6.7.20 --><p class=\"rs-p-wp-fix\"><\/p>\n\t\t\t<rs-module-wrap id=\"rev_slider_12_1_wrapper\" data-source=\"gallery\" style=\"visibility:hidden;background:#FFFFFF;padding:0;margin:0px auto;margin-top:0;margin-bottom:0;\">\n\t\t\t\t<rs-module id=\"rev_slider_12_1\" class=\" rs-ov-hidden\" style=\"\" data-version=\"6.7.20\">\n\t\t\t\t\t<rs-slides style=\"overflow: hidden; position: absolute;\">\n\t\t\t\t\t\t<rs-slide style=\"position: absolute;\" data-key=\"rs-107\" data-title=\"Slide\" data-thumb=\"\/\/behr.sk\/citroen\/trnava\/wp-content\/uploads\/sites\/2\/2026\/04\/akciova-ponuka-odkupny-bonus-citroen-hp-desktop.jpg-150x150.jpg\" data-link=\"\/\/www.citroen.sk\/kupit\/akcia\/odkupny-bonus.html\" data-tag=\"l\" data-target=\"_blank\" data-seoz=\"front\" data-anim=\"ms:600;\" data-in=\"o:0;\" data-out=\"a:false;\">\n\t\t\t\t\t\t\t<img decoding=\"async\" src=\"\/\/behr.sk\/citroen\/trnava\/wp-content\/plugins\/revslider\/sr6\/assets\/assets\/dummy.png\" alt=\"\" title=\"akciova-ponuka-odkupny-bonus-citroen-hp-desktop.jpg\" width=\"2048\" height=\"782\" class=\"rev-slidebg tp-rs-img rs-lazyload\" data-lazyload=\"\/\/behr.sk\/citroen\/trnava\/wp-content\/uploads\/sites\/2\/2026\/04\/akciova-ponuka-odkupny-bonus-citroen-hp-desktop.jpg.avif\" data-bg=\"p:center top;f:contain;\" data-parallax=\"off\" data-no-retina>\n<!--\n\t\t\t\t\t\t\t--><rs-layer\n\t\t\t\t\t\t\t\tid=\"slider-12-slide-107-layer-7\" \n\t\t\t\t\t\t\t\tdata-type=\"image\"\n\t\t\t\t\t\t\t\tdata-rsp_ch=\"on\"\n\t\t\t\t\t\t\t\tdata-xy=\"x:c;y:c;\"\n\t\t\t\t\t\t\t\tdata-text=\"w:normal;\"\n\t\t\t\t\t\t\t\tdata-dim=\"w:100%;\"\n\t\t\t\t\t\t\t\tdata-vbility=\"f,f,f,t\"\n\t\t\t\t\t\t\t\tdata-basealign=\"slide\"\n\t\t\t\t\t\t\t\tdata-frame_999=\"o:0;st:w;\"\n\t\t\t\t\t\t\t\tstyle=\"z-index:5;background-color:#ffffff;\"\n\t\t\t\t\t\t\t><img decoding=\"async\" src=\"\/\/behr.sk\/citroen\/trnava\/wp-content\/plugins\/revslider\/sr6\/assets\/assets\/dummy.png\" alt=\"\" class=\"tp-rs-img rs-lazyload\" width=\"750\" height=\"1100\" data-lazyload=\"\/\/behr.sk\/citroen\/trnava\/wp-content\/uploads\/sites\/2\/2026\/04\/akciova-ponuka-odkupny-bonus-citroen-hp-mobile.jpg.avif\" data-c=\"fullwidth\" data-no-retina> \n\t\t\t\t\t\t\t<\/rs-layer><!--\n-->\t\t\t\t\t<\/rs-slide>\n\t\t\t\t\t\t<rs-slide style=\"position: absolute;\" data-key=\"rs-108\" data-title=\"Slide\" data-thumb=\"\/\/behr.sk\/citroen\/trnava\/wp-content\/uploads\/sites\/2\/2026\/04\/citroen-pausal-operativny-leasing-ihned-hp-desktop-150x150.jpg\" data-link=\"\/\/www.citroen.sk\/kupit\/operativny-leasing\/citroen-pausal-ihned.html\" data-tag=\"l\" data-target=\"_blank\" data-seoz=\"front\" data-anim=\"ms:600;\" data-in=\"o:0;\" data-out=\"a:false;\">\n\t\t\t\t\t\t\t<img decoding=\"async\" src=\"\/\/behr.sk\/citroen\/trnava\/wp-content\/plugins\/revslider\/sr6\/assets\/assets\/dummy.png\" alt=\"\" title=\"citroen-pausal-operativny-leasing-ihned-hp-desktop\" width=\"2048\" height=\"782\" class=\"rev-slidebg tp-rs-img rs-lazyload\" data-lazyload=\"\/\/behr.sk\/citroen\/trnava\/wp-content\/uploads\/sites\/2\/2026\/04\/citroen-pausal-operativny-leasing-ihned-hp-desktop.avif\" data-bg=\"p:center top;f:contain;\" data-parallax=\"off\" data-no-retina>\n<!--\n\t\t\t\t\t\t\t--><rs-layer\n\t\t\t\t\t\t\t\tid=\"slider-12-slide-108-layer-7\" \n\t\t\t\t\t\t\t\tdata-type=\"image\"\n\t\t\t\t\t\t\t\tdata-rsp_ch=\"on\"\n\t\t\t\t\t\t\t\tdata-xy=\"x:c;y:c;\"\n\t\t\t\t\t\t\t\tdata-text=\"w:normal;\"\n\t\t\t\t\t\t\t\tdata-dim=\"w:100%;\"\n\t\t\t\t\t\t\t\tdata-vbility=\"f,f,f,t\"\n\t\t\t\t\t\t\t\tdata-basealign=\"slide\"\n\t\t\t\t\t\t\t\tdata-frame_999=\"o:0;st:w;\"\n\t\t\t\t\t\t\t\tstyle=\"z-index:5;background-color:#ffffff;\"\n\t\t\t\t\t\t\t><img decoding=\"async\" src=\"\/\/behr.sk\/citroen\/trnava\/wp-content\/plugins\/revslider\/sr6\/assets\/assets\/dummy.png\" alt=\"\" class=\"tp-rs-img rs-lazyload\" width=\"750\" height=\"1100\" data-lazyload=\"\/\/behr.sk\/citroen\/trnava\/wp-content\/uploads\/sites\/2\/2026\/04\/citroen-pausal-operativny-leasing-ihned-hp-mobile.avif\" data-c=\"fullwidth\" data-no-retina> \n\t\t\t\t\t\t\t<\/rs-layer><!--\n-->\t\t\t\t\t<\/rs-slide>\n\t\t\t\t\t\t<rs-slide style=\"position: absolute;\" data-key=\"rs-106\" data-title=\"Slide\" data-thumb=\"\/\/behr.sk\/citroen\/trnava\/wp-content\/uploads\/sites\/2\/2026\/04\/akciova-ponuka-mas-na-vyber-c5-aircross-hp-desktop.jpg-150x150.jpg\" data-link=\"\/\/behr.sk\/citroen\/trnava\/vozidla\/citroen-c5-aircross\/\" data-tag=\"l\" data-target=\"_blank\" data-seoz=\"front\" data-anim=\"ms:600;\" data-in=\"o:0;\" data-out=\"a:false;\">\n\t\t\t\t\t\t\t<img decoding=\"async\" src=\"\/\/behr.sk\/citroen\/trnava\/wp-content\/plugins\/revslider\/sr6\/assets\/assets\/dummy.png\" alt=\"\" title=\"akciova-ponuka-mas-na-vyber-c5-aircross-hp-desktop.jpg\" width=\"2048\" height=\"782\" class=\"rev-slidebg tp-rs-img rs-lazyload\" data-lazyload=\"\/\/behr.sk\/citroen\/trnava\/wp-content\/uploads\/sites\/2\/2026\/04\/akciova-ponuka-mas-na-vyber-c5-aircross-hp-desktop.jpg.avif\" data-bg=\"p:center top;f:contain;\" data-parallax=\"off\" data-no-retina>\n<!--\n\t\t\t\t\t\t\t--><rs-layer\n\t\t\t\t\t\t\t\tid=\"slider-12-slide-106-layer-7\" \n\t\t\t\t\t\t\t\tdata-type=\"image\"\n\t\t\t\t\t\t\t\tdata-rsp_ch=\"on\"\n\t\t\t\t\t\t\t\tdata-xy=\"x:c;y:c;\"\n\t\t\t\t\t\t\t\tdata-text=\"w:normal;\"\n\t\t\t\t\t\t\t\tdata-dim=\"w:100%;\"\n\t\t\t\t\t\t\t\tdata-vbility=\"f,f,f,t\"\n\t\t\t\t\t\t\t\tdata-basealign=\"slide\"\n\t\t\t\t\t\t\t\tdata-frame_999=\"o:0;st:w;\"\n\t\t\t\t\t\t\t\tstyle=\"z-index:5;background-color:#ffffff;\"\n\t\t\t\t\t\t\t><img decoding=\"async\" src=\"\/\/behr.sk\/citroen\/trnava\/wp-content\/plugins\/revslider\/sr6\/assets\/assets\/dummy.png\" alt=\"\" class=\"tp-rs-img rs-lazyload\" width=\"750\" height=\"1100\" data-lazyload=\"\/\/behr.sk\/citroen\/trnava\/wp-content\/uploads\/sites\/2\/2026\/04\/akciova-ponuka-mas-na-vyber-c5-aircross-hp-mobile.jpg.avif\" data-c=\"fullwidth\" data-no-retina> \n\t\t\t\t\t\t\t<\/rs-layer><!--\n-->\t\t\t\t\t<\/rs-slide>\n\t\t\t\t\t\t<rs-slide style=\"position: absolute;\" data-key=\"rs-100\" data-title=\"Slide\" data-link=\"\/\/behr.sk\/citroen\/trnava\/vozidla\/novy-citroen-c3\/\" data-tag=\"l\" data-target=\"_blank\" data-seoz=\"front\" data-anim=\"ms:600;\" data-in=\"o:0;\" data-out=\"a:false;\">\n\t\t\t\t\t\t\t<img decoding=\"async\" src=\"\/\/behr.sk\/citroen\/trnava\/wp-content\/plugins\/revslider\/sr6\/assets\/assets\/dummy.png\" alt=\"\" title=\"mas-na-vyber-citroen-c3-hp-desktop\" width=\"2048\" height=\"782\" class=\"rev-slidebg tp-rs-img rs-lazyload\" data-lazyload=\"\/\/behr.sk\/citroen\/trnava\/wp-content\/uploads\/sites\/2\/2026\/04\/mas-na-vyber-citroen-c3-hp-desktop.webp\" data-bg=\"p:center top;f:contain;\" data-parallax=\"off\" data-no-retina>\n<!--\n\t\t\t\t\t\t\t--><rs-layer\n\t\t\t\t\t\t\t\tid=\"slider-12-slide-100-layer-7\" \n\t\t\t\t\t\t\t\tdata-type=\"image\"\n\t\t\t\t\t\t\t\tdata-rsp_ch=\"on\"\n\t\t\t\t\t\t\t\tdata-xy=\"x:c;y:c;\"\n\t\t\t\t\t\t\t\tdata-text=\"w:normal;\"\n\t\t\t\t\t\t\t\tdata-dim=\"w:100%;\"\n\t\t\t\t\t\t\t\tdata-vbility=\"f,f,f,t\"\n\t\t\t\t\t\t\t\tdata-basealign=\"slide\"\n\t\t\t\t\t\t\t\tdata-frame_999=\"o:0;st:w;\"\n\t\t\t\t\t\t\t\tstyle=\"z-index:5;background-color:#ffffff;\"\n\t\t\t\t\t\t\t><img decoding=\"async\" src=\"\/\/behr.sk\/citroen\/trnava\/wp-content\/plugins\/revslider\/sr6\/assets\/assets\/dummy.png\" alt=\"\" class=\"tp-rs-img rs-lazyload\" width=\"750\" height=\"1100\" data-lazyload=\"\/\/behr.sk\/citroen\/trnava\/wp-content\/uploads\/sites\/2\/2026\/04\/mas-na-vyber-citroen-c3-hp-mobile.webp\" data-c=\"fullwidth\" data-no-retina> \n\t\t\t\t\t\t\t<\/rs-layer><!--\n-->\t\t\t\t\t<\/rs-slide>\n\t\t\t\t\t\t<rs-slide style=\"position: absolute;\" data-key=\"rs-96\" data-title=\"Slide\" data-thumb=\"\/\/behr.sk\/citroen\/trnava\/wp-content\/uploads\/sites\/2\/2026\/04\/uzitkove-vozidlo-citroen-c3-van-hp-desktop.jpg-150x150.jpg\" data-link=\"\/citroen\/trnava\/vozidla\/citroen-c3-van\/\" data-tag=\"l\" data-target=\"_blank\" data-seoz=\"front\" data-anim=\"ms:600;\" data-in=\"o:0;\" data-out=\"a:false;\">\n\t\t\t\t\t\t\t<img decoding=\"async\" src=\"\/\/behr.sk\/citroen\/trnava\/wp-content\/plugins\/revslider\/sr6\/assets\/assets\/dummy.png\" alt=\"\" title=\"uzitkove-vozidlo-citroen-c3-van-hp-desktop.jpg\" width=\"2048\" height=\"782\" class=\"rev-slidebg tp-rs-img rs-lazyload\" data-lazyload=\"\/\/behr.sk\/citroen\/trnava\/wp-content\/uploads\/sites\/2\/2026\/04\/uzitkove-vozidlo-citroen-c3-van-hp-desktop.jpg.avif\" data-bg=\"p:center top;f:contain;\" data-parallax=\"off\" data-no-retina>\n<!--\n\t\t\t\t\t\t\t--><rs-layer\n\t\t\t\t\t\t\t\tid=\"slider-12-slide-96-layer-7\" \n\t\t\t\t\t\t\t\tdata-type=\"image\"\n\t\t\t\t\t\t\t\tdata-rsp_ch=\"on\"\n\t\t\t\t\t\t\t\tdata-xy=\"x:c;y:c;\"\n\t\t\t\t\t\t\t\tdata-text=\"w:normal;\"\n\t\t\t\t\t\t\t\tdata-dim=\"w:100%;\"\n\t\t\t\t\t\t\t\tdata-vbility=\"f,f,f,t\"\n\t\t\t\t\t\t\t\tdata-basealign=\"slide\"\n\t\t\t\t\t\t\t\tdata-frame_999=\"o:0;st:w;\"\n\t\t\t\t\t\t\t\tstyle=\"z-index:5;background-color:#ffffff;\"\n\t\t\t\t\t\t\t><img decoding=\"async\" src=\"\/\/behr.sk\/citroen\/trnava\/wp-content\/plugins\/revslider\/sr6\/assets\/assets\/dummy.png\" alt=\"\" class=\"tp-rs-img rs-lazyload\" width=\"750\" height=\"1100\" data-lazyload=\"\/\/behr.sk\/citroen\/trnava\/wp-content\/uploads\/sites\/2\/2026\/04\/uzitkove-vozidlo-citroen-c3-van-hp-mobile.jpg.webp\" data-c=\"fullwidth\" data-no-retina> \n\t\t\t\t\t\t\t<\/rs-layer><!--\n-->\t\t\t\t\t<\/rs-slide>\n\t\t\t\t\t\t<rs-slide style=\"position: absolute;\" data-key=\"rs-105\" data-title=\"Slide\" data-link=\"\/\/behr.sk\/citroen\/trnava\/vozidla\/citroen-berlingo-van\/\" data-tag=\"l\" data-target=\"_blank\" data-seoz=\"front\" data-anim=\"ms:600;\" data-in=\"o:0;\" data-out=\"a:false;\">\n\t\t\t\t\t\t\t<img decoding=\"async\" src=\"\/\/behr.sk\/citroen\/trnava\/wp-content\/plugins\/revslider\/sr6\/assets\/assets\/dummy.png\" alt=\"\" title=\"limitovana-edicia-best-of-citroen-berlingo-van-hp-desktop.jpg\" width=\"2048\" height=\"782\" class=\"rev-slidebg tp-rs-img rs-lazyload\" data-lazyload=\"\/\/behr.sk\/citroen\/trnava\/wp-content\/uploads\/sites\/2\/2026\/01\/limitovana-edicia-best-of-citroen-berlingo-van-hp-desktop.jpg.webp\" data-bg=\"p:center top;f:contain;\" data-parallax=\"off\" data-no-retina>\n<!--\n\t\t\t\t\t\t\t--><rs-layer\n\t\t\t\t\t\t\t\tid=\"slider-12-slide-105-layer-7\" \n\t\t\t\t\t\t\t\tdata-type=\"image\"\n\t\t\t\t\t\t\t\tdata-rsp_ch=\"on\"\n\t\t\t\t\t\t\t\tdata-xy=\"x:c;y:c;\"\n\t\t\t\t\t\t\t\tdata-text=\"w:normal;\"\n\t\t\t\t\t\t\t\tdata-dim=\"w:100%;h:100%;\"\n\t\t\t\t\t\t\t\tdata-vbility=\"f,f,f,t\"\n\t\t\t\t\t\t\t\tdata-basealign=\"slide\"\n\t\t\t\t\t\t\t\tdata-frame_999=\"o:0;st:w;\"\n\t\t\t\t\t\t\t\tstyle=\"z-index:6;background-color:#ffffff;\"\n\t\t\t\t\t\t\t><img decoding=\"async\" src=\"\/\/behr.sk\/citroen\/trnava\/wp-content\/plugins\/revslider\/sr6\/assets\/assets\/dummy.png\" alt=\"\" class=\"tp-rs-img rs-lazyload\" width=\"750\" height=\"1100\" data-lazyload=\"\/\/behr.sk\/citroen\/trnava\/wp-content\/uploads\/sites\/2\/2026\/01\/limitovana-edicia-best-of-citroen-berlingo-van-hp-mobile.jpg.webp\" data-c=\"fullheight\" data-no-retina> \n\t\t\t\t\t\t\t<\/rs-layer><!--\n-->\t\t\t\t\t<\/rs-slide>\n\t\t\t\t\t\t<rs-slide style=\"position: absolute;\" data-key=\"rs-99\" data-title=\"Slide\" data-thumb=\"\/\/behr.sk\/citroen\/trnava\/wp-content\/uploads\/sites\/2\/2026\/01\/limitovana-edicia-best-of-Jumper-hp-desktop.jpg-150x150.jpg\" data-link=\"\/\/behr.sk\/citroen\/trnava\/vozidla\/citroen-jumper-furgon-sasi-valnik-sklapac\/\" data-tag=\"l\" data-target=\"_blank\" data-seoz=\"front\" data-anim=\"ms:600;\" data-in=\"o:0;\" data-out=\"a:false;\">\n\t\t\t\t\t\t\t<img decoding=\"async\" src=\"\/\/behr.sk\/citroen\/trnava\/wp-content\/plugins\/revslider\/sr6\/assets\/assets\/dummy.png\" alt=\"\" title=\"limitovana-edicia-best-of-Jumper-hp-desktop.jpg\" width=\"2048\" height=\"782\" class=\"rev-slidebg tp-rs-img rs-lazyload\" data-lazyload=\"\/\/behr.sk\/citroen\/trnava\/wp-content\/uploads\/sites\/2\/2026\/01\/limitovana-edicia-best-of-Jumper-hp-desktop.jpg.avif\" data-bg=\"p:center top;f:contain;\" data-parallax=\"off\" data-no-retina>\n<!--\n\t\t\t\t\t\t\t--><rs-layer\n\t\t\t\t\t\t\t\tid=\"slider-12-slide-99-layer-7\" \n\t\t\t\t\t\t\t\tdata-type=\"image\"\n\t\t\t\t\t\t\t\tdata-rsp_ch=\"on\"\n\t\t\t\t\t\t\t\tdata-xy=\"x:c;y:c;\"\n\t\t\t\t\t\t\t\tdata-text=\"w:normal;\"\n\t\t\t\t\t\t\t\tdata-dim=\"w:100%;h:100%;\"\n\t\t\t\t\t\t\t\tdata-vbility=\"f,f,f,t\"\n\t\t\t\t\t\t\t\tdata-basealign=\"slide\"\n\t\t\t\t\t\t\t\tdata-frame_999=\"o:0;st:w;\"\n\t\t\t\t\t\t\t\tstyle=\"z-index:6;background-color:#ffffff;\"\n\t\t\t\t\t\t\t><img decoding=\"async\" src=\"\/\/behr.sk\/citroen\/trnava\/wp-content\/plugins\/revslider\/sr6\/assets\/assets\/dummy.png\" alt=\"\" class=\"tp-rs-img rs-lazyload\" width=\"750\" height=\"1100\" data-lazyload=\"\/\/behr.sk\/citroen\/trnava\/wp-content\/uploads\/sites\/2\/2026\/01\/limitovana-edicia-best-of-Jumper-hp-mobile.jpg.avif\" data-c=\"fullheight\" data-no-retina> \n\t\t\t\t\t\t\t<\/rs-layer><!--\n-->\t\t\t\t\t<\/rs-slide>\n\t\t\t\t\t\t<rs-slide style=\"position: absolute;\" data-key=\"rs-103\" data-title=\"Slide\" data-link=\"\/\/www.citroen.sk\/servis-a-udrzba\/zvolavacie-akcie.html\" data-tag=\"l\" data-target=\"_blank\" data-seoz=\"front\" data-anim=\"ms:600;\" data-in=\"o:0;\" data-out=\"a:false;\">\n\t\t\t\t\t\t\t<img decoding=\"async\" src=\"\/\/behr.sk\/citroen\/trnava\/wp-content\/plugins\/revslider\/sr6\/assets\/assets\/dummy.png\" alt=\"\" title=\"zvolavacia-akcia-takata-hp-desktop.jpg\" width=\"2048\" height=\"782\" class=\"rev-slidebg tp-rs-img rs-lazyload\" data-lazyload=\"\/\/behr.sk\/citroen\/trnava\/wp-content\/uploads\/sites\/2\/2025\/10\/zvolavacia-akcia-takata-hp-desktop.jpg.avif\" data-bg=\"p:center top;f:contain;\" data-parallax=\"off\" data-no-retina>\n<!--\n\t\t\t\t\t\t\t--><rs-layer\n\t\t\t\t\t\t\t\tid=\"slider-12-slide-103-layer-7\" \n\t\t\t\t\t\t\t\tdata-type=\"image\"\n\t\t\t\t\t\t\t\tdata-rsp_ch=\"on\"\n\t\t\t\t\t\t\t\tdata-xy=\"x:c;y:c;\"\n\t\t\t\t\t\t\t\tdata-text=\"w:normal;\"\n\t\t\t\t\t\t\t\tdata-dim=\"w:100%;\"\n\t\t\t\t\t\t\t\tdata-vbility=\"f,f,f,t\"\n\t\t\t\t\t\t\t\tdata-basealign=\"slide\"\n\t\t\t\t\t\t\t\tdata-frame_999=\"o:0;st:w;\"\n\t\t\t\t\t\t\t\tstyle=\"z-index:6;background-color:#ffffff;\"\n\t\t\t\t\t\t\t><img decoding=\"async\" src=\"\/\/behr.sk\/citroen\/trnava\/wp-content\/plugins\/revslider\/sr6\/assets\/assets\/dummy.png\" alt=\"\" class=\"tp-rs-img rs-lazyload\" width=\"750\" height=\"1100\" data-lazyload=\"\/\/behr.sk\/citroen\/trnava\/wp-content\/uploads\/sites\/2\/2025\/10\/zvolavacia-akcia-takata-hp-mobile.jpg.avif\" data-c=\"fullwidth\" data-no-retina> \n\t\t\t\t\t\t\t<\/rs-layer><!--\n-->\t\t\t\t\t<\/rs-slide>\n\t\t\t\t\t\t<rs-slide style=\"position: absolute;\" data-key=\"rs-104\" data-title=\"Slide\" data-thumb=\"\/\/behr.sk\/citroen\/trnava\/wp-content\/uploads\/sites\/2\/2026\/04\/servisne-akcie-citroen-hp-desktop-150x150.jpg\" data-link=\"\/servis\" data-tag=\"l\" data-target=\"_blank\" data-seoz=\"front\" data-anim=\"ms:600;\" data-in=\"o:0;\" data-out=\"a:false;\">\n\t\t\t\t\t\t\t<img decoding=\"async\" src=\"\/\/behr.sk\/citroen\/trnava\/wp-content\/plugins\/revslider\/sr6\/assets\/assets\/dummy.png\" alt=\"\" title=\"servisne-akcie-citroen-hp-desktop\" width=\"2048\" height=\"782\" class=\"rev-slidebg tp-rs-img rs-lazyload\" data-lazyload=\"\/\/behr.sk\/citroen\/trnava\/wp-content\/uploads\/sites\/2\/2026\/04\/servisne-akcie-citroen-hp-desktop.jpg\" data-bg=\"p:center top;f:contain;\" data-parallax=\"off\" data-no-retina>\n<!--\n\t\t\t\t\t\t\t--><rs-layer\n\t\t\t\t\t\t\t\tid=\"slider-12-slide-104-layer-7\" \n\t\t\t\t\t\t\t\tdata-type=\"image\"\n\t\t\t\t\t\t\t\tdata-rsp_ch=\"on\"\n\t\t\t\t\t\t\t\tdata-xy=\"x:c;y:c;\"\n\t\t\t\t\t\t\t\tdata-text=\"w:normal;\"\n\t\t\t\t\t\t\t\tdata-dim=\"w:100%;\"\n\t\t\t\t\t\t\t\tdata-vbility=\"f,f,f,t\"\n\t\t\t\t\t\t\t\tdata-basealign=\"slide\"\n\t\t\t\t\t\t\t\tdata-frame_999=\"o:0;st:w;\"\n\t\t\t\t\t\t\t\tstyle=\"z-index:5;background-color:#ffffff;\"\n\t\t\t\t\t\t\t><img decoding=\"async\" src=\"\/\/behr.sk\/citroen\/trnava\/wp-content\/plugins\/revslider\/sr6\/assets\/assets\/dummy.png\" alt=\"\" class=\"tp-rs-img rs-lazyload\" width=\"750\" height=\"1100\" data-lazyload=\"\/\/behr.sk\/citroen\/trnava\/wp-content\/uploads\/sites\/2\/2026\/04\/servisne-akcie-citroen-hp-mobile.jpg.webp\" data-c=\"fullwidth\" data-no-retina> \n\t\t\t\t\t\t\t<\/rs-layer><!--\n-->\t\t\t\t\t<\/rs-slide>\n\t\t\t\t\t<\/rs-slides>\n\t\t\t\t\t<rs-static-layers><!--\n\t\t\t\t\t--><\/rs-static-layers>\n\t\t\t\t<\/rs-module>\n\t\t\t\t<script>\n\t\t\t\t\tsetREVStartSize({c: 'rev_slider_12_1',rl:[1240,1024,778,480],el:[620],gw:[1200],gh:[620],type:'standard',justify:'',layout:'fullwidth',mh:\"500\"});if (window.RS_MODULES!==undefined && window.RS_MODULES.modules!==undefined && window.RS_MODULES.modules[\"revslider121\"]!==undefined) {window.RS_MODULES.modules[\"revslider121\"].once = false;window.revapi12 = undefined;if (window.RS_MODULES.checkMinimal!==undefined) window.RS_MODULES.checkMinimal()}\n\t\t\t\t<\/script>\n\t\t\t<\/rs-module-wrap>\n\t\t\t<!-- END REVOLUTION SLIDER -->\n<\/div><\/div><\/div><\/div><\/section><section class=\"l-section wpb_row height_medium\"><div class=\"l-section-h i-cf\"><div class=\"g-cols vc_row via_grid cols_1 laptops-cols_inherit tablets-cols_inherit mobiles-cols_1 valign_top type_default stacking_default\"><div class=\"wpb_column vc_column_container\"><div class=\"vc_column-inner\"><div class=\"w-tabs accordionVozidla layout_hor style_simple switch_click has_scrolling\" style=\"--sections-title-size:1rem\"><div class=\"w-tabs-list items_2 align_center\" style=\"font-family:var(--h1-font-family);font-weight:500;text-transform:uppercase;\"><div class=\"w-tabs-list-h\"><button class=\"w-tabs-item active\" aria-controls=\"content-w070\" aria-expanded=\"false\"><span class=\"w-tabs-item-title\">Osobn\u00e9 vozidl\u00e1<\/span><\/button><button class=\"w-tabs-item\" aria-controls=\"content-acff\" aria-expanded=\"false\"><span class=\"w-tabs-item-title\">\u00da\u017eitkov\u00e9 vozidl\u00e1<\/span><\/button><\/div><\/div><div class=\"w-tabs-sections titles-align_none icon_chevron cpos_right\"><div class=\"w-tabs-section active\" id=\"w070\"><button class=\"w-tabs-section-header active\" aria-controls=\"content-w070\" aria-expanded=\"true\"><div class=\"w-tabs-section-title\">Osobn\u00e9 vozidl\u00e1<\/div><div class=\"w-tabs-section-control\"><\/div><\/button><div  class=\"w-tabs-section-content\" id=\"content-w070\"><div class=\"w-tabs-section-content-h i-cf\"><div class=\"w-grid us_carousel type_carousel layout_217 overflow_hidden preload_style_spinner items_5\" id=\"us_grid_1\" style=\"--items:5;--gap:0.5rem;\"><style>.layout_217 .w-grid-item-h{border-radius:1rem;box-shadow:0 0.05rem 0.1rem rgba(0,0,0,0.1),0 0.17rem 0.5rem rgba(0,0,0,0.1);transition-duration:0.3s}.no-touch .layout_217 .w-grid-item-h:hover{box-shadow:0 0.1rem 0.2rem rgba(0,0,0,0.1),0 0.33rem 1rem rgba(0,0,0,0.15);z-index:4}.layout_217 .usg_vwrapper_1{border-radius:20px!important;position:static!important;padding:20px 30px 20px 30px!important}.layout_217 .usg_post_title_1{color:var(--color-content-primary)!important;font-size:max( 1.3rem,1.3vw )!important}.layout_217 .usg_btn_1{margin-top:20px!important}<\/style><div class=\"w-grid-list owl-carousel valign_stretch dotstyle_circle navstyle_circle arrows-ver-pos_middle arrows-hor-pos_on_sides_outside arrows-disabled_hide owl-responsive-2000 with_dots with_arrows\" style=\"--transition-duration:350ms;--arrows-size:1.5rem;--arrows-hor-offset:calc(0px + 0.5rem);--arrows-gap:10px;\">\t<article class=\"w-grid-item post-639484 us_portfolio type-us_portfolio status-publish has-post-thumbnail hentry us_portfolio_category-osobne-vozidla\" data-id=\"639484\">\r\n\t\t<div class=\"w-grid-item-h\">\r\n\t\t\t\t\t\t<div class=\"w-vwrapper usg_vwrapper_1 align_center valign_bottom\"><div class=\"w-post-elm post_image usg_post_image_1 stretched\"><a href=\"https:\/\/behr.sk\/citroen\/trnava\/vozidla\/novy-citroen-c3\/\" aria-label=\"Citro\u00ebn C3\"><img loading=\"lazy\" decoding=\"async\" width=\"224\" height=\"126\" src=\"https:\/\/behr.sk\/citroen\/trnava\/wp-content\/uploads\/sites\/2\/2024\/09\/Nova-C3.png\" class=\"attachment-large size-large wp-post-image\" alt=\"\" srcset=\"https:\/\/behr.sk\/citroen\/trnava\/wp-content\/uploads\/sites\/2\/2024\/09\/Nova-C3.png 224w, https:\/\/behr.sk\/citroen\/trnava\/wp-content\/uploads\/sites\/2\/2024\/09\/Nova-C3-50x28.png 50w\" sizes=\"auto, (max-width: 224px) 100vw, 224px\" \/><\/a><\/div><h3 class=\"w-post-elm post_title usg_post_title_1 has_text_color align_center entry-title color_link_inherit\"><a href=\"https:\/\/behr.sk\/citroen\/trnava\/vozidla\/novy-citroen-c3\/\">Citro\u00ebn C3<\/a><\/h3><div class=\"w-post-elm post_custom_field usg_post_custom_field_1 type_text cena1 color_link_inherit\"><p>u\u017e od 14 490\u20ac s DPH<\/p>\n<\/div><a class=\"w-btn us-btn-style_4 usg_btn_1 icon_atleft text_none\" aria-label=\"Button\" href=\"https:\/\/behr.sk\/citroen\/trnava\/vozidla\/novy-citroen-c3\/\"><i class=\"fas fa-arrow-right\"><\/i><\/a><\/div>\t\t<\/div>\r\n\t\t\t<\/article>\r\n\t<article class=\"w-grid-item post-639539 us_portfolio type-us_portfolio status-publish has-post-thumbnail hentry us_portfolio_category-osobne-vozidla\" data-id=\"639539\">\r\n\t\t<div class=\"w-grid-item-h\">\r\n\t\t\t\t\t\t<div class=\"w-vwrapper usg_vwrapper_1 align_center valign_bottom\"><div class=\"w-post-elm post_image usg_post_image_1 stretched\"><a href=\"https:\/\/behr.sk\/citroen\/trnava\/vozidla\/novy-citroen-c3-aircross\/\" aria-label=\"Citro\u00ebn C3 Aircross\"><img loading=\"lazy\" decoding=\"async\" width=\"224\" height=\"126\" src=\"https:\/\/behr.sk\/citroen\/trnava\/wp-content\/uploads\/sites\/2\/2024\/09\/c3aircross.png\" class=\"attachment-large size-large wp-post-image\" alt=\"\" srcset=\"https:\/\/behr.sk\/citroen\/trnava\/wp-content\/uploads\/sites\/2\/2024\/09\/c3aircross.png 224w, https:\/\/behr.sk\/citroen\/trnava\/wp-content\/uploads\/sites\/2\/2024\/09\/c3aircross-50x28.png 50w\" sizes=\"auto, (max-width: 224px) 100vw, 224px\" \/><\/a><\/div><h3 class=\"w-post-elm post_title usg_post_title_1 has_text_color align_center entry-title color_link_inherit\"><a href=\"https:\/\/behr.sk\/citroen\/trnava\/vozidla\/novy-citroen-c3-aircross\/\">Citro\u00ebn C3 Aircross<\/a><\/h3><div class=\"w-post-elm post_custom_field usg_post_custom_field_1 type_text cena1 color_link_inherit\"><p>u\u017e od 17 490\u20ac s DPH<\/p>\n<\/div><a class=\"w-btn us-btn-style_4 usg_btn_1 icon_atleft text_none\" aria-label=\"Button\" href=\"https:\/\/behr.sk\/citroen\/trnava\/vozidla\/novy-citroen-c3-aircross\/\"><i class=\"fas fa-arrow-right\"><\/i><\/a><\/div>\t\t<\/div>\r\n\t\t\t<\/article>\r\n\t<article class=\"w-grid-item post-400 us_portfolio type-us_portfolio status-publish has-post-thumbnail hentry us_portfolio_category-osobne-vozidla\" data-id=\"400\">\r\n\t\t<div class=\"w-grid-item-h\">\r\n\t\t\t\t\t\t<div class=\"w-vwrapper usg_vwrapper_1 align_center valign_bottom\"><div class=\"w-post-elm post_image usg_post_image_1 stretched\"><a href=\"https:\/\/behr.sk\/citroen\/trnava\/vozidla\/novy-citroen-c4\/\" aria-label=\"Citro\u00ebn C4\"><img loading=\"lazy\" decoding=\"async\" width=\"224\" height=\"126\" src=\"https:\/\/behr.sk\/citroen\/trnava\/wp-content\/uploads\/sites\/2\/2023\/05\/C4.png\" class=\"attachment-large size-large wp-post-image\" alt=\"\" srcset=\"https:\/\/behr.sk\/citroen\/trnava\/wp-content\/uploads\/sites\/2\/2023\/05\/C4.png 224w, https:\/\/behr.sk\/citroen\/trnava\/wp-content\/uploads\/sites\/2\/2023\/05\/C4-50x28.png 50w\" sizes=\"auto, (max-width: 224px) 100vw, 224px\" \/><\/a><\/div><h3 class=\"w-post-elm post_title usg_post_title_1 has_text_color align_center entry-title color_link_inherit\"><a href=\"https:\/\/behr.sk\/citroen\/trnava\/vozidla\/novy-citroen-c4\/\">Citro\u00ebn C4<\/a><\/h3><div class=\"w-post-elm post_custom_field usg_post_custom_field_1 type_text cena1 color_link_inherit\"><p>u\u017e od 19 490\u20ac s DPH<\/p>\n<\/div><a class=\"w-btn us-btn-style_4 usg_btn_1 icon_atleft text_none\" aria-label=\"Button\" href=\"https:\/\/behr.sk\/citroen\/trnava\/vozidla\/novy-citroen-c4\/\"><i class=\"fas fa-arrow-right\"><\/i><\/a><\/div>\t\t<\/div>\r\n\t\t\t<\/article>\r\n\t<article class=\"w-grid-item post-421 us_portfolio type-us_portfolio status-publish has-post-thumbnail hentry us_portfolio_category-osobne-vozidla\" data-id=\"421\">\r\n\t\t<div class=\"w-grid-item-h\">\r\n\t\t\t\t\t\t<div class=\"w-vwrapper usg_vwrapper_1 align_center valign_bottom\"><div class=\"w-post-elm post_image usg_post_image_1 stretched\"><a href=\"https:\/\/behr.sk\/citroen\/trnava\/vozidla\/novy-citroen-c4-x\/\" aria-label=\"Citro\u00ebn C4 X\"><img loading=\"lazy\" decoding=\"async\" width=\"224\" height=\"126\" src=\"https:\/\/behr.sk\/citroen\/trnava\/wp-content\/uploads\/sites\/2\/2023\/05\/C4X.png\" class=\"attachment-large size-large wp-post-image\" alt=\"\" srcset=\"https:\/\/behr.sk\/citroen\/trnava\/wp-content\/uploads\/sites\/2\/2023\/05\/C4X.png 224w, https:\/\/behr.sk\/citroen\/trnava\/wp-content\/uploads\/sites\/2\/2023\/05\/C4X-50x28.png 50w\" sizes=\"auto, (max-width: 224px) 100vw, 224px\" \/><\/a><\/div><h3 class=\"w-post-elm post_title usg_post_title_1 has_text_color align_center entry-title color_link_inherit\"><a href=\"https:\/\/behr.sk\/citroen\/trnava\/vozidla\/novy-citroen-c4-x\/\">Citro\u00ebn C4 X<\/a><\/h3><div class=\"w-post-elm post_custom_field usg_post_custom_field_1 type_text cena1 color_link_inherit\"><p>u\u017e od 20 490 \u20ac s DPH<\/p>\n<\/div><a class=\"w-btn us-btn-style_4 usg_btn_1 icon_atleft text_none\" aria-label=\"Button\" href=\"https:\/\/behr.sk\/citroen\/trnava\/vozidla\/novy-citroen-c4-x\/\"><i class=\"fas fa-arrow-right\"><\/i><\/a><\/div>\t\t<\/div>\r\n\t\t\t<\/article>\r\n\t<article class=\"w-grid-item post-641617 us_portfolio type-us_portfolio status-publish has-post-thumbnail hentry us_portfolio_category-osobne-vozidla\" data-id=\"641617\">\r\n\t\t<div class=\"w-grid-item-h\">\r\n\t\t\t\t\t\t<div class=\"w-vwrapper usg_vwrapper_1 align_center valign_bottom\"><div class=\"w-post-elm post_image usg_post_image_1 stretched\"><a href=\"https:\/\/behr.sk\/citroen\/trnava\/vozidla\/citroen-c5-aircross\/\" aria-label=\"Citro\u00ebn C5 Aircross\"><img loading=\"lazy\" decoding=\"async\" width=\"224\" height=\"126\" src=\"https:\/\/behr.sk\/citroen\/trnava\/wp-content\/uploads\/sites\/2\/2025\/05\/c5-aircross-new.393988.42.png\" class=\"attachment-large size-large wp-post-image\" alt=\"\" srcset=\"https:\/\/behr.sk\/citroen\/trnava\/wp-content\/uploads\/sites\/2\/2025\/05\/c5-aircross-new.393988.42.png 224w, https:\/\/behr.sk\/citroen\/trnava\/wp-content\/uploads\/sites\/2\/2025\/05\/c5-aircross-new.393988.42-50x28.png 50w\" sizes=\"auto, (max-width: 224px) 100vw, 224px\" \/><\/a><\/div><h3 class=\"w-post-elm post_title usg_post_title_1 has_text_color align_center entry-title color_link_inherit\"><a href=\"https:\/\/behr.sk\/citroen\/trnava\/vozidla\/citroen-c5-aircross\/\">Citro\u00ebn C5 Aircross<\/a><\/h3><div class=\"w-post-elm post_custom_field usg_post_custom_field_1 type_text cena1 color_link_inherit\"><p>u\u017e od 26 990 \u20ac s DPH<\/p>\n<\/div><a class=\"w-btn us-btn-style_4 usg_btn_1 icon_atleft text_none\" aria-label=\"Button\" href=\"https:\/\/behr.sk\/citroen\/trnava\/vozidla\/citroen-c5-aircross\/\"><i class=\"fas fa-arrow-right\"><\/i><\/a><\/div>\t\t<\/div>\r\n\t\t\t<\/article>\r\n\t<article class=\"w-grid-item post-494 us_portfolio type-us_portfolio status-publish has-post-thumbnail hentry us_portfolio_category-osobne-vozidla\" data-id=\"494\">\r\n\t\t<div class=\"w-grid-item-h\">\r\n\t\t\t\t\t\t<div class=\"w-vwrapper usg_vwrapper_1 align_center valign_bottom\"><div class=\"w-post-elm post_image usg_post_image_1 stretched\"><a href=\"https:\/\/behr.sk\/citroen\/trnava\/vozidla\/citroen-berlingo\/\" aria-label=\"Citro\u00ebn Berlingo\"><img loading=\"lazy\" decoding=\"async\" width=\"576\" height=\"324\" src=\"https:\/\/behr.sk\/citroen\/trnava\/wp-content\/uploads\/sites\/2\/2023\/05\/new-Berlingo-ICE-B2C-576x324-1.png\" class=\"attachment-large size-large wp-post-image\" alt=\"\" srcset=\"https:\/\/behr.sk\/citroen\/trnava\/wp-content\/uploads\/sites\/2\/2023\/05\/new-Berlingo-ICE-B2C-576x324-1.png 576w, https:\/\/behr.sk\/citroen\/trnava\/wp-content\/uploads\/sites\/2\/2023\/05\/new-Berlingo-ICE-B2C-576x324-1-300x169.png 300w, https:\/\/behr.sk\/citroen\/trnava\/wp-content\/uploads\/sites\/2\/2023\/05\/new-Berlingo-ICE-B2C-576x324-1-50x28.png 50w\" sizes=\"auto, (max-width: 576px) 100vw, 576px\" \/><\/a><\/div><h3 class=\"w-post-elm post_title usg_post_title_1 has_text_color align_center entry-title color_link_inherit\"><a href=\"https:\/\/behr.sk\/citroen\/trnava\/vozidla\/citroen-berlingo\/\">Citro\u00ebn Berlingo<\/a><\/h3><div class=\"w-post-elm post_custom_field usg_post_custom_field_1 type_text cena1 color_link_inherit\"><p>u\u017e od 22 490 \u20ac s DPH<\/p>\n<\/div><a class=\"w-btn us-btn-style_4 usg_btn_1 icon_atleft text_none\" aria-label=\"Button\" href=\"https:\/\/behr.sk\/citroen\/trnava\/vozidla\/citroen-berlingo\/\"><i class=\"fas fa-arrow-right\"><\/i><\/a><\/div>\t\t<\/div>\r\n\t\t\t<\/article>\r\n\t<article class=\"w-grid-item post-639537 us_portfolio type-us_portfolio status-publish has-post-thumbnail hentry us_portfolio_category-osobne-vozidla\" data-id=\"639537\">\r\n\t\t<div class=\"w-grid-item-h\">\r\n\t\t\t\t\t\t<div class=\"w-vwrapper usg_vwrapper_1 align_center valign_bottom\"><div class=\"w-post-elm post_image usg_post_image_1 stretched\"><a href=\"https:\/\/behr.sk\/citroen\/trnava\/vozidla\/novy-citroen-jumpy-combi\/\" aria-label=\"Citro\u00ebn Jumpy Combi\"><img loading=\"lazy\" decoding=\"async\" width=\"576\" height=\"324\" src=\"https:\/\/behr.sk\/citroen\/trnava\/wp-content\/uploads\/sites\/2\/2024\/04\/jumpy-combi-removebg-preview.png\" class=\"attachment-large size-large wp-post-image\" alt=\"\" srcset=\"https:\/\/behr.sk\/citroen\/trnava\/wp-content\/uploads\/sites\/2\/2024\/04\/jumpy-combi-removebg-preview.png 576w, https:\/\/behr.sk\/citroen\/trnava\/wp-content\/uploads\/sites\/2\/2024\/04\/jumpy-combi-removebg-preview-300x169.png 300w, https:\/\/behr.sk\/citroen\/trnava\/wp-content\/uploads\/sites\/2\/2024\/04\/jumpy-combi-removebg-preview-50x28.png 50w\" sizes=\"auto, (max-width: 576px) 100vw, 576px\" \/><\/a><\/div><h3 class=\"w-post-elm post_title usg_post_title_1 has_text_color align_center entry-title color_link_inherit\"><a href=\"https:\/\/behr.sk\/citroen\/trnava\/vozidla\/novy-citroen-jumpy-combi\/\">Citro\u00ebn Jumpy Combi<\/a><\/h3><div class=\"w-post-elm post_custom_field usg_post_custom_field_1 type_text cena1 color_link_inherit\"><p>u\u017e od 32 990\u20ac s DPH<\/p>\n<\/div><a class=\"w-btn us-btn-style_4 usg_btn_1 icon_atleft text_none\" aria-label=\"Button\" href=\"https:\/\/behr.sk\/citroen\/trnava\/vozidla\/novy-citroen-jumpy-combi\/\"><i class=\"fas fa-arrow-right\"><\/i><\/a><\/div>\t\t<\/div>\r\n\t\t\t<\/article>\r\n\t<article class=\"w-grid-item post-638525 us_portfolio type-us_portfolio status-publish has-post-thumbnail hentry us_portfolio_category-osobne-vozidla\" data-id=\"638525\">\r\n\t\t<div class=\"w-grid-item-h\">\r\n\t\t\t\t\t\t<div class=\"w-vwrapper usg_vwrapper_1 align_center valign_bottom\"><div class=\"w-post-elm post_image usg_post_image_1 stretched\"><a href=\"https:\/\/behr.sk\/citroen\/trnava\/vozidla\/novy-citroen-spacetourer\/\" aria-label=\"Citro\u00ebn SpaceTourer\"><img loading=\"lazy\" decoding=\"async\" width=\"576\" height=\"324\" src=\"https:\/\/behr.sk\/citroen\/trnava\/wp-content\/uploads\/sites\/2\/2024\/04\/novy-SpaceTourer-ICE-756x324-1.png\" class=\"attachment-large size-large wp-post-image\" alt=\"\" srcset=\"https:\/\/behr.sk\/citroen\/trnava\/wp-content\/uploads\/sites\/2\/2024\/04\/novy-SpaceTourer-ICE-756x324-1.png 576w, https:\/\/behr.sk\/citroen\/trnava\/wp-content\/uploads\/sites\/2\/2024\/04\/novy-SpaceTourer-ICE-756x324-1-300x169.png 300w, https:\/\/behr.sk\/citroen\/trnava\/wp-content\/uploads\/sites\/2\/2024\/04\/novy-SpaceTourer-ICE-756x324-1-50x28.png 50w\" sizes=\"auto, (max-width: 576px) 100vw, 576px\" \/><\/a><\/div><h3 class=\"w-post-elm post_title usg_post_title_1 has_text_color align_center entry-title color_link_inherit\"><a href=\"https:\/\/behr.sk\/citroen\/trnava\/vozidla\/novy-citroen-spacetourer\/\">Citro\u00ebn SpaceTourer<\/a><\/h3><div class=\"w-post-elm post_custom_field usg_post_custom_field_1 type_text cena1 color_link_inherit\"><p>u\u017e od 36 990\u20ac s DPH<\/p>\n<\/div><a class=\"w-btn us-btn-style_4 usg_btn_1 icon_atleft text_none\" aria-label=\"Button\" href=\"https:\/\/behr.sk\/citroen\/trnava\/vozidla\/novy-citroen-spacetourer\/\"><i class=\"fas fa-arrow-right\"><\/i><\/a><\/div>\t\t<\/div>\r\n\t\t\t<\/article>\r\n<\/div><div class=\"w-grid-carousel-json hidden\" onclick='return {&quot;carousel_settings&quot;:{&quot;aria_labels&quot;:{&quot;prev&quot;:&quot;Predch\\u00e1dzaj\\u00face&quot;,&quot;next&quot;:&quot;\\u010ealej&quot;},&quot;autoplayContinual&quot;:false,&quot;autoplayHoverPause&quot;:false,&quot;autoplayTimeout&quot;:3000,&quot;autoWidth&quot;:false,&quot;smartSpeed&quot;:350,&quot;margin&quot;:0,&quot;mouseDrag&quot;:true,&quot;rtl&quot;:false,&quot;slideBy&quot;:&quot;1&quot;,&quot;touchDrag&quot;:true,&quot;slideTransition&quot;:&quot;&quot;,&quot;responsive&quot;:{&quot;0&quot;:{&quot;autoHeight&quot;:false,&quot;autoplay&quot;:true,&quot;autoWidth&quot;:false,&quot;center&quot;:false,&quot;dots&quot;:true,&quot;items&quot;:1,&quot;loop&quot;:true,&quot;nav&quot;:false,&quot;stagePadding&quot;:0,&quot;slideBy&quot;:&quot;1&quot;},&quot;601&quot;:{&quot;autoHeight&quot;:false,&quot;autoplay&quot;:true,&quot;autoWidth&quot;:false,&quot;center&quot;:false,&quot;dots&quot;:true,&quot;items&quot;:2,&quot;loop&quot;:true,&quot;nav&quot;:true,&quot;stagePadding&quot;:0,&quot;slideBy&quot;:&quot;1&quot;},&quot;1025&quot;:{&quot;autoHeight&quot;:false,&quot;autoplay&quot;:true,&quot;autoWidth&quot;:false,&quot;center&quot;:false,&quot;dots&quot;:true,&quot;items&quot;:3,&quot;loop&quot;:true,&quot;nav&quot;:true,&quot;stagePadding&quot;:0,&quot;slideBy&quot;:&quot;1&quot;},&quot;1381&quot;:{&quot;items&quot;:5,&quot;autoplay&quot;:false,&quot;center&quot;:false,&quot;dots&quot;:true,&quot;nav&quot;:true,&quot;autoHeight&quot;:false,&quot;autoWidth&quot;:false,&quot;loop&quot;:true,&quot;stagePadding&quot;:0}}}}'><\/div><\/div><\/div><\/div><\/div><div class=\"w-tabs-section\" id=\"acff\"><button class=\"w-tabs-section-header\" aria-controls=\"content-acff\" aria-expanded=\"false\"><div class=\"w-tabs-section-title\">\u00da\u017eitkov\u00e9 vozidl\u00e1<\/div><div class=\"w-tabs-section-control\"><\/div><\/button><div  class=\"w-tabs-section-content\" id=\"content-acff\"><div class=\"w-tabs-section-content-h i-cf\"><div class=\"w-grid us_carousel type_carousel layout_217 overflow_hidden preload_style_spinner items_5\" id=\"us_grid_2\" style=\"--items:5;--gap:0.5rem;\"><div class=\"w-grid-list owl-carousel valign_stretch dotstyle_circle navstyle_circle arrows-ver-pos_middle arrows-hor-pos_on_sides_outside arrows-disabled_hide owl-responsive-2000 with_dots with_arrows\" style=\"--transition-duration:350ms;--arrows-size:1.5rem;--arrows-hor-offset:calc(0px + 0.5rem);--arrows-gap:10px;\">\t<article class=\"w-grid-item post-643435 us_portfolio type-us_portfolio status-publish has-post-thumbnail hentry us_portfolio_category-uzitkove-vozidla\" data-id=\"643435\">\r\n\t\t<div class=\"w-grid-item-h\">\r\n\t\t\t\t\t\t<div class=\"w-vwrapper usg_vwrapper_1 align_center valign_bottom\"><div class=\"w-post-elm post_image usg_post_image_1 stretched\"><a href=\"https:\/\/behr.sk\/citroen\/trnava\/vozidla\/citroen-c3-van\/\" aria-label=\"Citro\u00ebn C3 VAN\"><img loading=\"lazy\" decoding=\"async\" width=\"224\" height=\"126\" src=\"https:\/\/behr.sk\/citroen\/trnava\/wp-content\/uploads\/sites\/2\/2026\/04\/Nova-C3van.png\" class=\"attachment-large size-large wp-post-image\" alt=\"\" srcset=\"https:\/\/behr.sk\/citroen\/trnava\/wp-content\/uploads\/sites\/2\/2026\/04\/Nova-C3van.png 224w, https:\/\/behr.sk\/citroen\/trnava\/wp-content\/uploads\/sites\/2\/2026\/04\/Nova-C3van-50x28.png 50w\" sizes=\"auto, (max-width: 224px) 100vw, 224px\" \/><\/a><\/div><h3 class=\"w-post-elm post_title usg_post_title_1 has_text_color align_center entry-title color_link_inherit\"><a href=\"https:\/\/behr.sk\/citroen\/trnava\/vozidla\/citroen-c3-van\/\">Citro\u00ebn C3 VAN<\/a><\/h3><div class=\"w-post-elm post_custom_field usg_post_custom_field_1 type_text cena1 color_link_inherit\"><p>u\u017e od 11 990\u20ac s DPH<\/p>\n<\/div><a class=\"w-btn us-btn-style_4 usg_btn_1 icon_atleft text_none\" aria-label=\"Button\" href=\"https:\/\/behr.sk\/citroen\/trnava\/vozidla\/citroen-c3-van\/\"><i class=\"fas fa-arrow-right\"><\/i><\/a><\/div>\t\t<\/div>\r\n\t\t\t<\/article>\r\n\t<article class=\"w-grid-item post-559 us_portfolio type-us_portfolio status-publish has-post-thumbnail hentry us_portfolio_category-uzitkove-vozidla\" data-id=\"559\">\r\n\t\t<div class=\"w-grid-item-h\">\r\n\t\t\t\t\t\t<div class=\"w-vwrapper usg_vwrapper_1 align_center valign_bottom\"><div class=\"w-post-elm post_image usg_post_image_1 stretched\"><a href=\"https:\/\/behr.sk\/citroen\/trnava\/vozidla\/citroen-berlingo-van\/\" aria-label=\"Citro\u00ebn Berlingo Van\"><img loading=\"lazy\" decoding=\"async\" width=\"224\" height=\"126\" src=\"https:\/\/behr.sk\/citroen\/trnava\/wp-content\/uploads\/sites\/2\/2023\/05\/berlingo-van.png\" class=\"attachment-large size-large wp-post-image\" alt=\"\" srcset=\"https:\/\/behr.sk\/citroen\/trnava\/wp-content\/uploads\/sites\/2\/2023\/05\/berlingo-van.png 224w, https:\/\/behr.sk\/citroen\/trnava\/wp-content\/uploads\/sites\/2\/2023\/05\/berlingo-van-50x28.png 50w\" sizes=\"auto, (max-width: 224px) 100vw, 224px\" \/><\/a><\/div><h3 class=\"w-post-elm post_title usg_post_title_1 has_text_color align_center entry-title color_link_inherit\"><a href=\"https:\/\/behr.sk\/citroen\/trnava\/vozidla\/citroen-berlingo-van\/\">Citro\u00ebn Berlingo Van<\/a><\/h3><div class=\"w-post-elm post_custom_field usg_post_custom_field_1 type_text cena1 color_link_inherit\"><p>u\u017e od 16 620\u20ac bez DPH<\/p>\n<\/div><a class=\"w-btn us-btn-style_4 usg_btn_1 icon_atleft text_none\" aria-label=\"Button\" href=\"https:\/\/behr.sk\/citroen\/trnava\/vozidla\/citroen-berlingo-van\/\"><i class=\"fas fa-arrow-right\"><\/i><\/a><\/div>\t\t<\/div>\r\n\t\t\t<\/article>\r\n\t<article class=\"w-grid-item post-579 us_portfolio type-us_portfolio status-publish has-post-thumbnail hentry us_portfolio_category-uzitkove-vozidla\" data-id=\"579\">\r\n\t\t<div class=\"w-grid-item-h\">\r\n\t\t\t\t\t\t<div class=\"w-vwrapper usg_vwrapper_1 align_center valign_bottom\"><div class=\"w-post-elm post_image usg_post_image_1 stretched\"><a href=\"https:\/\/behr.sk\/citroen\/trnava\/vozidla\/citroen-jumpy-furgon\/\" aria-label=\"Citro\u00ebn Jumpy\"><img loading=\"lazy\" decoding=\"async\" width=\"224\" height=\"126\" src=\"https:\/\/behr.sk\/citroen\/trnava\/wp-content\/uploads\/sites\/2\/2023\/05\/Jumpy.png\" class=\"attachment-large size-large wp-post-image\" alt=\"\" srcset=\"https:\/\/behr.sk\/citroen\/trnava\/wp-content\/uploads\/sites\/2\/2023\/05\/Jumpy.png 224w, https:\/\/behr.sk\/citroen\/trnava\/wp-content\/uploads\/sites\/2\/2023\/05\/Jumpy-50x28.png 50w\" sizes=\"auto, (max-width: 224px) 100vw, 224px\" \/><\/a><\/div><h3 class=\"w-post-elm post_title usg_post_title_1 has_text_color align_center entry-title color_link_inherit\"><a href=\"https:\/\/behr.sk\/citroen\/trnava\/vozidla\/citroen-jumpy-furgon\/\">Citro\u00ebn Jumpy<\/a><\/h3><div class=\"w-post-elm post_custom_field usg_post_custom_field_1 type_text cena1 color_link_inherit\"><p>u\u017e od 22 540\u20ac bez DPH<\/p>\n<\/div><a class=\"w-btn us-btn-style_4 usg_btn_1 icon_atleft text_none\" aria-label=\"Button\" href=\"https:\/\/behr.sk\/citroen\/trnava\/vozidla\/citroen-jumpy-furgon\/\"><i class=\"fas fa-arrow-right\"><\/i><\/a><\/div>\t\t<\/div>\r\n\t\t\t<\/article>\r\n\t<article class=\"w-grid-item post-714 us_portfolio type-us_portfolio status-publish has-post-thumbnail hentry us_portfolio_category-uzitkove-vozidla\" data-id=\"714\">\r\n\t\t<div class=\"w-grid-item-h\">\r\n\t\t\t\t\t\t<div class=\"w-vwrapper usg_vwrapper_1 align_center valign_bottom\"><div class=\"w-post-elm post_image usg_post_image_1 stretched\"><a href=\"https:\/\/behr.sk\/citroen\/trnava\/vozidla\/citroen-jumper-furgon-sasi-valnik-sklapac\/\" aria-label=\"Citro\u00ebn Jumper\"><img loading=\"lazy\" decoding=\"async\" width=\"224\" height=\"126\" src=\"https:\/\/behr.sk\/citroen\/trnava\/wp-content\/uploads\/sites\/2\/2023\/05\/jumper-furgon-vignette.png\" class=\"attachment-large size-large wp-post-image\" alt=\"\" srcset=\"https:\/\/behr.sk\/citroen\/trnava\/wp-content\/uploads\/sites\/2\/2023\/05\/jumper-furgon-vignette.png 224w, https:\/\/behr.sk\/citroen\/trnava\/wp-content\/uploads\/sites\/2\/2023\/05\/jumper-furgon-vignette-50x28.png 50w\" sizes=\"auto, (max-width: 224px) 100vw, 224px\" \/><\/a><\/div><h3 class=\"w-post-elm post_title usg_post_title_1 has_text_color align_center entry-title color_link_inherit\"><a href=\"https:\/\/behr.sk\/citroen\/trnava\/vozidla\/citroen-jumper-furgon-sasi-valnik-sklapac\/\">Citro\u00ebn Jumper<\/a><\/h3><div class=\"w-post-elm post_custom_field usg_post_custom_field_1 type_text cena1 color_link_inherit\"><p>u\u017e od 21 990\u20ac bez DPH<\/p>\n<\/div><a class=\"w-btn us-btn-style_4 usg_btn_1 icon_atleft text_none\" aria-label=\"Button\" href=\"https:\/\/behr.sk\/citroen\/trnava\/vozidla\/citroen-jumper-furgon-sasi-valnik-sklapac\/\"><i class=\"fas fa-arrow-right\"><\/i><\/a><\/div>\t\t<\/div>\r\n\t\t\t<\/article>\r\n<\/div><div class=\"w-grid-carousel-json hidden\" onclick='return {&quot;carousel_settings&quot;:{&quot;aria_labels&quot;:{&quot;prev&quot;:&quot;Predch\\u00e1dzaj\\u00face&quot;,&quot;next&quot;:&quot;\\u010ealej&quot;},&quot;autoplayContinual&quot;:false,&quot;autoplayHoverPause&quot;:false,&quot;autoplayTimeout&quot;:3000,&quot;autoWidth&quot;:false,&quot;smartSpeed&quot;:350,&quot;margin&quot;:0,&quot;mouseDrag&quot;:true,&quot;rtl&quot;:false,&quot;slideBy&quot;:&quot;1&quot;,&quot;touchDrag&quot;:true,&quot;slideTransition&quot;:&quot;&quot;,&quot;responsive&quot;:{&quot;0&quot;:{&quot;autoHeight&quot;:false,&quot;autoplay&quot;:true,&quot;autoWidth&quot;:false,&quot;center&quot;:false,&quot;dots&quot;:true,&quot;items&quot;:1,&quot;loop&quot;:true,&quot;nav&quot;:false,&quot;stagePadding&quot;:0,&quot;slideBy&quot;:&quot;1&quot;},&quot;601&quot;:{&quot;autoHeight&quot;:false,&quot;autoplay&quot;:true,&quot;autoWidth&quot;:false,&quot;center&quot;:false,&quot;dots&quot;:true,&quot;items&quot;:2,&quot;loop&quot;:true,&quot;nav&quot;:true,&quot;stagePadding&quot;:0,&quot;slideBy&quot;:&quot;1&quot;},&quot;1025&quot;:{&quot;autoHeight&quot;:false,&quot;autoplay&quot;:true,&quot;autoWidth&quot;:false,&quot;center&quot;:false,&quot;dots&quot;:true,&quot;items&quot;:3,&quot;loop&quot;:true,&quot;nav&quot;:true,&quot;stagePadding&quot;:0,&quot;slideBy&quot;:&quot;1&quot;},&quot;1381&quot;:{&quot;items&quot;:5,&quot;autoplay&quot;:false,&quot;center&quot;:false,&quot;dots&quot;:true,&quot;nav&quot;:true,&quot;autoHeight&quot;:false,&quot;autoWidth&quot;:false,&quot;loop&quot;:false,&quot;stagePadding&quot;:0}}}}'><\/div><\/div><\/div><\/div><\/div><\/div><\/div><\/div><\/div><\/div><\/div><\/section><section class=\"l-section wpb_row us_custom_76ced3ce height_medium\"><div class=\"l-section-h i-cf\"><div class=\"g-cols vc_row via_grid cols_1 laptops-cols_inherit tablets-cols_inherit mobiles-cols_1 valign_top type_default stacking_default\"><div class=\"wpb_column vc_column_container\"><div class=\"vc_column-inner\"><div class=\"g-cols wpb_row via_grid cols_2 laptops-cols_inherit tablets-cols_inherit mobiles-cols_1 valign_middle type_default stacking_default\" style=\"--columns-gap:3rem;\"><div class=\"wpb_column vc_column_container\"><div class=\"vc_column-inner\"><h2 class=\"w-text us_custom_816e28cf\"><span class=\"w-text-h\"><span class=\"w-text-value\">Aktu\u00e1lne servisn\u00e9 akcie<\/span><\/span><\/h2><div class=\"w-separator size_small\"><\/div><h4 class=\"w-text us_custom_4d029a3d has_text_color\"><span class=\"w-text-h\"><span class=\"w-text-value\">REZERVN\u00c1 PNEUMATIKA<\/span><\/span><\/h4><div class=\"wpb_text_column with_collapsible_content\" data-content-height=\"300px\"><div class=\"wpb_wrapper\"><p><strong>IHNE\u010e PORUKE<\/strong><br \/>\nN\u00e1vod na v\u00fdmenu n\u00e1jdete v pr\u00edru\u010dke u\u017e\u00edvate\u013ea, pr\u00edpadne je v\u00e1m k dispoz\u00edci\u00ed asisten\u010dn\u00e1 slu\u017eba<\/p>\n<p><strong>NEPRERU\u0160EN\u00c1 CESTA DO CIE\u013dA<\/strong><br \/>\nV pr\u00edpade, \u017ee sa nach\u00e1dzate v zahrani\u010d\u00ed, nemus\u00edte h\u013eada\u0165 okam\u017eite pneuservis<\/p>\n<p><strong>OCHRANA PRED N\u00c1RAZOM<\/strong><br \/>\nPr\u00edtomnos\u0165 rezervy v kufri tlm\u00ed mo\u017en\u00fd zadn\u00fd n\u00e1raz v pr\u00edpade nehody<\/p>\n<\/div><div class=\"toggle-links align_none\"><button class=\"collapsible-content-more\">Zobrazi\u0165 viac<\/button><button class=\"collapsible-content-less\">Zobrazi\u0165 menej<\/button><\/div><\/div><\/div><\/div><div class=\"wpb_column vc_column_container\"><div class=\"vc_column-inner\"><div class=\"w-image align_center\"><div class=\"w-image-h\"><img decoding=\"async\" width=\"600\" height=\"259\" src=\"https:\/\/behr.sk\/citroen\/trnava\/wp-content\/uploads\/sites\/2\/2023\/06\/Rezerva580x250-600x259-1.jpeg\" class=\"attachment-large size-large\" alt=\"\" loading=\"lazy\" srcset=\"https:\/\/behr.sk\/citroen\/trnava\/wp-content\/uploads\/sites\/2\/2023\/06\/Rezerva580x250-600x259-1.jpeg 600w, https:\/\/behr.sk\/citroen\/trnava\/wp-content\/uploads\/sites\/2\/2023\/06\/Rezerva580x250-600x259-1-300x130.jpeg 300w\" sizes=\"auto, (max-width: 600px) 100vw, 600px\" \/><\/div><\/div><\/div><\/div><\/div><div class=\"w-separator size_small\"><\/div><div class=\"w-btn-wrapper align_center\"><a class=\"w-btn us-btn-style_3\" title=\"Servis\" href=\"https:\/\/behr.sk\/citroen\/trnava\/servis\/\"><span class=\"w-btn-label\">Zobrazi\u0165 v\u0161etky servisn\u00e9 akcie<\/span><\/a><\/div><\/div><\/div><\/div><\/div><\/section><section class=\"l-section wpb_row height_medium\"><div class=\"l-section-h i-cf\"><div class=\"g-cols vc_row via_grid cols_1 laptops-cols_inherit tablets-cols_inherit mobiles-cols_1 valign_top type_default stacking_default\"><div class=\"wpb_column vc_column_container\"><div class=\"vc_column-inner\"><h2 class=\"w-text us_custom_492179a4\"><span class=\"w-text-h\"><span class=\"w-text-value\">Vozidl\u00e1 ihne\u010f k odberu<\/span><\/span><\/h2><div class=\"w-grid us_carousel type_carousel layout_294 preload_style_spinner items_4\" id=\"us_grid_3\" style=\"--items:4;--gap:1rem;\"><style>.layout_294 .w-grid-item-h{}.layout_294 .usg_vwrapper_1{text-align:justify!important;border-radius:0 0 20px 20px!important;position:static!important;background:#F5F5F5!important;padding:20px 30px 20px 30px!important}.layout_294 .usg_post_image_1{border-radius:20px 20px 0 0!important}.layout_294 .usg_product_field_1{text-align:right!important;font-size:22px!important;font-family:var(--h1-font-family)!important;font-weight:500!important}.layout_294 .usg_text_1{text-align:left!important}.layout_294 .usg_post_custom_field_1{color:var(--color-content-primary)!important;font-size:max( 1.5rem,1.5vw )!important;font-family:var(--h1-font-family)!important;font-weight:500!important}.layout_294 .usg_text_2{text-align:center!important;font-size:22px!important}.layout_294 .usg_post_custom_field_2{text-align:center!important;font-size:14px!important}.layout_294 .usg_text_3{text-align:center!important;font-size:22px!important}.layout_294 .usg_post_custom_field_3{text-align:center!important;font-size:14px!important}.layout_294 .usg_text_4{text-align:center!important;font-size:22px!important}.layout_294 .usg_post_custom_field_4{text-align:center!important;font-size:14px!important}.layout_294 .usg_post_custom_field_5{text-align:left!important}.layout_294 .usg_post_custom_field_6{text-align:right!important;font-size:22px!important;font-family:var(--h1-font-family)!important;font-weight:500!important}.layout_294 .usg_post_custom_field_7{color:#ffffff!important;font-weight:500!important;border-radius:0 50px 50px 0!important;position:absolute!important;left:0!important;top:10px!important;z-index:3!important;background:var(--color-content-primary)!important;padding:5px 25px 5px 20px!important}<\/style><div class=\"w-grid-list owl-carousel valign_stretch dotstyle_circle navstyle_circle arrows-ver-pos_middle arrows-hor-pos_on_sides_outside arrows-disabled_hide owl-responsive-2000\" style=\"--transition-duration:350ms;\">\t<article class=\"w-grid-item post-643505 product type-product status-publish has-post-thumbnail product_cat-citroen product_tag-berlingo pa_akost-jazdene-vozidlo pa_stav-pouzivane first instock purchasable product-type-simple\" data-id=\"643505\">\r\n\t\t<div class=\"w-grid-item-h\">\r\n\t\t\t\t\t\t<div class=\"w-post-elm post_image usg_post_image_1 has_ratio\"><a href=\"https:\/\/behr.sk\/citroen\/trnava\/produkt\/citroen-berlingo-max-bluehdi-130-bvm6\/\" aria-label=\"Citro\u00ebn Berlingo MAX BlueHdi 130 BVM6\"><img loading=\"lazy\" decoding=\"async\" width=\"1024\" height=\"768\" src=\"https:\/\/behr.sk\/citroen\/trnava\/wp-content\/uploads\/sites\/2\/2026\/04\/mSDBt3KL7_fss-1-1024x768.jpeg\" class=\"attachment-large size-large wp-post-image\" alt=\"\" \/><\/a><div style=\"padding-bottom:75%\"><\/div><\/div><div class=\"w-vwrapper usg_vwrapper_1 align_none valign_bottom\" style=\"--vwrapper-gap:1.20rem\"><div class=\"w-post-elm post_custom_field usg_post_custom_field_1 has_text_color type_text simple_nazov_do_gridu color_link_inherit\"><span class=\"w-post-elm-value\">Citro\u00ebn Berlingo<\/span><\/div><div class=\"w-hwrapper usg_hwrapper_3 align_justify valign_bottom\" style=\"--hwrapper-gap:1.20rem\"><\/div><div class=\"w-hwrapper usg_hwrapper_1 align_justify valign_bottom\" style=\"--hwrapper-gap:1.20rem\"><div class=\"w-text usg_text_1\"><span class=\"w-text-h\"><span class=\"w-text-value\">Predajn\u00e1 cena:<\/span><\/span><\/div><p class=\"w-post-elm product_field price usg_product_field_1\"><span class=\"woocommerce-Price-amount amount\"><bdi>22 900&nbsp;<span class=\"woocommerce-Price-currencySymbol\">&euro;<\/span><\/bdi><\/span><\/p><\/div><div class=\"w-hwrapper usg_hwrapper_2 gridVozidlaImportIkonky align_justify valign_middle\" style=\"--hwrapper-gap:1.20rem\"><div class=\"w-vwrapper usg_vwrapper_3 align_center valign_middle\" style=\"--vwrapper-gap:0.2rem\"><div class=\"w-text usg_text_3 no_text icon_atleft\"><span class=\"w-text-h\"><i class=\"fas fa-car\"><\/i><span class=\"w-text-value\"><\/span><\/span><\/div><div class=\"w-post-elm post_custom_field usg_post_custom_field_3 type_text prevodovka_grid color_link_inherit\"><span class=\"w-post-elm-value\">MPV<\/span><\/div><\/div><div class=\"w-vwrapper usg_vwrapper_5 align_center valign_middle\" style=\"--vwrapper-gap:0.2rem\"><div class=\"w-text usg_text_4 no_text icon_atleft\"><span class=\"w-text-h\"><i class=\"fas fa-calendar-alt\"><\/i><span class=\"w-text-value\"><\/span><\/span><\/div><div class=\"w-post-elm post_custom_field usg_post_custom_field_2 type_text rok_vyroby color_link_inherit\"><span class=\"w-post-elm-value\">2025<\/span><\/div><\/div><div class=\"w-vwrapper usg_vwrapper_4 align_center valign_middle\" style=\"--vwrapper-gap:0.2rem\"><div class=\"w-text usg_text_2 no_text icon_atleft\"><span class=\"w-text-h\"><i class=\"fas fa-gas-pump\"><\/i><span class=\"w-text-value\"><\/span><\/span><\/div><div class=\"w-post-elm post_custom_field usg_post_custom_field_4 type_text palivo_grid color_link_inherit\"><span class=\"w-post-elm-value\">Diesel<\/span><\/div><\/div><\/div><div class=\"w-vwrapper usg_vwrapper_2 align_center valign_top\"><a class=\"w-btn us-btn-style_1 usg_btn_1\" href=\"https:\/\/behr.sk\/citroen\/trnava\/produkt\/citroen-berlingo-max-bluehdi-130-bvm6\/\"><span class=\"w-btn-label\">Zobrazi\u0165 vozidlo<\/span><\/a><\/div><\/div>\t\t<\/div>\r\n\t\t\t<\/article>\r\n\t<article class=\"w-grid-item post-643103 product type-product status-publish has-post-thumbnail product_cat-citroen product_tag-c3 pa_akost-jazdene-vozidlo pa_stav-pouzivane  instock purchasable product-type-simple\" data-id=\"643103\">\r\n\t\t<div class=\"w-grid-item-h\">\r\n\t\t\t\t\t\t<div class=\"w-post-elm post_image usg_post_image_1 has_ratio\"><a href=\"https:\/\/behr.sk\/citroen\/trnava\/produkt\/citroen-c3-max-puretech-83\/\" aria-label=\"Citro\u00ebn C3 MAX PureTech 83\"><img loading=\"lazy\" decoding=\"async\" width=\"1024\" height=\"768\" src=\"https:\/\/behr.sk\/citroen\/trnava\/wp-content\/uploads\/sites\/2\/2026\/02\/GgtpNrwx_fss-1024x768.jpeg\" class=\"attachment-large size-large wp-post-image\" alt=\"\" \/><\/a><div style=\"padding-bottom:75%\"><\/div><\/div><div class=\"w-vwrapper usg_vwrapper_1 align_none valign_bottom\" style=\"--vwrapper-gap:1.20rem\"><div class=\"w-post-elm post_custom_field usg_post_custom_field_1 has_text_color type_text simple_nazov_do_gridu color_link_inherit\"><span class=\"w-post-elm-value\">Citro\u00ebn C3<\/span><\/div><div class=\"w-hwrapper usg_hwrapper_3 align_justify valign_bottom\" style=\"--hwrapper-gap:1.20rem\"><\/div><div class=\"w-hwrapper usg_hwrapper_1 align_justify valign_bottom\" style=\"--hwrapper-gap:1.20rem\"><div class=\"w-text usg_text_1\"><span class=\"w-text-h\"><span class=\"w-text-value\">Predajn\u00e1 cena:<\/span><\/span><\/div><p class=\"w-post-elm product_field price usg_product_field_1\"><span class=\"woocommerce-Price-amount amount\"><bdi>13 500&nbsp;<span class=\"woocommerce-Price-currencySymbol\">&euro;<\/span><\/bdi><\/span><\/p><\/div><div class=\"w-hwrapper usg_hwrapper_2 gridVozidlaImportIkonky align_justify valign_middle\" style=\"--hwrapper-gap:1.20rem\"><div class=\"w-vwrapper usg_vwrapper_3 align_center valign_middle\" style=\"--vwrapper-gap:0.2rem\"><div class=\"w-text usg_text_3 no_text icon_atleft\"><span class=\"w-text-h\"><i class=\"fas fa-car\"><\/i><span class=\"w-text-value\"><\/span><\/span><\/div><div class=\"w-post-elm post_custom_field usg_post_custom_field_3 type_text prevodovka_grid color_link_inherit\"><span class=\"w-post-elm-value\">Hatchback<\/span><\/div><\/div><div class=\"w-vwrapper usg_vwrapper_5 align_center valign_middle\" style=\"--vwrapper-gap:0.2rem\"><div class=\"w-text usg_text_4 no_text icon_atleft\"><span class=\"w-text-h\"><i class=\"fas fa-calendar-alt\"><\/i><span class=\"w-text-value\"><\/span><\/span><\/div><div class=\"w-post-elm post_custom_field usg_post_custom_field_2 type_text rok_vyroby color_link_inherit\"><span class=\"w-post-elm-value\">2024<\/span><\/div><\/div><div class=\"w-vwrapper usg_vwrapper_4 align_center valign_middle\" style=\"--vwrapper-gap:0.2rem\"><div class=\"w-text usg_text_2 no_text icon_atleft\"><span class=\"w-text-h\"><i class=\"fas fa-gas-pump\"><\/i><span class=\"w-text-value\"><\/span><\/span><\/div><div class=\"w-post-elm post_custom_field usg_post_custom_field_4 type_text palivo_grid color_link_inherit\"><span class=\"w-post-elm-value\">Benz\u00edn<\/span><\/div><\/div><\/div><div class=\"w-vwrapper usg_vwrapper_2 align_center valign_top\"><a class=\"w-btn us-btn-style_1 usg_btn_1\" href=\"https:\/\/behr.sk\/citroen\/trnava\/produkt\/citroen-c3-max-puretech-83\/\"><span class=\"w-btn-label\">Zobrazi\u0165 vozidlo<\/span><\/a><\/div><\/div>\t\t<\/div>\r\n\t\t\t<\/article>\r\n\t<article class=\"w-grid-item post-643364 product type-product status-publish has-post-thumbnail product_cat-citroen product_tag-c3 pa_akost-nove-vozidlo pa_stav-pouzivane last instock purchasable product-type-simple\" data-id=\"643364\">\r\n\t\t<div class=\"w-grid-item-h\">\r\n\t\t\t\t\t\t<div class=\"w-post-elm post_image usg_post_image_1 has_ratio\"><a href=\"https:\/\/behr.sk\/citroen\/trnava\/produkt\/citroen-c3-max-turbo-100-ss-4\/\" aria-label=\"Citro\u00ebn C3 MAX Turbo 100 S&amp;S\"><img loading=\"lazy\" decoding=\"async\" width=\"1024\" height=\"461\" src=\"https:\/\/behr.sk\/citroen\/trnava\/wp-content\/uploads\/sites\/2\/2026\/03\/npRc39-TA_fss-1024x461.jpeg\" class=\"attachment-large size-large wp-post-image\" alt=\"\" \/><\/a><div style=\"padding-bottom:75%\"><\/div><\/div><div class=\"w-vwrapper usg_vwrapper_1 align_none valign_bottom\" style=\"--vwrapper-gap:1.20rem\"><div class=\"w-post-elm post_custom_field usg_post_custom_field_1 has_text_color type_text simple_nazov_do_gridu color_link_inherit\"><span class=\"w-post-elm-value\">Citro\u00ebn C3<\/span><\/div><div class=\"w-hwrapper usg_hwrapper_3 align_justify valign_bottom\" style=\"--hwrapper-gap:1.20rem\"><\/div><div class=\"w-hwrapper usg_hwrapper_1 align_justify valign_bottom\" style=\"--hwrapper-gap:1.20rem\"><div class=\"w-text usg_text_1\"><span class=\"w-text-h\"><span class=\"w-text-value\">Predajn\u00e1 cena:<\/span><\/span><\/div><p class=\"w-post-elm product_field price usg_product_field_1\"><span class=\"woocommerce-Price-amount amount\"><bdi>17 500&nbsp;<span class=\"woocommerce-Price-currencySymbol\">&euro;<\/span><\/bdi><\/span><\/p><\/div><div class=\"w-hwrapper usg_hwrapper_2 gridVozidlaImportIkonky align_justify valign_middle\" style=\"--hwrapper-gap:1.20rem\"><div class=\"w-vwrapper usg_vwrapper_3 align_center valign_middle\" style=\"--vwrapper-gap:0.2rem\"><div class=\"w-text usg_text_3 no_text icon_atleft\"><span class=\"w-text-h\"><i class=\"fas fa-car\"><\/i><span class=\"w-text-value\"><\/span><\/span><\/div><div class=\"w-post-elm post_custom_field usg_post_custom_field_3 type_text prevodovka_grid color_link_inherit\"><span class=\"w-post-elm-value\">Hatchback<\/span><\/div><\/div><div class=\"w-vwrapper usg_vwrapper_5 align_center valign_middle\" style=\"--vwrapper-gap:0.2rem\"><div class=\"w-text usg_text_4 no_text icon_atleft\"><span class=\"w-text-h\"><i class=\"fas fa-calendar-alt\"><\/i><span class=\"w-text-value\"><\/span><\/span><\/div><div class=\"w-post-elm post_custom_field usg_post_custom_field_2 type_text rok_vyroby color_link_inherit\"><span class=\"w-post-elm-value\">2025<\/span><\/div><\/div><div class=\"w-vwrapper usg_vwrapper_4 align_center valign_middle\" style=\"--vwrapper-gap:0.2rem\"><div class=\"w-text usg_text_2 no_text icon_atleft\"><span class=\"w-text-h\"><i class=\"fas fa-gas-pump\"><\/i><span class=\"w-text-value\"><\/span><\/span><\/div><div class=\"w-post-elm post_custom_field usg_post_custom_field_4 type_text palivo_grid color_link_inherit\"><span class=\"w-post-elm-value\">Benz\u00edn<\/span><\/div><\/div><\/div><div class=\"w-vwrapper usg_vwrapper_2 align_center valign_top\"><a class=\"w-btn us-btn-style_1 usg_btn_1\" href=\"https:\/\/behr.sk\/citroen\/trnava\/produkt\/citroen-c3-max-turbo-100-ss-4\/\"><span class=\"w-btn-label\">Zobrazi\u0165 vozidlo<\/span><\/a><\/div><\/div>\t\t<\/div>\r\n\t\t\t<\/article>\r\n\t<article class=\"w-grid-item post-643356 product type-product status-publish has-post-thumbnail product_cat-citroen product_tag-c3 pa_akost-jazdene-vozidlo pa_stav-pouzivane first instock purchasable product-type-simple\" data-id=\"643356\">\r\n\t\t<div class=\"w-grid-item-h\">\r\n\t\t\t\t\t\t<div class=\"w-post-elm post_image usg_post_image_1 has_ratio\"><a href=\"https:\/\/behr.sk\/citroen\/trnava\/produkt\/citroen-c3-max-turbo-100-ss-3\/\" aria-label=\"Citro\u00ebn C3 MAX Turbo 100 S&amp;S\"><img loading=\"lazy\" decoding=\"async\" width=\"1024\" height=\"461\" src=\"https:\/\/behr.sk\/citroen\/trnava\/wp-content\/uploads\/sites\/2\/2026\/03\/25QY7saH1G_fss-1024x461.jpeg\" class=\"attachment-large size-large wp-post-image\" alt=\"\" \/><\/a><div style=\"padding-bottom:75%\"><\/div><\/div><div class=\"w-vwrapper usg_vwrapper_1 align_none valign_bottom\" style=\"--vwrapper-gap:1.20rem\"><div class=\"w-post-elm post_custom_field usg_post_custom_field_1 has_text_color type_text simple_nazov_do_gridu color_link_inherit\"><span class=\"w-post-elm-value\">Citro\u00ebn C3<\/span><\/div><div class=\"w-hwrapper usg_hwrapper_3 align_justify valign_bottom\" style=\"--hwrapper-gap:1.20rem\"><\/div><div class=\"w-hwrapper usg_hwrapper_1 align_justify valign_bottom\" style=\"--hwrapper-gap:1.20rem\"><div class=\"w-text usg_text_1\"><span class=\"w-text-h\"><span class=\"w-text-value\">Predajn\u00e1 cena:<\/span><\/span><\/div><p class=\"w-post-elm product_field price usg_product_field_1\"><span class=\"woocommerce-Price-amount amount\"><bdi>17 500&nbsp;<span class=\"woocommerce-Price-currencySymbol\">&euro;<\/span><\/bdi><\/span><\/p><\/div><div class=\"w-hwrapper usg_hwrapper_2 gridVozidlaImportIkonky align_justify valign_middle\" style=\"--hwrapper-gap:1.20rem\"><div class=\"w-vwrapper usg_vwrapper_3 align_center valign_middle\" style=\"--vwrapper-gap:0.2rem\"><div class=\"w-text usg_text_3 no_text icon_atleft\"><span class=\"w-text-h\"><i class=\"fas fa-car\"><\/i><span class=\"w-text-value\"><\/span><\/span><\/div><div class=\"w-post-elm post_custom_field usg_post_custom_field_3 type_text prevodovka_grid color_link_inherit\"><span class=\"w-post-elm-value\">Hatchback<\/span><\/div><\/div><div class=\"w-vwrapper usg_vwrapper_5 align_center valign_middle\" style=\"--vwrapper-gap:0.2rem\"><div class=\"w-text usg_text_4 no_text icon_atleft\"><span class=\"w-text-h\"><i class=\"fas fa-calendar-alt\"><\/i><span class=\"w-text-value\"><\/span><\/span><\/div><div class=\"w-post-elm post_custom_field usg_post_custom_field_2 type_text rok_vyroby color_link_inherit\"><span class=\"w-post-elm-value\">2025<\/span><\/div><\/div><div class=\"w-vwrapper usg_vwrapper_4 align_center valign_middle\" style=\"--vwrapper-gap:0.2rem\"><div class=\"w-text usg_text_2 no_text icon_atleft\"><span class=\"w-text-h\"><i class=\"fas fa-gas-pump\"><\/i><span class=\"w-text-value\"><\/span><\/span><\/div><div class=\"w-post-elm post_custom_field usg_post_custom_field_4 type_text palivo_grid color_link_inherit\"><span class=\"w-post-elm-value\">Benz\u00edn<\/span><\/div><\/div><\/div><div class=\"w-vwrapper usg_vwrapper_2 align_center valign_top\"><a class=\"w-btn us-btn-style_1 usg_btn_1\" href=\"https:\/\/behr.sk\/citroen\/trnava\/produkt\/citroen-c3-max-turbo-100-ss-3\/\"><span class=\"w-btn-label\">Zobrazi\u0165 vozidlo<\/span><\/a><\/div><\/div>\t\t<\/div>\r\n\t\t\t<\/article>\r\n\t<article class=\"w-grid-item post-643374 product type-product status-publish has-post-thumbnail product_cat-citroen product_tag-berlingo pa_akost-jazdene-vozidlo pa_stav-pouzivane  instock purchasable product-type-simple\" data-id=\"643374\">\r\n\t\t<div class=\"w-grid-item-h\">\r\n\t\t\t\t\t\t<div class=\"w-post-elm post_image usg_post_image_1 has_ratio\"><a href=\"https:\/\/behr.sk\/citroen\/trnava\/produkt\/citroen-berlingo-max-bluehdi-130-eat8\/\" aria-label=\"Citro\u00ebn Berlingo MAX BlueHDI 130 EAT8\"><img loading=\"lazy\" decoding=\"async\" width=\"1024\" height=\"768\" src=\"https:\/\/behr.sk\/citroen\/trnava\/wp-content\/uploads\/sites\/2\/2026\/03\/oggQjkmQ_fss-1024x768.jpeg\" class=\"attachment-large size-large wp-post-image\" alt=\"\" \/><\/a><div style=\"padding-bottom:75%\"><\/div><\/div><div class=\"w-vwrapper usg_vwrapper_1 align_none valign_bottom\" style=\"--vwrapper-gap:1.20rem\"><div class=\"w-post-elm post_custom_field usg_post_custom_field_1 has_text_color type_text simple_nazov_do_gridu color_link_inherit\"><span class=\"w-post-elm-value\">Citro\u00ebn Berlingo<\/span><\/div><div class=\"w-hwrapper usg_hwrapper_3 align_justify valign_bottom\" style=\"--hwrapper-gap:1.20rem\"><\/div><div class=\"w-hwrapper usg_hwrapper_1 align_justify valign_bottom\" style=\"--hwrapper-gap:1.20rem\"><div class=\"w-text usg_text_1\"><span class=\"w-text-h\"><span class=\"w-text-value\">Predajn\u00e1 cena:<\/span><\/span><\/div><p class=\"w-post-elm product_field price usg_product_field_1\"><span class=\"woocommerce-Price-amount amount\"><bdi>25 000&nbsp;<span class=\"woocommerce-Price-currencySymbol\">&euro;<\/span><\/bdi><\/span><\/p><\/div><div class=\"w-hwrapper usg_hwrapper_2 gridVozidlaImportIkonky align_justify valign_middle\" style=\"--hwrapper-gap:1.20rem\"><div class=\"w-vwrapper usg_vwrapper_3 align_center valign_middle\" style=\"--vwrapper-gap:0.2rem\"><div class=\"w-text usg_text_3 no_text icon_atleft\"><span class=\"w-text-h\"><i class=\"fas fa-car\"><\/i><span class=\"w-text-value\"><\/span><\/span><\/div><div class=\"w-post-elm post_custom_field usg_post_custom_field_3 type_text prevodovka_grid color_link_inherit\"><span class=\"w-post-elm-value\">MPV<\/span><\/div><\/div><div class=\"w-vwrapper usg_vwrapper_5 align_center valign_middle\" style=\"--vwrapper-gap:0.2rem\"><div class=\"w-text usg_text_4 no_text icon_atleft\"><span class=\"w-text-h\"><i class=\"fas fa-calendar-alt\"><\/i><span class=\"w-text-value\"><\/span><\/span><\/div><div class=\"w-post-elm post_custom_field usg_post_custom_field_2 type_text rok_vyroby color_link_inherit\"><span class=\"w-post-elm-value\">2024<\/span><\/div><\/div><div class=\"w-vwrapper usg_vwrapper_4 align_center valign_middle\" style=\"--vwrapper-gap:0.2rem\"><div class=\"w-text usg_text_2 no_text icon_atleft\"><span class=\"w-text-h\"><i class=\"fas fa-gas-pump\"><\/i><span class=\"w-text-value\"><\/span><\/span><\/div><div class=\"w-post-elm post_custom_field usg_post_custom_field_4 type_text palivo_grid color_link_inherit\"><span class=\"w-post-elm-value\">Diesel<\/span><\/div><\/div><\/div><div class=\"w-vwrapper usg_vwrapper_2 align_center valign_top\"><a class=\"w-btn us-btn-style_1 usg_btn_1\" href=\"https:\/\/behr.sk\/citroen\/trnava\/produkt\/citroen-berlingo-max-bluehdi-130-eat8\/\"><span class=\"w-btn-label\">Zobrazi\u0165 vozidlo<\/span><\/a><\/div><\/div>\t\t<\/div>\r\n\t\t\t<\/article>\r\n\t<article class=\"w-grid-item post-642512 product type-product status-publish has-post-thumbnail product_cat-citroen product_tag-jumper pa_akost-nove-vozidlo pa_stav-nove last instock purchasable product-type-simple\" data-id=\"642512\">\r\n\t\t<div class=\"w-grid-item-h\">\r\n\t\t\t\t\t\t<div class=\"w-post-elm post_image usg_post_image_1 has_ratio\"><a href=\"https:\/\/behr.sk\/citroen\/trnava\/produkt\/citroen-jumper-l4h2\/\" aria-label=\"Citro\u00ebn Jumper L4H2\"><img loading=\"lazy\" decoding=\"async\" width=\"1024\" height=\"768\" src=\"https:\/\/behr.sk\/citroen\/trnava\/wp-content\/uploads\/sites\/2\/2025\/11\/jAKyr34y9_fss-1024x768.jpeg\" class=\"attachment-large size-large wp-post-image\" alt=\"\" \/><\/a><div style=\"padding-bottom:75%\"><\/div><\/div><div class=\"w-vwrapper usg_vwrapper_1 align_none valign_bottom\" style=\"--vwrapper-gap:1.20rem\"><div class=\"w-post-elm post_custom_field usg_post_custom_field_1 has_text_color type_text simple_nazov_do_gridu color_link_inherit\"><span class=\"w-post-elm-value\">Citro\u00ebn Jumper<\/span><\/div><div class=\"w-hwrapper usg_hwrapper_3 align_justify valign_bottom\" style=\"--hwrapper-gap:1.20rem\"><\/div><div class=\"w-hwrapper usg_hwrapper_1 align_justify valign_bottom\" style=\"--hwrapper-gap:1.20rem\"><div class=\"w-text usg_text_1\"><span class=\"w-text-h\"><span class=\"w-text-value\">Predajn\u00e1 cena:<\/span><\/span><\/div><p class=\"w-post-elm product_field price usg_product_field_1\"><span class=\"woocommerce-Price-amount amount\"><bdi>31 990&nbsp;<span class=\"woocommerce-Price-currencySymbol\">&euro;<\/span><\/bdi><\/span><\/p><\/div><div class=\"w-hwrapper usg_hwrapper_2 gridVozidlaImportIkonky align_justify valign_middle\" style=\"--hwrapper-gap:1.20rem\"><div class=\"w-vwrapper usg_vwrapper_3 align_center valign_middle\" style=\"--vwrapper-gap:0.2rem\"><div class=\"w-text usg_text_3 no_text icon_atleft\"><span class=\"w-text-h\"><i class=\"fas fa-car\"><\/i><span class=\"w-text-value\"><\/span><\/span><\/div><div class=\"w-post-elm post_custom_field usg_post_custom_field_3 type_text prevodovka_grid color_link_inherit\"><span class=\"w-post-elm-value\">Van<\/span><\/div><\/div><div class=\"w-vwrapper usg_vwrapper_5 align_center valign_middle\" style=\"--vwrapper-gap:0.2rem\"><div class=\"w-text usg_text_4 no_text icon_atleft\"><span class=\"w-text-h\"><i class=\"fas fa-calendar-alt\"><\/i><span class=\"w-text-value\"><\/span><\/span><\/div><div class=\"w-post-elm post_custom_field usg_post_custom_field_2 type_text rok_vyroby color_link_inherit\"><span class=\"w-post-elm-value\">2025<\/span><\/div><\/div><div class=\"w-vwrapper usg_vwrapper_4 align_center valign_middle\" style=\"--vwrapper-gap:0.2rem\"><div class=\"w-text usg_text_2 no_text icon_atleft\"><span class=\"w-text-h\"><i class=\"fas fa-gas-pump\"><\/i><span class=\"w-text-value\"><\/span><\/span><\/div><div class=\"w-post-elm post_custom_field usg_post_custom_field_4 type_text palivo_grid color_link_inherit\"><span class=\"w-post-elm-value\">Diesel<\/span><\/div><\/div><\/div><div class=\"w-vwrapper usg_vwrapper_2 align_center valign_top\"><a class=\"w-btn us-btn-style_1 usg_btn_1\" href=\"https:\/\/behr.sk\/citroen\/trnava\/produkt\/citroen-jumper-l4h2\/\"><span class=\"w-btn-label\">Zobrazi\u0165 vozidlo<\/span><\/a><\/div><\/div>\t\t<\/div>\r\n\t\t\t<\/article>\r\n\t<article class=\"w-grid-item post-642152 product type-product status-publish has-post-thumbnail product_cat-citroen product_tag-jumpy pa_akost-nove-vozidlo pa_stav-nove first instock purchasable product-type-simple\" data-id=\"642152\">\r\n\t\t<div class=\"w-grid-item-h\">\r\n\t\t\t\t\t\t<div class=\"w-post-elm post_image usg_post_image_1 has_ratio\"><a href=\"https:\/\/behr.sk\/citroen\/trnava\/produkt\/citroen-jumpy-van-l3h1-bluehdi-145-k-bvm6-my-j0\/\" aria-label=\"Citro\u00ebn Jumpy VAN L3H1 BlueHDi 145 k BVM6 (MY J0)\"><img loading=\"lazy\" decoding=\"async\" width=\"1024\" height=\"576\" src=\"https:\/\/behr.sk\/citroen\/trnava\/wp-content\/uploads\/sites\/2\/2025\/09\/MdIhePCKs_fss-1024x576.jpeg\" class=\"attachment-large size-large wp-post-image\" alt=\"\" \/><\/a><div style=\"padding-bottom:75%\"><\/div><\/div><div class=\"w-vwrapper usg_vwrapper_1 align_none valign_bottom\" style=\"--vwrapper-gap:1.20rem\"><div class=\"w-post-elm post_custom_field usg_post_custom_field_1 has_text_color type_text simple_nazov_do_gridu color_link_inherit\"><span class=\"w-post-elm-value\">Citro\u00ebn Jumpy<\/span><\/div><div class=\"w-hwrapper usg_hwrapper_3 align_justify valign_bottom\" style=\"--hwrapper-gap:1.20rem\"><\/div><div class=\"w-hwrapper usg_hwrapper_1 align_justify valign_bottom\" style=\"--hwrapper-gap:1.20rem\"><div class=\"w-text usg_text_1\"><span class=\"w-text-h\"><span class=\"w-text-value\">Predajn\u00e1 cena:<\/span><\/span><\/div><p class=\"w-post-elm product_field price usg_product_field_1\"><span class=\"woocommerce-Price-amount amount\"><bdi>29 300&nbsp;<span class=\"woocommerce-Price-currencySymbol\">&euro;<\/span><\/bdi><\/span><\/p><\/div><div class=\"w-hwrapper usg_hwrapper_2 gridVozidlaImportIkonky align_justify valign_middle\" style=\"--hwrapper-gap:1.20rem\"><div class=\"w-vwrapper usg_vwrapper_3 align_center valign_middle\" style=\"--vwrapper-gap:0.2rem\"><div class=\"w-text usg_text_3 no_text icon_atleft\"><span class=\"w-text-h\"><i class=\"fas fa-car\"><\/i><span class=\"w-text-value\"><\/span><\/span><\/div><div class=\"w-post-elm post_custom_field usg_post_custom_field_3 type_text prevodovka_grid color_link_inherit\"><span class=\"w-post-elm-value\">Dod\u00e1vka<\/span><\/div><\/div><div class=\"w-vwrapper usg_vwrapper_5 align_center valign_middle\" style=\"--vwrapper-gap:0.2rem\"><div class=\"w-text usg_text_4 no_text icon_atleft\"><span class=\"w-text-h\"><i class=\"fas fa-calendar-alt\"><\/i><span class=\"w-text-value\"><\/span><\/span><\/div><div class=\"w-post-elm post_custom_field usg_post_custom_field_2 type_text rok_vyroby color_link_inherit\"><span class=\"w-post-elm-value\">2025<\/span><\/div><\/div><div class=\"w-vwrapper usg_vwrapper_4 align_center valign_middle\" style=\"--vwrapper-gap:0.2rem\"><div class=\"w-text usg_text_2 no_text icon_atleft\"><span class=\"w-text-h\"><i class=\"fas fa-gas-pump\"><\/i><span class=\"w-text-value\"><\/span><\/span><\/div><div class=\"w-post-elm post_custom_field usg_post_custom_field_4 type_text palivo_grid color_link_inherit\"><span class=\"w-post-elm-value\">Diesel<\/span><\/div><\/div><\/div><div class=\"w-vwrapper usg_vwrapper_2 align_center valign_top\"><a class=\"w-btn us-btn-style_1 usg_btn_1\" href=\"https:\/\/behr.sk\/citroen\/trnava\/produkt\/citroen-jumpy-van-l3h1-bluehdi-145-k-bvm6-my-j0\/\"><span class=\"w-btn-label\">Zobrazi\u0165 vozidlo<\/span><\/a><\/div><\/div>\t\t<\/div>\r\n\t\t\t<\/article>\r\n\t<article class=\"w-grid-item post-643032 product type-product status-publish has-post-thumbnail product_cat-citroen product_tag-c3 pa_akost-nove-vozidlo pa_stav-nove  instock purchasable product-type-simple\" data-id=\"643032\">\r\n\t\t<div class=\"w-grid-item-h\">\r\n\t\t\t\t\t\t<div class=\"w-post-elm post_image usg_post_image_1 has_ratio\"><a href=\"https:\/\/behr.sk\/citroen\/trnava\/produkt\/citroen-c3-plus-electric-113k-2\/\" aria-label=\"Citro\u00ebn C3 PLUS Electric 113k\"><img loading=\"lazy\" decoding=\"async\" width=\"771\" height=\"1024\" src=\"https:\/\/behr.sk\/citroen\/trnava\/wp-content\/uploads\/sites\/2\/2026\/02\/qJU-mnQRx_fss.jpeg\" class=\"attachment-large size-large wp-post-image\" alt=\"\" \/><\/a><div style=\"padding-bottom:75%\"><\/div><\/div><div class=\"w-vwrapper usg_vwrapper_1 align_none valign_bottom\" style=\"--vwrapper-gap:1.20rem\"><div class=\"w-post-elm post_custom_field usg_post_custom_field_1 has_text_color type_text simple_nazov_do_gridu color_link_inherit\"><span class=\"w-post-elm-value\">Citro\u00ebn C3<\/span><\/div><div class=\"w-hwrapper usg_hwrapper_3 align_justify valign_bottom\" style=\"--hwrapper-gap:1.20rem\"><\/div><div class=\"w-hwrapper usg_hwrapper_1 align_justify valign_bottom\" style=\"--hwrapper-gap:1.20rem\"><div class=\"w-text usg_text_1\"><span class=\"w-text-h\"><span class=\"w-text-value\">Predajn\u00e1 cena:<\/span><\/span><\/div><p class=\"w-post-elm product_field price usg_product_field_1\"><span class=\"woocommerce-Price-amount amount\"><bdi>24 540&nbsp;<span class=\"woocommerce-Price-currencySymbol\">&euro;<\/span><\/bdi><\/span><\/p><\/div><div class=\"w-hwrapper usg_hwrapper_2 gridVozidlaImportIkonky align_justify valign_middle\" style=\"--hwrapper-gap:1.20rem\"><div class=\"w-vwrapper usg_vwrapper_3 align_center valign_middle\" style=\"--vwrapper-gap:0.2rem\"><div class=\"w-text usg_text_3 no_text icon_atleft\"><span class=\"w-text-h\"><i class=\"fas fa-car\"><\/i><span class=\"w-text-value\"><\/span><\/span><\/div><div class=\"w-post-elm post_custom_field usg_post_custom_field_3 type_text prevodovka_grid color_link_inherit\"><span class=\"w-post-elm-value\">Hatchback<\/span><\/div><\/div><div class=\"w-vwrapper usg_vwrapper_5 align_center valign_middle\" style=\"--vwrapper-gap:0.2rem\"><div class=\"w-text usg_text_4 no_text icon_atleft\"><span class=\"w-text-h\"><i class=\"fas fa-calendar-alt\"><\/i><span class=\"w-text-value\"><\/span><\/span><\/div><div class=\"w-post-elm post_custom_field usg_post_custom_field_2 type_text rok_vyroby color_link_inherit\"><span class=\"w-post-elm-value\">2026<\/span><\/div><\/div><div class=\"w-vwrapper usg_vwrapper_4 align_center valign_middle\" style=\"--vwrapper-gap:0.2rem\"><div class=\"w-text usg_text_2 no_text icon_atleft\"><span class=\"w-text-h\"><i class=\"fas fa-gas-pump\"><\/i><span class=\"w-text-value\"><\/span><\/span><\/div><div class=\"w-post-elm post_custom_field usg_post_custom_field_4 type_text palivo_grid color_link_inherit\"><span class=\"w-post-elm-value\">Elektromotor<\/span><\/div><\/div><\/div><div class=\"w-vwrapper usg_vwrapper_2 align_center valign_top\"><a class=\"w-btn us-btn-style_1 usg_btn_1\" href=\"https:\/\/behr.sk\/citroen\/trnava\/produkt\/citroen-c3-plus-electric-113k-2\/\"><span class=\"w-btn-label\">Zobrazi\u0165 vozidlo<\/span><\/a><\/div><\/div>\t\t<\/div>\r\n\t\t\t<\/article>\r\n\t<article class=\"w-grid-item post-643040 product type-product status-publish has-post-thumbnail product_cat-citroen product_tag-jumpy pa_akost-nove-vozidlo pa_stav-nove last instock purchasable product-type-simple\" data-id=\"643040\">\r\n\t\t<div class=\"w-grid-item-h\">\r\n\t\t\t\t\t\t<div class=\"w-post-elm post_image usg_post_image_1 has_ratio\"><a href=\"https:\/\/behr.sk\/citroen\/trnava\/produkt\/citroen-jumpy-van-l3h1-bluehdi-145-k-bvm6\/\" aria-label=\"Citro\u00ebn Jumpy VAN L3H1 BlueHDi 145 k BVM6\"><img loading=\"lazy\" decoding=\"async\" width=\"771\" height=\"1024\" src=\"https:\/\/behr.sk\/citroen\/trnava\/wp-content\/uploads\/sites\/2\/2026\/02\/C7afmroZA_fss.jpeg\" class=\"attachment-large size-large wp-post-image\" alt=\"\" \/><\/a><div style=\"padding-bottom:75%\"><\/div><\/div><div class=\"w-vwrapper usg_vwrapper_1 align_none valign_bottom\" style=\"--vwrapper-gap:1.20rem\"><div class=\"w-post-elm post_custom_field usg_post_custom_field_1 has_text_color type_text simple_nazov_do_gridu color_link_inherit\"><span class=\"w-post-elm-value\">Citro\u00ebn Jumpy<\/span><\/div><div class=\"w-hwrapper usg_hwrapper_3 align_justify valign_bottom\" style=\"--hwrapper-gap:1.20rem\"><\/div><div class=\"w-hwrapper usg_hwrapper_1 align_justify valign_bottom\" style=\"--hwrapper-gap:1.20rem\"><div class=\"w-text usg_text_1\"><span class=\"w-text-h\"><span class=\"w-text-value\">Predajn\u00e1 cena:<\/span><\/span><\/div><p class=\"w-post-elm product_field price usg_product_field_1\"><span class=\"woocommerce-Price-amount amount\"><bdi>29 300&nbsp;<span class=\"woocommerce-Price-currencySymbol\">&euro;<\/span><\/bdi><\/span><\/p><\/div><div class=\"w-hwrapper usg_hwrapper_2 gridVozidlaImportIkonky align_justify valign_middle\" style=\"--hwrapper-gap:1.20rem\"><div class=\"w-vwrapper usg_vwrapper_3 align_center valign_middle\" style=\"--vwrapper-gap:0.2rem\"><div class=\"w-text usg_text_3 no_text icon_atleft\"><span class=\"w-text-h\"><i class=\"fas fa-car\"><\/i><span class=\"w-text-value\"><\/span><\/span><\/div><div class=\"w-post-elm post_custom_field usg_post_custom_field_3 type_text prevodovka_grid color_link_inherit\"><span class=\"w-post-elm-value\">Van<\/span><\/div><\/div><div class=\"w-vwrapper usg_vwrapper_5 align_center valign_middle\" style=\"--vwrapper-gap:0.2rem\"><div class=\"w-text usg_text_4 no_text icon_atleft\"><span class=\"w-text-h\"><i class=\"fas fa-calendar-alt\"><\/i><span class=\"w-text-value\"><\/span><\/span><\/div><div class=\"w-post-elm post_custom_field usg_post_custom_field_2 type_text rok_vyroby color_link_inherit\"><span class=\"w-post-elm-value\">2025<\/span><\/div><\/div><div class=\"w-vwrapper usg_vwrapper_4 align_center valign_middle\" style=\"--vwrapper-gap:0.2rem\"><div class=\"w-text usg_text_2 no_text icon_atleft\"><span class=\"w-text-h\"><i class=\"fas fa-gas-pump\"><\/i><span class=\"w-text-value\"><\/span><\/span><\/div><div class=\"w-post-elm post_custom_field usg_post_custom_field_4 type_text palivo_grid color_link_inherit\"><span class=\"w-post-elm-value\">Diesel<\/span><\/div><\/div><\/div><div class=\"w-vwrapper usg_vwrapper_2 align_center valign_top\"><a class=\"w-btn us-btn-style_1 usg_btn_1\" href=\"https:\/\/behr.sk\/citroen\/trnava\/produkt\/citroen-jumpy-van-l3h1-bluehdi-145-k-bvm6\/\"><span class=\"w-btn-label\">Zobrazi\u0165 vozidlo<\/span><\/a><\/div><\/div>\t\t<\/div>\r\n\t\t\t<\/article>\r\n\t<article class=\"w-grid-item post-643132 product type-product status-publish has-post-thumbnail product_cat-citroen product_tag-berlingo pa_akost-nove-vozidlo pa_stav-nove first instock purchasable product-type-simple\" data-id=\"643132\">\r\n\t\t<div class=\"w-grid-item-h\">\r\n\t\t\t\t\t\t<div class=\"w-post-elm post_image usg_post_image_1 has_ratio\"><a href=\"https:\/\/behr.sk\/citroen\/trnava\/produkt\/citroen-berlingo-van-l2-1000kg-bluehdi-100-mt6\/\" aria-label=\"Citro\u00ebn Berlingo VAN L2 1000kg BlueHDi 100 MT6\"><img loading=\"lazy\" decoding=\"async\" width=\"771\" height=\"1024\" src=\"https:\/\/behr.sk\/citroen\/trnava\/wp-content\/uploads\/sites\/2\/2026\/02\/irEzjF-Ns_fss.jpeg\" class=\"attachment-large size-large wp-post-image\" alt=\"\" \/><\/a><div style=\"padding-bottom:75%\"><\/div><\/div><div class=\"w-vwrapper usg_vwrapper_1 align_none valign_bottom\" style=\"--vwrapper-gap:1.20rem\"><div class=\"w-post-elm post_custom_field usg_post_custom_field_1 has_text_color type_text simple_nazov_do_gridu color_link_inherit\"><span class=\"w-post-elm-value\">Citro\u00ebn Berlingo<\/span><\/div><div class=\"w-hwrapper usg_hwrapper_3 align_justify valign_bottom\" style=\"--hwrapper-gap:1.20rem\"><\/div><div class=\"w-hwrapper usg_hwrapper_1 align_justify valign_bottom\" style=\"--hwrapper-gap:1.20rem\"><div class=\"w-text usg_text_1\"><span class=\"w-text-h\"><span class=\"w-text-value\">Predajn\u00e1 cena:<\/span><\/span><\/div><p class=\"w-post-elm product_field price usg_product_field_1\"><span class=\"woocommerce-Price-amount amount\"><bdi>23 190&nbsp;<span class=\"woocommerce-Price-currencySymbol\">&euro;<\/span><\/bdi><\/span><\/p><\/div><div class=\"w-hwrapper usg_hwrapper_2 gridVozidlaImportIkonky align_justify valign_middle\" style=\"--hwrapper-gap:1.20rem\"><div class=\"w-vwrapper usg_vwrapper_3 align_center valign_middle\" style=\"--vwrapper-gap:0.2rem\"><div class=\"w-text usg_text_3 no_text icon_atleft\"><span class=\"w-text-h\"><i class=\"fas fa-car\"><\/i><span class=\"w-text-value\"><\/span><\/span><\/div><div class=\"w-post-elm post_custom_field usg_post_custom_field_3 type_text prevodovka_grid color_link_inherit\"><span class=\"w-post-elm-value\">MPV<\/span><\/div><\/div><div class=\"w-vwrapper usg_vwrapper_5 align_center valign_middle\" style=\"--vwrapper-gap:0.2rem\"><div class=\"w-text usg_text_4 no_text icon_atleft\"><span class=\"w-text-h\"><i class=\"fas fa-calendar-alt\"><\/i><span class=\"w-text-value\"><\/span><\/span><\/div><div class=\"w-post-elm post_custom_field usg_post_custom_field_2 type_text rok_vyroby color_link_inherit\"><span class=\"w-post-elm-value\">2026<\/span><\/div><\/div><div class=\"w-vwrapper usg_vwrapper_4 align_center valign_middle\" style=\"--vwrapper-gap:0.2rem\"><div class=\"w-text usg_text_2 no_text icon_atleft\"><span class=\"w-text-h\"><i class=\"fas fa-gas-pump\"><\/i><span class=\"w-text-value\"><\/span><\/span><\/div><div class=\"w-post-elm post_custom_field usg_post_custom_field_4 type_text palivo_grid color_link_inherit\"><span class=\"w-post-elm-value\">Diesel<\/span><\/div><\/div><\/div><div class=\"w-vwrapper usg_vwrapper_2 align_center valign_top\"><a class=\"w-btn us-btn-style_1 usg_btn_1\" href=\"https:\/\/behr.sk\/citroen\/trnava\/produkt\/citroen-berlingo-van-l2-1000kg-bluehdi-100-mt6\/\"><span class=\"w-btn-label\">Zobrazi\u0165 vozidlo<\/span><\/a><\/div><\/div>\t\t<\/div>\r\n\t\t\t<\/article>\r\n<\/div><div class=\"w-grid-carousel-json hidden\" onclick='return {&quot;carousel_settings&quot;:{&quot;aria_labels&quot;:{&quot;prev&quot;:&quot;Predch\\u00e1dzaj\\u00face&quot;,&quot;next&quot;:&quot;\\u010ealej&quot;},&quot;autoplayContinual&quot;:false,&quot;autoplayHoverPause&quot;:false,&quot;autoplayTimeout&quot;:3000,&quot;autoWidth&quot;:false,&quot;smartSpeed&quot;:350,&quot;margin&quot;:0,&quot;mouseDrag&quot;:true,&quot;rtl&quot;:false,&quot;slideBy&quot;:&quot;1&quot;,&quot;touchDrag&quot;:true,&quot;slideTransition&quot;:&quot;&quot;,&quot;responsive&quot;:{&quot;0&quot;:{&quot;autoHeight&quot;:false,&quot;autoplay&quot;:true,&quot;autoWidth&quot;:false,&quot;center&quot;:false,&quot;dots&quot;:false,&quot;items&quot;:1,&quot;loop&quot;:true,&quot;nav&quot;:false,&quot;stagePadding&quot;:0,&quot;slideBy&quot;:&quot;1&quot;},&quot;601&quot;:{&quot;autoHeight&quot;:false,&quot;autoplay&quot;:true,&quot;autoWidth&quot;:false,&quot;center&quot;:false,&quot;dots&quot;:false,&quot;items&quot;:2,&quot;loop&quot;:true,&quot;nav&quot;:false,&quot;stagePadding&quot;:0,&quot;slideBy&quot;:&quot;1&quot;},&quot;1025&quot;:{&quot;autoHeight&quot;:false,&quot;autoplay&quot;:true,&quot;autoWidth&quot;:false,&quot;center&quot;:false,&quot;dots&quot;:false,&quot;items&quot;:3,&quot;loop&quot;:true,&quot;nav&quot;:false,&quot;stagePadding&quot;:0,&quot;slideBy&quot;:&quot;1&quot;},&quot;1381&quot;:{&quot;items&quot;:4,&quot;autoplay&quot;:false,&quot;center&quot;:false,&quot;dots&quot;:false,&quot;nav&quot;:false,&quot;autoHeight&quot;:false,&quot;autoWidth&quot;:false,&quot;loop&quot;:true,&quot;stagePadding&quot;:0}}}}'><\/div><\/div><div class=\"w-separator size_small\"><\/div><div class=\"w-btn-wrapper align_center\"><a class=\"w-btn us-btn-style_3\" title=\"Vozidl\u00e1 ihne\u010f k odberu\" href=\"\/vozidla-ihned-k-odberu\/\"><span class=\"w-btn-label\">Zobrazi\u0165 vozidl\u00e1 k odberu<\/span><\/a><\/div><\/div><\/div><\/div><\/div><\/section><section class=\"l-section wpb_row height_medium\"><div class=\"l-section-h i-cf\"><div class=\"g-cols vc_row via_grid cols_1 laptops-cols_inherit tablets-cols_inherit mobiles-cols_1 valign_middle type_default stacking_default\"><div class=\"wpb_column vc_column_container\"><div class=\"vc_column-inner\"><h2 class=\"w-text us_custom_492179a4\"><span class=\"w-text-h\"><span class=\"w-text-value\">Kontaktujte n\u00e1s<\/span><\/span><\/h2><div class=\"wpb_text_column\"><div class=\"wpb_wrapper\"><p>Na\u0161a firma B\u00c9HR s. r. o. \u00a0je v\u00e1m k dispoz\u00edci\u00ed v Trnave, tak nev\u00e1hajte a pr\u00ed\u010fte n\u00e1s nav\u0161t\u00edvi\u0165 do na\u0161ej predajne. Te\u0161\u00edme sa na V\u00e1s!<\/p>\n<\/div><\/div><div class=\"w-separator size_medium\"><\/div><div class=\"w-tabs layout_hor style_radio3 switch_click has_scrolling\" style=\"--sections-title-size:1em\"><div class=\"w-tabs-list items_1 align_none\"><div class=\"w-tabs-list-h\"><button class=\"w-tabs-item active\" aria-controls=\"content-m3ba\" aria-expanded=\"false\"><span class=\"w-tabs-item-title\">Prev\u00e1dzka Trnava<\/span><\/button><\/div><\/div><div class=\"w-tabs-sections titles-align_none icon_chevron cpos_right\"><div class=\"w-tabs-section active\" id=\"m3ba\"><button class=\"w-tabs-section-header active\" aria-controls=\"content-m3ba\" aria-expanded=\"true\"><div class=\"w-tabs-section-title\">Prev\u00e1dzka Trnava<\/div><div class=\"w-tabs-section-control\"><\/div><\/button><div  class=\"w-tabs-section-content\" id=\"content-m3ba\"><div class=\"w-tabs-section-content-h i-cf\"><section class=\"l-section wpb_row height_auto width_full\"><div class=\"l-section-h i-cf\"><div class=\"g-cols vc_row via_grid cols_2 laptops-cols_inherit tablets-cols_inherit mobiles-cols_1 valign_middle type_default stacking_default\"><div class=\"wpb_column vc_column_container\"><div class=\"vc_column-inner\"><div class=\"w-iconbox iconpos_left style_default color_primary align_left\"><div class=\"w-iconbox-icon\" style=\"font-size:2rem;\"><i class=\"fas fa-map-marker-alt\"><\/i><\/div><div class=\"w-iconbox-meta\"><h6 class=\"w-iconbox-title\">ADRESA<\/h6><div class=\"w-iconbox-text\"><p>Prev\u00e1dzka Zavarsk\u00e1 cesta 10\/A, 917 01 Trnava<\/p>\n<\/div><\/div><\/div><div class=\"w-separator size_medium\"><\/div><div class=\"w-tabs layout_hor style_trendy switch_click has_scrolling\" style=\"--sections-title-size:1em\"><div class=\"w-tabs-list items_2 align_none\"><div class=\"w-tabs-list-h\"><button class=\"w-tabs-item active\" aria-controls=\"content-f597\" aria-expanded=\"false\"><span class=\"w-tabs-item-title\">Predaj<\/span><\/button><button class=\"w-tabs-item\" aria-controls=\"content-h04e\" aria-expanded=\"false\"><span class=\"w-tabs-item-title\">Servis<\/span><\/button><\/div><\/div><div class=\"w-tabs-sections titles-align_none icon_chevron cpos_right\"><div class=\"w-tabs-section active\" id=\"f597\"><button class=\"w-tabs-section-header active\" aria-controls=\"content-f597\" aria-expanded=\"true\"><div class=\"w-tabs-section-title\">Predaj<\/div><div class=\"w-tabs-section-control\"><\/div><\/button><div  class=\"w-tabs-section-content\" id=\"content-f597\"><div class=\"w-tabs-section-content-h i-cf\"><div class=\"g-cols wpb_row via_grid cols_2 laptops-cols_inherit tablets-cols_inherit mobiles-cols_1 valign_top type_default stacking_default\" style=\"--columns-gap:3rem;\"><div class=\"wpb_column vc_column_container\"><div class=\"vc_column-inner\"><div class=\"w-iconbox iconpos_left style_default color_primary align_left\"><div class=\"w-iconbox-icon\" style=\"font-size:2rem;\"><i class=\"far fa-clock\"><\/i><\/div><div class=\"w-iconbox-meta\"><h6 class=\"w-iconbox-title\">OTV\u00c1RACIE HODINY<\/h6><div class=\"w-iconbox-text\"><p><strong>PREDAJ<\/strong><br \/>\nPondelok &#8211; Piatok: 8:00-17:00<br \/>\nSobota: 9:00-12:00<br \/>\nNede\u013ea: Zatvoren\u00e9<\/p>\n<\/div><\/div><\/div><\/div><\/div><div class=\"wpb_column vc_column_container\"><div class=\"vc_column-inner\"><div class=\"w-iconbox iconpos_left style_default color_primary align_left\"><div class=\"w-iconbox-icon\" style=\"font-size:2rem;\"><i class=\"fas fa-phone-alt\"><\/i><\/div><div class=\"w-iconbox-meta\"><h6 class=\"w-iconbox-title\">TELEF\u00d3N<\/h6><div class=\"w-iconbox-text\"><p><a href=\"tel:+421 948 447 640\">+421 948 447 640<\/a><br \/>\n<a href=\"tel:+421 910 785 518\">+421 910 785 518<\/a><\/p>\n<\/div><\/div><\/div><div class=\"w-separator size_small\"><\/div><div class=\"w-iconbox iconpos_left style_default color_primary align_left\"><div class=\"w-iconbox-icon\" style=\"font-size:2rem;\"><i class=\"fas fa-envelope\"><\/i><\/div><div class=\"w-iconbox-meta\"><h6 class=\"w-iconbox-title\">E-MAIL<\/h6><div class=\"w-iconbox-text\"><p><a href=\"mailto:predajtt@behr.sk\">predajtt@behr.sk<\/a><br \/>\n<a href=\"mailto:salontt@behr.sk\">salontt@behr.sk<\/a><\/p>\n<\/div><\/div><\/div><\/div><\/div><\/div><\/div><\/div><\/div><div class=\"w-tabs-section\" id=\"h04e\"><button class=\"w-tabs-section-header\" aria-controls=\"content-h04e\" aria-expanded=\"false\"><div class=\"w-tabs-section-title\">Servis<\/div><div class=\"w-tabs-section-control\"><\/div><\/button><div  class=\"w-tabs-section-content\" id=\"content-h04e\"><div class=\"w-tabs-section-content-h i-cf\"><div class=\"g-cols wpb_row via_grid cols_2 laptops-cols_inherit tablets-cols_inherit mobiles-cols_1 valign_top type_default stacking_default\" style=\"--columns-gap:3rem;\"><div class=\"wpb_column vc_column_container\"><div class=\"vc_column-inner\"><div class=\"w-iconbox iconpos_left style_default color_primary align_left\"><div class=\"w-iconbox-icon\" style=\"font-size:2rem;\"><i class=\"far fa-clock\"><\/i><\/div><div class=\"w-iconbox-meta\"><h6 class=\"w-iconbox-title\">OTV\u00c1RACIE HODINY<\/h6><div class=\"w-iconbox-text\"><p><strong>SERVIS<\/strong><br \/>\nPondelok &#8211; Piatok: 7:30-16:00<br \/>\nSobota: 8:00-12:00<br \/>\nNede\u013ea: Zatvoren\u00e9<\/p>\n<\/div><\/div><\/div><\/div><\/div><div class=\"wpb_column vc_column_container\"><div class=\"vc_column-inner\"><div class=\"w-iconbox iconpos_left style_default color_primary align_left\"><div class=\"w-iconbox-icon\" style=\"font-size:2rem;\"><i class=\"fas fa-phone-alt\"><\/i><\/div><div class=\"w-iconbox-meta\"><h6 class=\"w-iconbox-title\">TELEF\u00d3N<\/h6><div class=\"w-iconbox-text\"><p style=\"font-weight: 400;\"><a href=\"tel:+421 918 247 659\">+421 918 247 659<\/a><br \/>\n<a href=\"tel:+421 904 360 909\">+421 904 360 909<\/a><br \/>\n<a href=\"tel:+421 0915 151 509\">+421 0915 151 509<\/a><\/p>\n<\/div><\/div><\/div><div class=\"w-separator size_small\"><\/div><div class=\"w-iconbox iconpos_left style_default color_primary align_left\"><div class=\"w-iconbox-icon\" style=\"font-size:2rem;\"><i class=\"fas fa-envelope\"><\/i><\/div><div class=\"w-iconbox-meta\"><h6 class=\"w-iconbox-title\">E-MAIL<\/h6><div class=\"w-iconbox-text\"><p style=\"font-weight: 400;\"><a href=\"mailto:garanciett@behr.sk\">garanciett@behr.sk<\/a><br \/>\n<a href=\"mailto:techniktt@behr.sk\">techniktt@behr.sk<\/a><\/p>\n<\/div><\/div><\/div><\/div><\/div><\/div><\/div><\/div><\/div><\/div><\/div><div class=\"w-separator size_small\"><\/div><div class=\"w-html\"><iframe loading=\"lazy\" src=\"https:\/\/www.google.com\/maps\/embed?pb=!1m18!1m12!1m3!1d2650.2373962456472!2d17.618450315622308!3d48.375175779243094!2m3!1f0!2f0!3f0!3m2!1i1024!2i768!4f13.1!3m3!1m2!1s0x476b5f0cb3d241a1%3A0x1b65a99234119aca!2zQXV0b3NlcnZpcyBCw6lociAmIELDqWhyIC0gQ2l0cm_Dq24!5e0!3m2!1ssk!2ssk!4v1595252461727!5m2!1ssk!2ssk\" width=\"100%\" height=\"250\" frameborder=\"0\" style=\"border:0;\" allowfullscreen=\"\" aria-hidden=\"false\" tabindex=\"0\"><\/iframe><\/div><\/div><\/div><div class=\"wpb_column vc_column_container\"><div class=\"vc_column-inner\">\n<div class=\"wpcf7 no-js us_custom_9f82276f\" id=\"wpcf7-f637950-o1\" lang=\"sk-SK\" dir=\"ltr\" data-wpcf7-id=\"637950\">\n<div class=\"screen-reader-response\"><p role=\"status\" aria-live=\"polite\" aria-atomic=\"true\"><\/p> <ul><\/ul><\/div>\n<form action=\"\/citroen\/trnava\/wp-json\/wp\/v2\/pages\/43#wpcf7-f637950-o1\" method=\"post\" class=\"wpcf7-form init\" aria-label=\"Kontaktn\u00fd formul\u00e1r\" novalidate=\"novalidate\" data-status=\"init\">\n<fieldset class=\"hidden-fields-container\"><input type=\"hidden\" name=\"_wpcf7\" value=\"637950\" \/><input type=\"hidden\" name=\"_wpcf7_version\" value=\"6.1.4\" \/><input type=\"hidden\" name=\"_wpcf7_locale\" value=\"sk_SK\" \/><input type=\"hidden\" name=\"_wpcf7_unit_tag\" value=\"wpcf7-f637950-o1\" \/><input type=\"hidden\" name=\"_wpcf7_container_post\" value=\"0\" \/><input type=\"hidden\" name=\"_wpcf7_posted_data_hash\" value=\"\" \/><input type=\"hidden\" name=\"_wpcf7dtx_version\" value=\"5.0.4\" \/>\n<\/fieldset>\n<div class=\"otherColumns\">\n\t<p><span class=\"wpcf7-form-control-wrap\" data-name=\"your-name\"><input size=\"40\" maxlength=\"400\" class=\"wpcf7-form-control wpcf7-text wpcf7-validates-as-required\" aria-required=\"true\" aria-invalid=\"false\" placeholder=\"Meno a priezvisko*\" value=\"\" type=\"text\" name=\"your-name\" \/><\/span>\n\t<\/p>\n<\/div>\n<div class=\"columnHalf\">\n\t<p><span class=\"wpcf7-form-control-wrap\" data-name=\"your-email\"><input size=\"40\" maxlength=\"400\" class=\"wpcf7-form-control wpcf7-email wpcf7-validates-as-required wpcf7-text wpcf7-validates-as-email\" aria-required=\"true\" aria-invalid=\"false\" placeholder=\"Emailov\u00e1 adresa*\" value=\"\" type=\"email\" name=\"your-email\" \/><\/span>\n\t<\/p>\n<\/div>\n<div class=\"columnHalf\">\n\t<p><span class=\"wpcf7-form-control-wrap\" data-name=\"telefon\"><input size=\"40\" maxlength=\"400\" class=\"wpcf7-form-control wpcf7-tel wpcf7-validates-as-required wpcf7-text wpcf7-validates-as-tel\" aria-required=\"true\" aria-invalid=\"false\" placeholder=\"Telef\u00f3n*\" value=\"\" type=\"tel\" name=\"telefon\" \/><\/span>\n\t<\/p>\n<\/div>\n<div class=\"otherColumns\">\n\t<p><span class=\"wpcf7-form-control-wrap\" data-name=\"your-message\"><textarea cols=\"40\" rows=\"10\" maxlength=\"2000\" class=\"wpcf7-form-control wpcf7-textarea\" aria-invalid=\"false\" placeholder=\"Va\u0161a spr\u00e1va...\" name=\"your-message\"><\/textarea><\/span>\n\t<\/p>\n<\/div>\n<div class=\"otherColumns\">\n\t<p><span class=\"wpcf7-form-control-wrap\" data-name=\"acceptance-432\"><span class=\"wpcf7-form-control wpcf7-acceptance\"><span class=\"wpcf7-list-item\"><label><input type=\"checkbox\" name=\"acceptance-432\" value=\"1\" aria-invalid=\"false\" \/><span class=\"wpcf7-list-item-label\">Zaslan\u00edm \u017eiadosti potvrdzujem, \u017ee som sa obozn\u00e1mil(a) so z\u00e1sadami sprac\u00favania osobn\u00fdch \u00fadajov<\/span><\/label><\/span><\/span><\/span>\n\t<\/p>\n<\/div>\n<p><input class=\"wpcf7-form-control wpcf7-cf7rfr_referrer cf7-rfr\" value=\"\" type=\"hidden\" name=\"page-of-origin\" \/>\n<\/p>\n<input class=\"wpcf7-form-control wpcf7-hidden\" value=\"TT\" type=\"hidden\" name=\"text\" \/>\n<div class=\"otherColumns\">\n\t<p><input class=\"wpcf7-form-control wpcf7-submit has-spinner\" type=\"submit\" value=\"Odosla\u0165\" \/>\n\t<\/p>\n<\/div><div class=\"wpcf7-response-output\" aria-hidden=\"true\"><\/div>\n<\/form>\n<\/div>\n<\/div><\/div><\/div><\/div><\/section>\n<\/div><\/div><\/div><\/div><\/div><\/div><\/div><\/div><\/div><\/section>\n","protected":false},"excerpt":{"rendered":"Bluetooth handsfree, Centr\u00e1lne zamykanie, Elektrick\u00e9 okn\u00e1, Elektrick\u00e9 zrkadl\u00e1, Imobiliz\u00e9r, Parkovacie senzory, Klimatiz\u00e1cia, Palubn\u00fd po\u010d\u00edta\u010d, Tempomat, Dia\u013ekov\u00e9 ovl\u00e1danie zamykania, Asistent jazdn\u00fdch pruhov, Android Auto, Apple CarPlay, Autor\u00e1dio, Airbagy, Airbagy - po\u010det","protected":false},"author":1,"featured_media":0,"parent":0,"menu_order":0,"comment_status":"closed","ping_status":"closed","template":"","meta":{"_acf_changed":false,"footnotes":""},"class_list":["post-43","page","type-page","status-publish","hentry"],"acf":[],"yoast_head":"<!-- This site is optimized with the Yoast SEO plugin v26.8 - https:\/\/yoast.com\/product\/yoast-seo-wordpress\/ -->\n<title>Autorizovan\u00fd predaj a servis vozidiel Citro\u00ebn | Behr.sk<\/title>\n<meta name=\"description\" content=\"Autorizovan\u00fd predaj a servis vozidiel Citro\u00ebn Behr.sk s pobo\u010dkami v Dunajskej Strede a Trnave. Te\u0161\u00edme sa na va\u0161u n\u00e1v\u0161tevu!\" \/>\n<meta name=\"robots\" content=\"index, follow, max-snippet:-1, max-image-preview:large, max-video-preview:-1\" \/>\n<link rel=\"canonical\" href=\"https:\/\/behr.sk\/citroen\/trnava\/\" \/>\n<meta property=\"og:locale\" content=\"sk_SK\" \/>\n<meta property=\"og:type\" content=\"article\" \/>\n<meta property=\"og:title\" content=\"Autorizovan\u00fd predaj a servis vozidiel Citro\u00ebn | Behr.sk\" \/>\n<meta property=\"og:description\" content=\"Autorizovan\u00fd predaj a servis vozidiel Citro\u00ebn Behr.sk s pobo\u010dkami v Dunajskej Strede a Trnave. Te\u0161\u00edme sa na va\u0161u n\u00e1v\u0161tevu!\" \/>\n<meta property=\"og:url\" content=\"https:\/\/behr.sk\/citroen\/trnava\/\" \/>\n<meta property=\"og:site_name\" content=\"Citroen BEHR Trnava\" \/>\n<meta property=\"article:modified_time\" content=\"2026-04-02T06:41:53+00:00\" \/>\n<meta name=\"twitter:card\" content=\"summary_large_image\" \/>\n<meta name=\"twitter:label1\" content=\"Predpokladan\u00fd \u010das \u010d\u00edtania\" \/>\n\t<meta name=\"twitter:data1\" content=\"2 min\u00faty\" \/>\n<script type=\"application\/ld+json\" class=\"yoast-schema-graph\">{\"@context\":\"https:\/\/schema.org\",\"@graph\":[{\"@type\":\"WebPage\",\"@id\":\"https:\/\/behr.sk\/citroen\/trnava\/\",\"url\":\"https:\/\/behr.sk\/citroen\/trnava\/\",\"name\":\"Autorizovan\u00fd predaj a servis vozidiel Citro\u00ebn | Behr.sk\",\"isPartOf\":{\"@id\":\"https:\/\/behr.sk\/citroen\/trnava\/#website\"},\"datePublished\":\"2023-05-22T09:05:58+00:00\",\"dateModified\":\"2026-04-02T06:41:53+00:00\",\"description\":\"Autorizovan\u00fd predaj a servis vozidiel Citro\u00ebn Behr.sk s pobo\u010dkami v Dunajskej Strede a Trnave. Te\u0161\u00edme sa na va\u0161u n\u00e1v\u0161tevu!\",\"inLanguage\":\"sk-SK\",\"potentialAction\":[{\"@type\":\"ReadAction\",\"target\":[\"https:\/\/behr.sk\/citroen\/trnava\/\"]}]},{\"@type\":\"WebSite\",\"@id\":\"https:\/\/behr.sk\/citroen\/trnava\/#website\",\"url\":\"https:\/\/behr.sk\/citroen\/trnava\/\",\"name\":\"Citroen BEHR Trnava\",\"description\":\"\",\"potentialAction\":[{\"@type\":\"SearchAction\",\"target\":{\"@type\":\"EntryPoint\",\"urlTemplate\":\"https:\/\/behr.sk\/citroen\/trnava\/?s={search_term_string}\"},\"query-input\":{\"@type\":\"PropertyValueSpecification\",\"valueRequired\":true,\"valueName\":\"search_term_string\"}}],\"inLanguage\":\"sk-SK\"}]}<\/script>\n<!-- \/ Yoast SEO plugin. -->","yoast_head_json":{"title":"Autorizovan\u00fd predaj a servis vozidiel Citro\u00ebn | Behr.sk","description":"Autorizovan\u00fd predaj a servis vozidiel Citro\u00ebn Behr.sk s pobo\u010dkami v Dunajskej Strede a Trnave. Te\u0161\u00edme sa na va\u0161u n\u00e1v\u0161tevu!","robots":{"index":"index","follow":"follow","max-snippet":"max-snippet:-1","max-image-preview":"max-image-preview:large","max-video-preview":"max-video-preview:-1"},"canonical":"https:\/\/behr.sk\/citroen\/trnava\/","og_locale":"sk_SK","og_type":"article","og_title":"Autorizovan\u00fd predaj a servis vozidiel Citro\u00ebn | Behr.sk","og_description":"Autorizovan\u00fd predaj a servis vozidiel Citro\u00ebn Behr.sk s pobo\u010dkami v Dunajskej Strede a Trnave. Te\u0161\u00edme sa na va\u0161u n\u00e1v\u0161tevu!","og_url":"https:\/\/behr.sk\/citroen\/trnava\/","og_site_name":"Citroen BEHR Trnava","article_modified_time":"2026-04-02T06:41:53+00:00","twitter_card":"summary_large_image","twitter_misc":{"Predpokladan\u00fd \u010das \u010d\u00edtania":"2 min\u00faty"},"schema":{"@context":"https:\/\/schema.org","@graph":[{"@type":"WebPage","@id":"https:\/\/behr.sk\/citroen\/trnava\/","url":"https:\/\/behr.sk\/citroen\/trnava\/","name":"Autorizovan\u00fd predaj a servis vozidiel Citro\u00ebn | Behr.sk","isPartOf":{"@id":"https:\/\/behr.sk\/citroen\/trnava\/#website"},"datePublished":"2023-05-22T09:05:58+00:00","dateModified":"2026-04-02T06:41:53+00:00","description":"Autorizovan\u00fd predaj a servis vozidiel Citro\u00ebn Behr.sk s pobo\u010dkami v Dunajskej Strede a Trnave. Te\u0161\u00edme sa na va\u0161u n\u00e1v\u0161tevu!","inLanguage":"sk-SK","potentialAction":[{"@type":"ReadAction","target":["https:\/\/behr.sk\/citroen\/trnava\/"]}]},{"@type":"WebSite","@id":"https:\/\/behr.sk\/citroen\/trnava\/#website","url":"https:\/\/behr.sk\/citroen\/trnava\/","name":"Citroen BEHR Trnava","description":"","potentialAction":[{"@type":"SearchAction","target":{"@type":"EntryPoint","urlTemplate":"https:\/\/behr.sk\/citroen\/trnava\/?s={search_term_string}"},"query-input":{"@type":"PropertyValueSpecification","valueRequired":true,"valueName":"search_term_string"}}],"inLanguage":"sk-SK"}]}},"_links":{"self":[{"href":"https:\/\/behr.sk\/citroen\/trnava\/wp-json\/wp\/v2\/pages\/43","targetHints":{"allow":["GET"]}}],"collection":[{"href":"https:\/\/behr.sk\/citroen\/trnava\/wp-json\/wp\/v2\/pages"}],"about":[{"href":"https:\/\/behr.sk\/citroen\/trnava\/wp-json\/wp\/v2\/types\/page"}],"author":[{"embeddable":true,"href":"https:\/\/behr.sk\/citroen\/trnava\/wp-json\/wp\/v2\/users\/1"}],"replies":[{"embeddable":true,"href":"https:\/\/behr.sk\/citroen\/trnava\/wp-json\/wp\/v2\/comments?post=43"}],"version-history":[{"count":80,"href":"https:\/\/behr.sk\/citroen\/trnava\/wp-json\/wp\/v2\/pages\/43\/revisions"}],"predecessor-version":[{"id":643445,"href":"https:\/\/behr.sk\/citroen\/trnava\/wp-json\/wp\/v2\/pages\/43\/revisions\/643445"}],"wp:attachment":[{"href":"https:\/\/behr.sk\/citroen\/trnava\/wp-json\/wp\/v2\/media?parent=43"}],"curies":[{"name":"wp","href":"https:\/\/api.w.org\/{rel}","templated":true}]}}