{"id":844,"date":"2023-06-12T10:16:15","date_gmt":"2023-06-12T08:16:15","guid":{"rendered":"https:\/\/behr.sk\/citroen\/trnava\/?page_id=844"},"modified":"2023-06-12T10:16:15","modified_gmt":"2023-06-12T08:16:15","slug":"uzitkove-vozidla","status":"publish","type":"page","link":"https:\/\/behr.sk\/citroen\/trnava\/uzitkove-vozidla\/","title":{"rendered":"\u00da\u017eitkov\u00e9 vozidl\u00e1"},"content":{"rendered":"<section class=\"l-section wpb_row us_custom_b1b88b1e height_medium\"><div class=\"l-section-h i-cf\"><div class=\"g-cols vc_row via_grid cols_1 laptops-cols_inherit tablets-cols_inherit mobiles-cols_1 valign_top type_default stacking_default\"><div class=\"wpb_column vc_column_container\"><div class=\"vc_column-inner\"><h1 class=\"w-text us_custom_40824568\"><span class=\"w-text-h\"><span class=\"w-text-value\">\u00da\u017eitkov\u00e9 vozidl\u00e1<\/span><\/span><\/h1><div class=\"w-separator size_small\"><\/div><div class=\"w-grid us_grid type_grid layout_217 cols_5 pagination_infinite overflow_hidden preload_style_spinner\" id=\"us_grid_1\" style=\"--columns:5;--gap:0.5rem;\" data-filterable=\"true\"><style>@media (max-width:1380px){#us_grid_1{--columns:3!important}}@media (max-width:1024px){#us_grid_1{--columns:2!important}}@media (max-width:600px){#us_grid_1{--columns:1!important}}.layout_217 .w-grid-item-h{border-radius:1rem;box-shadow:0 0.05rem 0.1rem rgba(0,0,0,0.1),0 0.17rem 0.5rem rgba(0,0,0,0.1);transition-duration:0.3s}.no-touch .layout_217 .w-grid-item-h:hover{box-shadow:0 0.1rem 0.2rem rgba(0,0,0,0.1),0 0.33rem 1rem rgba(0,0,0,0.15);z-index:4}.layout_217 .usg_vwrapper_1{border-radius:20px!important;position:static!important;padding:20px 30px 20px 30px!important}.layout_217 .usg_post_title_1{color:var(--color-content-primary)!important;font-size:max( 1.3rem,1.3vw )!important}.layout_217 .usg_btn_1{margin-top:20px!important}<\/style><div class=\"w-grid-list\">\t<article class=\"w-grid-item size_1x1 post-643435 us_portfolio type-us_portfolio status-publish has-post-thumbnail hentry us_portfolio_category-uzitkove-vozidla\" data-id=\"643435\">\r\n\t\t<div class=\"w-grid-item-h\">\r\n\t\t\t\t\t\t<div class=\"w-vwrapper usg_vwrapper_1 align_center valign_bottom\"><div class=\"w-post-elm post_image usg_post_image_1 stretched\"><a href=\"https:\/\/behr.sk\/citroen\/trnava\/vozidla\/citroen-c3-van\/\" aria-label=\"Citro\u00ebn C3 VAN\"><img loading=\"lazy\" decoding=\"async\" width=\"224\" height=\"126\" src=\"https:\/\/behr.sk\/citroen\/trnava\/wp-content\/uploads\/sites\/2\/2026\/04\/Nova-C3van.png\" class=\"attachment-large size-large wp-post-image\" alt=\"\" srcset=\"https:\/\/behr.sk\/citroen\/trnava\/wp-content\/uploads\/sites\/2\/2026\/04\/Nova-C3van.png 224w, https:\/\/behr.sk\/citroen\/trnava\/wp-content\/uploads\/sites\/2\/2026\/04\/Nova-C3van-50x28.png 50w\" sizes=\"auto, (max-width: 224px) 100vw, 224px\" \/><\/a><\/div><h3 class=\"w-post-elm post_title usg_post_title_1 has_text_color align_center entry-title color_link_inherit\"><a href=\"https:\/\/behr.sk\/citroen\/trnava\/vozidla\/citroen-c3-van\/\">Citro\u00ebn C3 VAN<\/a><\/h3><div class=\"w-post-elm post_custom_field usg_post_custom_field_1 type_text cena1 color_link_inherit\"><p>u\u017e od 11 990\u20ac s DPH<\/p>\n<\/div><a class=\"w-btn us-btn-style_4 usg_btn_1 icon_atleft text_none\" aria-label=\"Button\" href=\"https:\/\/behr.sk\/citroen\/trnava\/vozidla\/citroen-c3-van\/\"><i class=\"fas fa-arrow-right\"><\/i><\/a><\/div>\t\t<\/div>\r\n\t\t\t<\/article>\r\n\t<article class=\"w-grid-item size_1x1 post-559 us_portfolio type-us_portfolio status-publish has-post-thumbnail hentry us_portfolio_category-uzitkove-vozidla\" data-id=\"559\">\r\n\t\t<div class=\"w-grid-item-h\">\r\n\t\t\t\t\t\t<div class=\"w-vwrapper usg_vwrapper_1 align_center valign_bottom\"><div class=\"w-post-elm post_image usg_post_image_1 stretched\"><a href=\"https:\/\/behr.sk\/citroen\/trnava\/vozidla\/citroen-berlingo-van\/\" aria-label=\"Citro\u00ebn Berlingo Van\"><img loading=\"lazy\" decoding=\"async\" width=\"224\" height=\"126\" src=\"https:\/\/behr.sk\/citroen\/trnava\/wp-content\/uploads\/sites\/2\/2023\/05\/berlingo-van.png\" class=\"attachment-large size-large wp-post-image\" alt=\"\" srcset=\"https:\/\/behr.sk\/citroen\/trnava\/wp-content\/uploads\/sites\/2\/2023\/05\/berlingo-van.png 224w, https:\/\/behr.sk\/citroen\/trnava\/wp-content\/uploads\/sites\/2\/2023\/05\/berlingo-van-50x28.png 50w\" sizes=\"auto, (max-width: 224px) 100vw, 224px\" \/><\/a><\/div><h3 class=\"w-post-elm post_title usg_post_title_1 has_text_color align_center entry-title color_link_inherit\"><a href=\"https:\/\/behr.sk\/citroen\/trnava\/vozidla\/citroen-berlingo-van\/\">Citro\u00ebn Berlingo Van<\/a><\/h3><div class=\"w-post-elm post_custom_field usg_post_custom_field_1 type_text cena1 color_link_inherit\"><p>u\u017e od 16 620\u20ac bez DPH<\/p>\n<\/div><a class=\"w-btn us-btn-style_4 usg_btn_1 icon_atleft text_none\" aria-label=\"Button\" href=\"https:\/\/behr.sk\/citroen\/trnava\/vozidla\/citroen-berlingo-van\/\"><i class=\"fas fa-arrow-right\"><\/i><\/a><\/div>\t\t<\/div>\r\n\t\t\t<\/article>\r\n\t<article class=\"w-grid-item size_1x1 post-579 us_portfolio type-us_portfolio status-publish has-post-thumbnail hentry us_portfolio_category-uzitkove-vozidla\" data-id=\"579\">\r\n\t\t<div class=\"w-grid-item-h\">\r\n\t\t\t\t\t\t<div class=\"w-vwrapper usg_vwrapper_1 align_center valign_bottom\"><div class=\"w-post-elm post_image usg_post_image_1 stretched\"><a href=\"https:\/\/behr.sk\/citroen\/trnava\/vozidla\/citroen-jumpy-furgon\/\" aria-label=\"Citro\u00ebn Jumpy\"><img loading=\"lazy\" decoding=\"async\" width=\"224\" height=\"126\" src=\"https:\/\/behr.sk\/citroen\/trnava\/wp-content\/uploads\/sites\/2\/2023\/05\/Jumpy.png\" class=\"attachment-large size-large wp-post-image\" alt=\"\" srcset=\"https:\/\/behr.sk\/citroen\/trnava\/wp-content\/uploads\/sites\/2\/2023\/05\/Jumpy.png 224w, https:\/\/behr.sk\/citroen\/trnava\/wp-content\/uploads\/sites\/2\/2023\/05\/Jumpy-50x28.png 50w\" sizes=\"auto, (max-width: 224px) 100vw, 224px\" \/><\/a><\/div><h3 class=\"w-post-elm post_title usg_post_title_1 has_text_color align_center entry-title color_link_inherit\"><a href=\"https:\/\/behr.sk\/citroen\/trnava\/vozidla\/citroen-jumpy-furgon\/\">Citro\u00ebn Jumpy<\/a><\/h3><div class=\"w-post-elm post_custom_field usg_post_custom_field_1 type_text cena1 color_link_inherit\"><p>u\u017e od 22 540\u20ac bez DPH<\/p>\n<\/div><a class=\"w-btn us-btn-style_4 usg_btn_1 icon_atleft text_none\" aria-label=\"Button\" href=\"https:\/\/behr.sk\/citroen\/trnava\/vozidla\/citroen-jumpy-furgon\/\"><i class=\"fas fa-arrow-right\"><\/i><\/a><\/div>\t\t<\/div>\r\n\t\t\t<\/article>\r\n\t<article class=\"w-grid-item size_1x1 post-714 us_portfolio type-us_portfolio status-publish has-post-thumbnail hentry us_portfolio_category-uzitkove-vozidla\" data-id=\"714\">\r\n\t\t<div class=\"w-grid-item-h\">\r\n\t\t\t\t\t\t<div class=\"w-vwrapper usg_vwrapper_1 align_center valign_bottom\"><div class=\"w-post-elm post_image usg_post_image_1 stretched\"><a href=\"https:\/\/behr.sk\/citroen\/trnava\/vozidla\/citroen-jumper-furgon-sasi-valnik-sklapac\/\" aria-label=\"Citro\u00ebn Jumper\"><img loading=\"lazy\" decoding=\"async\" width=\"224\" height=\"126\" src=\"https:\/\/behr.sk\/citroen\/trnava\/wp-content\/uploads\/sites\/2\/2023\/05\/jumper-furgon-vignette.png\" class=\"attachment-large size-large wp-post-image\" alt=\"\" srcset=\"https:\/\/behr.sk\/citroen\/trnava\/wp-content\/uploads\/sites\/2\/2023\/05\/jumper-furgon-vignette.png 224w, https:\/\/behr.sk\/citroen\/trnava\/wp-content\/uploads\/sites\/2\/2023\/05\/jumper-furgon-vignette-50x28.png 50w\" sizes=\"auto, (max-width: 224px) 100vw, 224px\" \/><\/a><\/div><h3 class=\"w-post-elm post_title usg_post_title_1 has_text_color align_center entry-title color_link_inherit\"><a href=\"https:\/\/behr.sk\/citroen\/trnava\/vozidla\/citroen-jumper-furgon-sasi-valnik-sklapac\/\">Citro\u00ebn Jumper<\/a><\/h3><div class=\"w-post-elm post_custom_field usg_post_custom_field_1 type_text cena1 color_link_inherit\"><p>u\u017e od 21 990\u20ac bez DPH<\/p>\n<\/div><a class=\"w-btn us-btn-style_4 usg_btn_1 icon_atleft text_none\" aria-label=\"Button\" href=\"https:\/\/behr.sk\/citroen\/trnava\/vozidla\/citroen-jumper-furgon-sasi-valnik-sklapac\/\"><i class=\"fas fa-arrow-right\"><\/i><\/a><\/div>\t\t<\/div>\r\n\t\t\t<\/article>\r\n<\/div>\t<div class=\"w-grid-preloader\">\r\n\t\t<div class=\"g-preloader type_1\">\r\n\t\t\t<div><\/div>\r\n\t\t<\/div>\r\n\t<\/div>\r\n\t\t<div class=\"w-grid-json hidden\" onclick='return {&quot;action&quot;:&quot;us_ajax_grid&quot;,&quot;infinite_scroll&quot;:0,&quot;max_num_pages&quot;:1,&quot;pagination&quot;:&quot;infinite&quot;,&quot;template_vars&quot;:{&quot;columns&quot;:&quot;5&quot;,&quot;exclude_items&quot;:&quot;none&quot;,&quot;img_size&quot;:&quot;default&quot;,&quot;ignore_items_size&quot;:0,&quot;items_layout&quot;:&quot;217&quot;,&quot;items_offset&quot;:&quot;1&quot;,&quot;load_animation&quot;:&quot;none&quot;,&quot;overriding_link&quot;:&quot;{\\&quot;url\\&quot;:\\&quot;\\&quot;}&quot;,&quot;post_id&quot;:0,&quot;query_args&quot;:{&quot;post_type&quot;:[&quot;us_portfolio&quot;],&quot;tax_query&quot;:[{&quot;taxonomy&quot;:&quot;us_portfolio_category&quot;,&quot;field&quot;:&quot;slug&quot;,&quot;terms&quot;:[&quot;uzitkove-vozidla&quot;]}],&quot;post_status&quot;:[&quot;publish&quot;,&quot;acf-disabled&quot;],&quot;posts_per_page&quot;:&quot;10&quot;},&quot;orderby_query_args&quot;:{&quot;orderby&quot;:{&quot;date&quot;:&quot;DESC&quot;}},&quot;type&quot;:&quot;grid&quot;,&quot;us_grid_post_type&quot;:&quot;us_portfolio&quot;,&quot;us_grid_ajax_index&quot;:1,&quot;us_grid_filter_query_string&quot;:null,&quot;us_grid_index&quot;:1,&quot;page_args&quot;:[]}}'><\/div>\r\n\t<\/div><\/div><\/div><\/div><\/div><\/section>\n","protected":false},"excerpt":{"rendered":"DomovStr\u00e1nkyCitro\u00ebn JumperNajv\u00e4\u010d\u0161ia dod\u00e1vka v ponuke \u00fa\u017eitkov\u00fdch vozidiel pos\u00fava \u00fa\u017eitkov\u00e9 vlastnosti a komfort na nov\u00fa \u00farove\u0148. S jedine\u010dn\u00fdmi funkciami vo svojom segmente, pokia\u013e ide o asisten\u010dn\u00e9 syst\u00e9my pri riaden\u00ed, konektivitu a komfort. Objavi\u0165 modelCitro\u00ebn JumperO vozidleGal\u00e9riaPredv\u00e1dzacia jazdaChcem cenov\u00fa ponuku Zaslan\u00edm \u017eiadosti potvrdzujem, \u017ee som sa obozn\u00e1mil(a) so z\u00e1sadami sprac\u00favania osobn\u00fdch \u00fadajov NEKOMPROMISN\u00dd KOMFORTDizajnKomfortMotoriz\u00e1cieVerzieDizajnODV\u00c1\u017dNY DIZAJN\u0160t\u00fdl New Jumper...","protected":false},"author":1,"featured_media":0,"parent":0,"menu_order":0,"comment_status":"closed","ping_status":"closed","template":"","meta":{"_acf_changed":false,"footnotes":""},"class_list":["post-844","page","type-page","status-publish","hentry"],"acf":[],"yoast_head":"<!-- This site is optimized with the Yoast SEO plugin v26.8 - https:\/\/yoast.com\/product\/yoast-seo-wordpress\/ -->\n<title>\u00da\u017eitkov\u00e9 vozidl\u00e1 - Citroen BEHR Trnava<\/title>\n<meta name=\"robots\" content=\"index, follow, max-snippet:-1, max-image-preview:large, max-video-preview:-1\" \/>\n<link rel=\"canonical\" href=\"https:\/\/behr.sk\/citroen\/trnava\/uzitkove-vozidla\/\" \/>\n<meta property=\"og:locale\" content=\"sk_SK\" \/>\n<meta property=\"og:type\" content=\"article\" \/>\n<meta property=\"og:title\" content=\"\u00da\u017eitkov\u00e9 vozidl\u00e1 - Citroen BEHR Trnava\" \/>\n<meta property=\"og:url\" content=\"https:\/\/behr.sk\/citroen\/trnava\/uzitkove-vozidla\/\" \/>\n<meta property=\"og:site_name\" content=\"Citroen BEHR Trnava\" \/>\n<meta name=\"twitter:card\" content=\"summary_large_image\" \/>\n<script type=\"application\/ld+json\" class=\"yoast-schema-graph\">{\"@context\":\"https:\/\/schema.org\",\"@graph\":[{\"@type\":\"WebPage\",\"@id\":\"https:\/\/behr.sk\/citroen\/trnava\/uzitkove-vozidla\/\",\"url\":\"https:\/\/behr.sk\/citroen\/trnava\/uzitkove-vozidla\/\",\"name\":\"\u00da\u017eitkov\u00e9 vozidl\u00e1 - Citroen BEHR Trnava\",\"isPartOf\":{\"@id\":\"https:\/\/behr.sk\/citroen\/trnava\/#website\"},\"datePublished\":\"2023-06-12T08:16:15+00:00\",\"inLanguage\":\"sk-SK\",\"potentialAction\":[{\"@type\":\"ReadAction\",\"target\":[\"https:\/\/behr.sk\/citroen\/trnava\/uzitkove-vozidla\/\"]}]},{\"@type\":\"WebSite\",\"@id\":\"https:\/\/behr.sk\/citroen\/trnava\/#website\",\"url\":\"https:\/\/behr.sk\/citroen\/trnava\/\",\"name\":\"Citroen BEHR Trnava\",\"description\":\"\",\"potentialAction\":[{\"@type\":\"SearchAction\",\"target\":{\"@type\":\"EntryPoint\",\"urlTemplate\":\"https:\/\/behr.sk\/citroen\/trnava\/?s={search_term_string}\"},\"query-input\":{\"@type\":\"PropertyValueSpecification\",\"valueRequired\":true,\"valueName\":\"search_term_string\"}}],\"inLanguage\":\"sk-SK\"}]}<\/script>\n<!-- \/ Yoast SEO plugin. -->","yoast_head_json":{"title":"\u00da\u017eitkov\u00e9 vozidl\u00e1 - Citroen BEHR Trnava","robots":{"index":"index","follow":"follow","max-snippet":"max-snippet:-1","max-image-preview":"max-image-preview:large","max-video-preview":"max-video-preview:-1"},"canonical":"https:\/\/behr.sk\/citroen\/trnava\/uzitkove-vozidla\/","og_locale":"sk_SK","og_type":"article","og_title":"\u00da\u017eitkov\u00e9 vozidl\u00e1 - Citroen BEHR Trnava","og_url":"https:\/\/behr.sk\/citroen\/trnava\/uzitkove-vozidla\/","og_site_name":"Citroen BEHR Trnava","twitter_card":"summary_large_image","schema":{"@context":"https:\/\/schema.org","@graph":[{"@type":"WebPage","@id":"https:\/\/behr.sk\/citroen\/trnava\/uzitkove-vozidla\/","url":"https:\/\/behr.sk\/citroen\/trnava\/uzitkove-vozidla\/","name":"\u00da\u017eitkov\u00e9 vozidl\u00e1 - Citroen BEHR Trnava","isPartOf":{"@id":"https:\/\/behr.sk\/citroen\/trnava\/#website"},"datePublished":"2023-06-12T08:16:15+00:00","inLanguage":"sk-SK","potentialAction":[{"@type":"ReadAction","target":["https:\/\/behr.sk\/citroen\/trnava\/uzitkove-vozidla\/"]}]},{"@type":"WebSite","@id":"https:\/\/behr.sk\/citroen\/trnava\/#website","url":"https:\/\/behr.sk\/citroen\/trnava\/","name":"Citroen BEHR Trnava","description":"","potentialAction":[{"@type":"SearchAction","target":{"@type":"EntryPoint","urlTemplate":"https:\/\/behr.sk\/citroen\/trnava\/?s={search_term_string}"},"query-input":{"@type":"PropertyValueSpecification","valueRequired":true,"valueName":"search_term_string"}}],"inLanguage":"sk-SK"}]}},"_links":{"self":[{"href":"https:\/\/behr.sk\/citroen\/trnava\/wp-json\/wp\/v2\/pages\/844","targetHints":{"allow":["GET"]}}],"collection":[{"href":"https:\/\/behr.sk\/citroen\/trnava\/wp-json\/wp\/v2\/pages"}],"about":[{"href":"https:\/\/behr.sk\/citroen\/trnava\/wp-json\/wp\/v2\/types\/page"}],"author":[{"embeddable":true,"href":"https:\/\/behr.sk\/citroen\/trnava\/wp-json\/wp\/v2\/users\/1"}],"replies":[{"embeddable":true,"href":"https:\/\/behr.sk\/citroen\/trnava\/wp-json\/wp\/v2\/comments?post=844"}],"version-history":[{"count":1,"href":"https:\/\/behr.sk\/citroen\/trnava\/wp-json\/wp\/v2\/pages\/844\/revisions"}],"predecessor-version":[{"id":845,"href":"https:\/\/behr.sk\/citroen\/trnava\/wp-json\/wp\/v2\/pages\/844\/revisions\/845"}],"wp:attachment":[{"href":"https:\/\/behr.sk\/citroen\/trnava\/wp-json\/wp\/v2\/media?parent=844"}],"curies":[{"name":"wp","href":"https:\/\/api.w.org\/{rel}","templated":true}]}}